{"id":13,"date":"2024-09-08T07:30:21","date_gmt":"2024-09-08T07:30:21","guid":{"rendered":"https:\/\/ace-cae.eu\/?page_id=13"},"modified":"2026-03-09T13:59:15","modified_gmt":"2026-03-09T12:59:15","slug":"who-we-are","status":"publish","type":"page","link":"https:\/\/ace-cae.eu\/sk\/who-we-are\/","title":{"rendered":"Kto sme"},"content":{"rendered":"<div class=\"wp-block-ace-section ace-section\">\n<p><strong>The Architects&#8217; Council of Europe is the representative organisation for architecture at European level.<\/strong> Through its&nbsp;<strong>53 Member Organisations<\/strong>, ACE zastupuje z\u00e1ujmy viac ako pol mili\u00f3na architektov z 36 kraj\u00edn Eur\u00f3py.<\/p>\n\n\n\n<p>Its membership includes the regulatory and professional representative bodies from all EU Member States; 6 Observer Members from EU Accession Countries&nbsp;and a potential candidate country&nbsp;(Serbia, Ukraine, Montenegro, the Republic of North Macedonia, Moldova and Kosovo); as well as Members with special status (the UK, Switzerland and Norway).<\/p>\n<\/div>\n\n\n\n<div class=\"wp-block-ace-section ace-section is-style-cream-light\" data-number=\"1\">\n<h1 class=\"wp-block-heading\" id=\"our-mission\">ACE\u2019s Mission is to<\/h1>\n\n\n\n<ul class=\"wp-block-list\">\n<li>prostredn\u00edctvom obhajoby ovplyv\u0148ova\u0165 pr\u00e1vne predpisy a opatrenia E\u00da, politiky, ktor\u00e9 maj\u00fa vplyv na na\u0161e strategick\u00e9 priority,<\/li>\n\n\n\n<li>by\u0165 vplyvn\u00fdm a cenn\u00fdm zdrojom spo\u013eahliv\u00fdch inform\u00e1ci\u00ed pre povolanie architekta v Eur\u00f3pe,<\/li>\n\n\n\n<li>vystupova\u0165 ako jednotn\u00fd hlas architektonickej profesie v eur\u00f3pskych in\u0161tit\u00faci\u00e1ch,<\/li>\n\n\n\n<li>by\u0165 \u00fa\u010dinne prepojen\u00fdm zastupite\u013esk\u00fdm org\u00e1nom pre architektov a postupy E\u00da,<\/li>\n\n\n\n<li>Vytvori\u0165 podporn\u00e9 postupy a regula\u010dn\u00e9 prostredie pre architektov &amp; postupy;<\/li>\n\n\n\n<li>Preuk\u00e1za\u0165 \u00falohu architektov pri vytv\u00e1ran\u00ed skuto\u010dne konkurencieschopnej, obohacuj\u00facej a udr\u017eate\u013enej Eur\u00f3py.<\/li>\n<\/ul>\n<\/div>\n\n\n\n<div class=\"wp-block-ace-section ace-section is-style-default\" data-number=\"1\">\n<div class=\"wp-block-columns is-layout-flex wp-container-core-columns-is-layout-9d6595d7 wp-block-columns-is-layout-flex\">\n<div class=\"wp-block-column is-layout-flow wp-block-column-is-layout-flow\" style=\"flex-basis:70%\">\n<h1 class=\"wp-block-heading has-text-align-left\"><strong>ACE applies its Core Value sets,                                             with the aim of being<\/strong><\/h1>\n\n\n\n<ul class=\"wp-block-list\">\n<li>Credible, relevant, member-oriented; <\/li>\n\n\n\n<li>Professional, ethical, diverse; <\/li>\n\n\n\n<li>Sustainable, resilient, innovative.<\/li>\n<\/ul>\n<\/div>\n<\/div>\n\n\n\n<div class=\"wp-block-columns is-layout-flex wp-container-core-columns-is-layout-9d6595d7 wp-block-columns-is-layout-flex\">\n<div class=\"wp-block-column is-layout-flow wp-block-column-is-layout-flow\" style=\"flex-basis:50%\">\n<h1 class=\"wp-block-heading\" id=\"our-vision\">ACE&#8217;s Vision is to<\/h1>\n\n\n\n<p>to achieve greater recognition of the value of architecture \u2013 through engagement, outreach, research and advocacy \u2013 the cultural legacy of architecture and its contribution to the quality of life of citizens.<\/p>\n\n\n\n<h1 class=\"wp-block-heading\" id=\"h-ace-s-strategy-for-2025-2029\"><strong>ACE&#8217;s Strategy for 2025-2029<\/strong><\/h1>\n\n\n\n<p>je k dispoz\u00edcii <a href=\"https:\/\/ace-cae.eu\/wp-content\/uploads\/2026\/03\/ACE-STRATEGY-90326.pdf\">tu.<\/a><\/p>\n<\/div>\n<\/div>\n<\/div>\n\n\n\n<section class=\"ace-section ace-section-article ace-section-in-the-spotlight ace-color-green-dark ace-section-publications wp-block-ace-article\">\n    <a href=\"https:\/\/ace-cae.eu\/sk\/publication\/ace-2024-annual-report-2025-outlook\/\">\n        <h1>\n            <span class=\"ace-font-outline ace-highlight\">V centre pozornosti<\/span>\n            <br \/>Explore more about ACE activities        <\/h1>\n                    <img decoding=\"async\" class=\"ace-publication-thumb\" src=\"https:\/\/ace-cae.eu\/wp-content\/uploads\/2025\/05\/AceAR_25_English_FA-Digital_Page_01-466x659.jpg\" \/>\n                <h2>ACE 2024 annual report &amp; 2025 outlook<\/h2>\n        <p>The Annual Report gives the reader a snapshot of ACE&#8217;s activities, studies, publications and events.<\/p>\n        <p>19 m\u00e1ja, 2025<\/p>\n    <\/a>\n<\/section>\n\n\n<div class=\"wp-block-ace-section ace-section\">\n<div class=\"wp-block-columns is-layout-flex wp-container-core-columns-is-layout-9d6595d7 wp-block-columns-is-layout-flex\">\n<div class=\"wp-block-column is-layout-flow wp-block-column-is-layout-flow\" style=\"flex-basis:66.66%\">\n<h1 class=\"wp-block-heading\" id=\"governance\">ACE Governance<\/h1>\n\n\n\n<p>The&nbsp;<strong> ACE Governance<\/strong>&nbsp;consists of a&nbsp;<strong>General Assembly<\/strong>, an&nbsp;<strong>V\u00fdkonn\u00e1 rada<\/strong>, and a&nbsp;<strong>permanent Secretariat<\/strong>&nbsp;based in&nbsp;<strong>Brusel<\/strong>.<\/p>\n\n\n\n<ul class=\"wp-block-list\">\n<li>The&nbsp;<strong>General Assembly<\/strong>&nbsp;is the highest decision-making body, comprising delegations from each Member Organisation. It convenes twice a year to set ACE policies and approve the budget.<\/li>\n\n\n\n<li>The&nbsp;<strong>V\u00fdkonn\u00e1 rada<\/strong>, made up of 11 members, is responsible for implementing the General Assembly&#8217;s policies and overseeing the organisation&#8217;s administration.<\/li>\n\n\n\n<li>The&nbsp;<strong> sekretari\u00e1t<\/strong>&nbsp;plays a key role in supporting the governance structure.<\/li>\n<\/ul>\n<\/div>\n\n\n\n<div class=\"wp-block-column is-vertically-aligned-center is-layout-flow wp-block-column-is-layout-flow\" style=\"flex-basis:33.33%\">\n<figure class=\"wp-block-image size-full\"><img decoding=\"async\" width=\"738\" height=\"738\" src=\"https:\/\/ace-cae.eu\/wp-content\/uploads\/2024\/11\/logo-yellow.png\" alt=\"\" class=\"wp-image-825\" srcset=\"https:\/\/ace-cae.eu\/wp-content\/uploads\/2024\/11\/logo-yellow.png 738w, https:\/\/ace-cae.eu\/wp-content\/uploads\/2024\/11\/logo-yellow-300x300.png 300w, https:\/\/ace-cae.eu\/wp-content\/uploads\/2024\/11\/logo-yellow-150x150.png 150w, https:\/\/ace-cae.eu\/wp-content\/uploads\/2024\/11\/logo-yellow-12x12.png 12w, https:\/\/ace-cae.eu\/wp-content\/uploads\/2024\/11\/logo-yellow-233x233.png 233w, https:\/\/ace-cae.eu\/wp-content\/uploads\/2024\/11\/logo-yellow-466x466.png 466w, https:\/\/ace-cae.eu\/wp-content\/uploads\/2024\/11\/logo-yellow-76x76.png 76w, https:\/\/ace-cae.eu\/wp-content\/uploads\/2024\/11\/logo-yellow-152x152.png 152w\" sizes=\"(max-width: 738px) 100vw, 738px\" \/><\/figure>\n<\/div>\n<\/div>\n<\/div>\n\n\n\n<div class=\"ace-section ace-section-members is-style-cream-light wp-block-ace-articles\" id=\"executive-board\">\n    \n    <h1>ACE Executive Board<\/h1>\n<div class=\"ace-members ace-expandable\">\n    <ul class=\"ace-members-list\" data-article=\"0\">\n                            \r\n<li>\r\n    <a href=\"#\" class=\"ace-popup-close\"><\/a>\r\n            <img decoding=\"async\" src=\"https:\/\/ace-cae.eu\/wp-content\/uploads\/2024\/09\/daniel_fugenschuh-1-245x367.jpg\" alt=\"\" \/>\r\n        <div class=\"ace-member-info\">\r\n        <h3>Daniel<br \/>F\u00dcGENSCHUH<\/h3>\r\n                    <p class=\"ace-member-country\">Rak\u00fasko<\/p>\r\n                            <p class=\"ace-member-function\">President<\/p>\r\n                <div class=\"ace-member-content\">\r\n            \n<p>In 2004 Architekt Daniel F\u00fcgenschuh ZT GmbH-&nbsp;<a href=\"http:\/\/www.fuegenschuh.at\/\" target=\"_blank\" rel=\"noreferrer noopener\">www.fuegenschuh.at&nbsp;<\/a>has been established in Innsbruck where is operating from since. Originally in 2000 the architect&#8217;s studio has been founded in London. In 1996 a first house has been realized right after graduating setting the foundation for all following steps.<\/p>\n\n\n\n<p>Since 2010 he has actively been involved in the work of the architects&#8217; professional representation after chairing an architecture center in Innsbruck for 4 years.<\/p>\n\n\n\n<p>He further improved his practical experience in political strategies and lobbying for architectural policies on EU level during the infringement procedure against the Austrian national professional law. The Austrian Chamber and himself as President of the Architects&#8217; Section of BKZT were very involved in the negotiation process following the judgement in 2019.<\/p>\n\n\n\n<p>Since 2022 he is Member of the ACE Executive Board and actively involved in the ACE Think Thank and the EU-funded project ARCH-E.<\/p>\n                    <\/div>\r\n    <\/div>\r\n<\/li>                    \r\n<li>\r\n    <a href=\"#\" class=\"ace-popup-close\"><\/a>\r\n            <img decoding=\"async\" src=\"https:\/\/ace-cae.eu\/wp-content\/uploads\/2025\/12\/image-11-245x367.png\" alt=\"\" \/>\r\n        <div class=\"ace-member-info\">\r\n        <h3>Elizabeth<br \/>GOSSART<\/h3>\r\n                    <p class=\"ace-member-country\">Franc\u00fazsko<\/p>\r\n                            <p class=\"ace-member-function\">Vice President<\/p>\r\n                <div class=\"ace-member-content\">\r\n            \n<p>Elected to the Regional Council of the Order of Architects of Nord-Pas de Calais (France) between from 2013 to 2017, she served as General Secretary. <\/p>\n\n\n\n<p>During her term, she was particularly committed to supporting young, registered architects, fostering a welcoming and educational environment within the institution.She actively participated in several Commissions and Working Groups, driven by a strong and dynamic commitment to advancing our profession. Notably, she contributed to the \u201cVie Professionnelle\u201d Commission, which focuses on the diversity of our field and the role of women in architecture. Drawing on my professional experience,she also joined the \u201cDesign and Build\u201d working group, helping to draft a charter of best practices for these types of contracts. In addition, Elisabeth played a key role in conciliation proceedings. <\/p>\n\n\n\n<p>Elected to the National Council of the Order of Architects from 2017 to 2024, she was particularly engaged in issues of gender equality, legal matters, and the day-to-day functioning of the institution. Actively engaged in international collaboration with the International Union of architects and the Architects Council of Europe, she had the chance to represent the CNOA in work groups dealing with access to the profession, and practice of the profession. At the request of Pavel Martinek, she joined the ACE working group on artificial intelligence a few months ago. After discussions with Borys Czarakcziew, she decided to join the new working group created by Diego Zoppi, based on the former AMADA group, which deals with economic issues related to our profession.<\/p>\n\n\n\n<p><em>CURRICULUM VITAE:<\/em><\/p>\n\n\n\n<p><em>\u2022 French-British dual citizenship<\/em><\/p>\n\n\n\n<p><em>\u2022 Architect<\/em><\/p>\n\n\n\n<p><em>\u2022 TGMP Architects &amp; Associates Agency<\/em><\/p>\n\n\n\n<p><em>\u2022 128 National Street &#8211; 59000 Lille &#8211; FRANCE<\/em><\/p>\n\n\n\n<p><em>\u2022 Architectuelles Vice President<\/em><\/p>\n\n\n\n<p><em>\u2022 2013-2017: General Secretary of the Order of Architects of the North (France)<\/em><\/p>\n\n\n\n<p><em>\u2022 2017-2024: Member of the National Council of the Order of Architects (France)<\/em><\/p>\n\n\n\n<p><em>\u2022 Since 2024: active member of UIA and ACE, Head of CNOA Delegation<\/em><\/p>\n\n\n\n<p><\/p>\n                    <\/div>\r\n    <\/div>\r\n<\/li>                    \r\n<li>\r\n    <a href=\"#\" class=\"ace-popup-close\"><\/a>\r\n            <img decoding=\"async\" src=\"https:\/\/ace-cae.eu\/wp-content\/uploads\/2025\/12\/image-9-245x367.png\" alt=\"\" \/>\r\n        <div class=\"ace-member-info\">\r\n        <h3>Arja<br \/>LUKIN<\/h3>\r\n                    <p class=\"ace-member-country\">F\u00ednsko<\/p>\r\n                            <p class=\"ace-member-function\">Treasurer<\/p>\r\n                <div class=\"ace-member-content\">\r\n                                <\/div>\r\n    <\/div>\r\n<\/li>                    \r\n<li>\r\n    <a href=\"#\" class=\"ace-popup-close\"><\/a>\r\n            <img decoding=\"async\" src=\"https:\/\/ace-cae.eu\/wp-content\/uploads\/2025\/12\/image-8-245x367.png\" alt=\"\" \/>\r\n        <div class=\"ace-member-info\">\r\n        <h3>Andro<br \/>M\u00c4ND<\/h3>\r\n                    <p class=\"ace-member-country\">Est\u00f3nsko<\/p>\r\n                            <p class=\"ace-member-function\">Coordinator of the thematic area \u201cAcces to the profession<\/p>\r\n                <div class=\"ace-member-content\">\r\n                                <\/div>\r\n    <\/div>\r\n<\/li>                    \r\n<li>\r\n    <a href=\"#\" class=\"ace-popup-close\"><\/a>\r\n            <img decoding=\"async\" src=\"https:\/\/ace-cae.eu\/wp-content\/uploads\/2024\/09\/diego_zoppi-245x367.jpg\" alt=\"\" \/>\r\n        <div class=\"ace-member-info\">\r\n        <h3>Diego<br \/>ZOPPI<\/h3>\r\n                    <p class=\"ace-member-country\">Taliansko<\/p>\r\n                            <p class=\"ace-member-function\">Coordinator of the thematic area \u201cAcces to the profession<\/p>\r\n                <div class=\"ace-member-content\">\r\n            \n<p>Diego Zoppi, architect (honours graduate in 1987 -Faculty of Architecture of Genoa). He deals with Planning, Urban Design, Urban regeneration, Restoration and architecture. He signed City frameworks, the project for the National Rowing Center, selected for the 2006 Venice Architecture Biennale, squares, waterfronts and landscape of public spaces sited in Italy, in the Middle East, in the Far East.\u00a0<\/p>\n\n\n\n<p>Co-founder of AR&amp;P Architecture with other colleagues, he successfully participates in various Design competitions (Redevelopment of the Genoa-Voltri urban waterfront coming from industrial area \u2013 realized, new parking and connection to the Historic city of the Republic of San Marino, numerous New towns around Shanghai (China), restoration of the citadel of Nanjing (China), new Tourist Center in the historic city of Jiu Ji Jiao (China) and projects as Swimming Stadium in Hanoi and Waterfront of Ho Chi Minh City (Vietnam), Redevelopment of the center District in Ryadh (Saudi Arabia), Innovation Center Solar Park (Dubai).\u00a0 Various projects have been published on specialized Magazines (Casabella, Domus &#8230;). <\/p>\n\n\n\n<p>He was member of the Board (since 2015 President) in the Provincial Council of Architects of Genoa. Since 2016 he is member of the Italian National Council of Architects, Landscapers, Planners, Conservatories where he coordinates the Department for Urban Planning Research &amp; Development. Since November 2019, he is member of ACE Executive Board and coordinator of the ACE Area 2 &#8216;Practice of the Profession&#8217;.<br><\/p>\n                    <\/div>\r\n    <\/div>\r\n<\/li>                    \r\n<li>\r\n    <a href=\"#\" class=\"ace-popup-close\"><\/a>\r\n            <img decoding=\"async\" src=\"https:\/\/ace-cae.eu\/wp-content\/uploads\/2024\/09\/carl_backstrand-245x367.jpg\" alt=\"\" \/>\r\n        <div class=\"ace-member-info\">\r\n        <h3>Carl<br \/>B\u00c4CKSTRAND<\/h3>\r\n                    <p class=\"ace-member-country\">SWEDEN<\/p>\r\n                            <p class=\"ace-member-function\">Coordinator of the thematic area \u201cPractice of the profession\u201d<\/p>\r\n                <div class=\"ace-member-content\">\r\n            \n<p>Carl B\u00e4ckstrand is an architect and deputy CEO of White Arkitekter. White is most recognised for visionary examples of sustainable architecture facing the challenges with Climate change, rapid urbanisation and social injustices, such as True Blue in Bergen, Norway and the 100-year Masterplan for the relocation of the City of Kiruna in Sweden&#8217;s Arctic north. <\/p>\n\n\n\n<p>Carl is since many years focusing on urban issues with a MA in Architecture at Lund University followed by studies in Landscape architecture at Royal Academy of Arts in Copenhagen and then Urban Design as a Visiting Scholar at MIT Cambridge MA. Carl&#8217;s engagement reaches from masterplans and housing developments to university schemes and cultural center in Sweden, Denmark, UK, Canada and East Africa. <\/p>\n\n\n\n<p>As a Board member of ARQ foundation and Co-Chair of van Alen Council NYC Carl contributes to bringing the business closer to science and building new strategic partnerships and as a speaker at internationally conferences such as Greenbuild and at universities such as Stuttgart School of Architecture.<br><\/p>\n                    <\/div>\r\n    <\/div>\r\n<\/li>                    \r\n<li>\r\n    <a href=\"#\" class=\"ace-popup-close\"><\/a>\r\n            <img decoding=\"async\" src=\"https:\/\/ace-cae.eu\/wp-content\/uploads\/2024\/09\/reto_gmur-245x367.jpg\" alt=\"\" \/>\r\n        <div class=\"ace-member-info\">\r\n        <h3>Reto<br \/>GM\u00dcR<\/h3>\r\n                    <p class=\"ace-member-country\">\u0160vaj\u010diarsko<\/p>\r\n                            <p class=\"ace-member-function\">Coordinator of the thematic area \u201cPractice of the profession\u201d<\/p>\r\n                <div class=\"ace-member-content\">\r\n            \n<p>Reto is a committed Swiss architect who runs his own practice in Basel. The size of the office is limited by the demand for quality they try to reach. It has its focus on healthcare design, but is also active in the field of public buildings and housing design, transformations and cultural heritage.<\/p>\n\n\n\n<p>Reto has experience&nbsp;as a participant and\/or jury member in Architectural Design Competitions, as a participant and\/or jury member. and experience in promoting high quality of architecture in competitions.<\/p>\n\n\n\n<p>Since 2024, he is Member of ACE Executive Board Member and member of the ACE Think Thank.<\/p>\n\n\n\n<p><\/p>\n                    <\/div>\r\n    <\/div>\r\n<\/li>                    \r\n<li>\r\n    <a href=\"#\" class=\"ace-popup-close\"><\/a>\r\n            <img decoding=\"async\" src=\"https:\/\/ace-cae.eu\/wp-content\/uploads\/2026\/01\/Untitled-design-3.png\" alt=\"\" \/>\r\n        <div class=\"ace-member-info\">\r\n        <h3>Judit<br \/>KIMPIAN<\/h3>\r\n                    <p class=\"ace-member-country\">Spojen\u00e9 kr\u00e1\u013eovstvo<\/p>\r\n                            <p class=\"ace-member-function\">Coordinator of the thematic area \u201cHigh-quality architecture &#038; built environment\/ Baukultur\u201d<\/p>\r\n                <div class=\"ace-member-content\">\r\n            \n<p>Architect and environmental policy expert, Dr Judit Kimpian is a versatile campaigner for UK and EU policy reform for an equitable net zero built environment. During 20 years in architectural practice, including a decade as Head, then Director of Sustainable Architecture and Research at AHR, she was responsible for the realisation of major international design projects and prominent cross-sector research into net zero architecture and building performance. Her work has informed the development of CIBSE and RIBA technical guidance and culminated in the book Energy|People|Buildings \u2013 Making Sustainable Architecture Work (RIBA Publishing 2021).<\/p>\n\n\n\n<p>Judit works as an expert on the EU\u2019s Net Zero Carbon Pilot Cities programme, is a member of the UK Net Zero Carbon Building Standard Governance Board, chairs the Architects\u2019 Council of Europe\u2019s (ACE) Sustainable Architecture Group, and teaches net zero design and policy at UCL. She is a frequent speaker at national and international conferences and participates in design juries and Citizens Climate Assemblies.<\/p>\n                    <\/div>\r\n    <\/div>\r\n<\/li>                    \r\n<li>\r\n    <a href=\"#\" class=\"ace-popup-close\"><\/a>\r\n            <img decoding=\"async\" src=\"https:\/\/ace-cae.eu\/wp-content\/uploads\/2025\/12\/image-7-245x367.png\" alt=\"\" \/>\r\n        <div class=\"ace-member-info\">\r\n        <h3>\u00a0Eugen<br \/>PANESCU<\/h3>\r\n                    <p class=\"ace-member-country\">Rumunsko<\/p>\r\n                            <p class=\"ace-member-function\">Coordinator of the thematic area \u201cHigh-quality architecture &#038; built environment\/ Baukultur\u201d<\/p>\r\n                <div class=\"ace-member-content\">\r\n            \n<p>Eugen P\u0103nescu is an architect and urban planner, co-founder of Planwerk studio (Cluj, Romania). He contributed to the rebirth of public space and the transformation of the planning professional practice in Romania. He guided the Urban Design Studio at the Cluj Architecture Faculty on brownfields transformation.<\/p>\n\n\n\n<p>As a fomer Executive Board member of the Architects Council of Europe and coordinator of the Baukultur thematic area, he followed the European Urban Agenda and the partnerships for culture in the European Heritage Alliance, for the wise re-use and cautious retrofitting of buildings and urban areas. He promotes the holistic approach on heritage through social and economic equity, linking innovative public governance in planning with civic action.<br><\/p>\n\n\n\n<p><\/p>\n                    <\/div>\r\n    <\/div>\r\n<\/li>                    \r\n<li>\r\n    <a href=\"#\" class=\"ace-popup-close\"><\/a>\r\n            <img decoding=\"async\" src=\"https:\/\/ace-cae.eu\/wp-content\/uploads\/2025\/12\/image-5-245x367.png\" alt=\"\" \/>\r\n        <div class=\"ace-member-info\">\r\n        <h3>Istelianna<br \/>ATANASSOVA<\/h3>\r\n                    <p class=\"ace-member-country\">Bulharsko <\/p>\r\n                            <p class=\"ace-member-function\">Coordinator of the thematic area \u201cResearch and Development \u201c<\/p>\r\n                <div class=\"ace-member-content\">\r\n            \n<p>Istelianna Atanassova has a Masters degree in Architecture from the State University of Architecture, Civil Engineering and Geodesy in Sofia, Bulgaria. She has realised architecture and urban planning projects in Bulgaria, Germany, Italy and Libya among others and has extensive experience in developing and carrying out business plans, project design and expertise, sustainable practices and innovations.\u00a0<\/p>\n\n\n\n<p>She served as UIA Region II Vice-President for the 2021-2023 term. During the last UIA term, Ms. Atanassova was a Region II Council Member, Chair of the International Women in Architecture Committee and Member of the ICC Commission. <\/p>\n\n\n\n<p>She is actively engaged with the international Forums for young architects in addition to being a\u00a0member of the Board of the Union of Architects in Bulgaria and Honorary member of the Georgian Union of Architects.<\/p>\n\n\n\n<p><\/p>\n                    <\/div>\r\n    <\/div>\r\n<\/li>                    \r\n<li>\r\n    <a href=\"#\" class=\"ace-popup-close\"><\/a>\r\n            <img decoding=\"async\" src=\"https:\/\/ace-cae.eu\/wp-content\/uploads\/2025\/12\/image-10-245x367.png\" alt=\"\" \/>\r\n        <div class=\"ace-member-info\">\r\n        <h3>Rom\u00e1n<br \/>San Emeterio Pedraja<\/h3>\r\n                    <p class=\"ace-member-country\">SPAIN<\/p>\r\n                            <p class=\"ace-member-function\">Coordinator of the thematic area \u201cResearch and Development \u201c<\/p>\r\n                <div class=\"ace-member-content\">\r\n                                <\/div>\r\n    <\/div>\r\n<\/li>                    \r\n<li>\r\n    <a href=\"#\" class=\"ace-popup-close\"><\/a>\r\n            <img decoding=\"async\" src=\"https:\/\/ace-cae.eu\/wp-content\/uploads\/2024\/12\/4daf28862eab91962564.svg\" alt=\"\" \/>\r\n        <div class=\"ace-member-info\">\r\n        <h3>Past<br \/>Presidents<\/h3>\r\n                            <p class=\"ace-member-function\">Past Presidents<\/p>\r\n                <div class=\"ace-member-content\">\r\n            \n<p><strong>We gratefully acknowledge all Past Presidents for their invaluable contributions and commitment to advancing architecture in Europe.<br><\/strong><\/p>\n\n\n\n<p><strong>Discover the ACE Past Presidents <a href=\"https:\/\/ace-cae.eu\/wp-content\/uploads\/2026\/01\/ACE-PAST-Presidents.pdf\">tu.<\/a><\/strong><\/p>\n\n\n\n<p><br><\/p>\n                    <\/div>\r\n    <\/div>\r\n<\/li>                    <\/ul>\n    <nav class=\"ace-members-nav\">\n        <a href=\"#\" class=\"ace-nav-prev\"><\/a>\n        <a href=\"#\" class=\"ace-nav-next\"><\/a>\n    <\/nav>\n<\/div>\n    <\/div>\n\n\n\n<div class=\"ace-section ace-section-secretariats wp-block-ace-articles\" id=\"secretariat\">\n    \n    <h1>ACE Secretariat<\/h1>\n<div class=\"ace-members ace-secretariat ace-expandable\">\n    <ul class=\"ace-members-list\" data-article=\"0\">\n                            \r\n<li>\r\n    <a href=\"#\" class=\"ace-popup-close\"><\/a>\r\n            <img decoding=\"async\" src=\"https:\/\/ace-cae.eu\/wp-content\/uploads\/2026\/02\/Untitled-design-169.png\" alt=\"\" \/>\r\n        <div class=\"ace-member-info\">\r\n        <h3>Katharina<br \/>Erdmenger<\/h3>\r\n        <p class=\"ace-member-function\">ACE Secretary General <\/p>\r\n        <div class=\"ace-member-content\">\r\n            \n<p><strong>Dr. Katharina Erdmenger<\/strong>&nbsp;brings more than 20 years of leadership experience in European policymaking and has managed negotiations with the European Commission and the European Parliament on major initiatives, including the New European Bauhaus, construction products, civil protection, &nbsp;climate change adaptation, cross-border planning initiatives and &nbsp;regional and urban development.<\/p>\n\n\n\n<p>With deep expertise in EU policymaking, spatial and urban planning, sustainable development, and climate and renovation policies, Dr Erdmenger combines strategic vision with strong operational leadership. Her proven ability to manage large teams, budgets, and EU funds, together with her experience both within EU institutions and in advocacy roles towards them, provides a strong foundation to advance ACE\u2019s priorities.<\/p>\n\n\n\n<p>As Secretary General, she will lead the ACE Secretariat and work closely with the Executive Board, Member Organisations, and EU institutions to strengthen ACE\u2019s policy advocacy and reinforce the role of architects in addressing Europe\u2019s social, environmental, and economic challenges.<\/p>\n\n\n\n<p><em><strong>\u201e\u00a0<\/strong>I am greatly honoured to be entrusted with this prestigious position. I am very much looking forward to support ACE in promoting its \u00a0core values of a high quality affordable living environment for all. ACE can contribute a lot to the European debates on housing, energy efficiency, sustainability and crisis and disaster resilience and I look forward to being part of this policy dialogue with European Institutions and partners\u201d<\/em>\u00a0stated Dr. Katharina Erdmenger.<\/p>\n\n\n\n<p>Get in touch!<\/p>\n\n\n\n<p>Katharina Erdmenger <a href=\"mailto:katharina.erdmenger@ace-cae.eu\">katharina.erdmenger@ace-cae.eu<\/a><\/p>\n        <\/div>\r\n    <\/div>\r\n<\/li>                    \r\n<li>\r\n    <a href=\"#\" class=\"ace-popup-close\"><\/a>\r\n            <img decoding=\"async\" src=\"https:\/\/ace-cae.eu\/wp-content\/uploads\/2024\/10\/Untitled-16-245x367.png\" alt=\"\" \/>\r\n        <div class=\"ace-member-info\">\r\n        <h3>Catalina<br \/>OLTEANU<\/h3>\r\n        <p class=\"ace-member-function\">Head of Finance and Administration <\/p>\r\n        <div class=\"ace-member-content\">\r\n            \n<h3 class=\"wp-block-heading\" id=\"h-get-in-touch\"><strong>Get in touch!<\/strong><\/h3>\n\n\n\n<p id=\"h-catalina-olteanu-ace-cae-eu\"><a href=\"mailto:catalina.olteanu@ace-cae.eu\">catalina.olteanu@ace-cae.eu<\/a><\/p>\n\n\n\n<p><\/p>\n        <\/div>\r\n    <\/div>\r\n<\/li>                    \r\n<li>\r\n    <a href=\"#\" class=\"ace-popup-close\"><\/a>\r\n            <img decoding=\"async\" src=\"https:\/\/ace-cae.eu\/wp-content\/uploads\/2024\/10\/Untitled-9-245x367.png\" alt=\"\" \/>\r\n        <div class=\"ace-member-info\">\r\n        <h3>Pierre<br \/>OBAJTEK<\/h3>\r\n        <p class=\"ace-member-function\">Senior Policy Officer<\/p>\r\n        <div class=\"ace-member-content\">\r\n            \n<p>Get in touch!<\/p>\n\n\n\n<p><a href=\"mailto:larissa.derosso@ace-cae.eu\">pierre.obajtek@ace-cae.eu<\/a><\/p>\n\n\n\n<p><\/p>\n        <\/div>\r\n    <\/div>\r\n<\/li>                    \r\n<li>\r\n    <a href=\"#\" class=\"ace-popup-close\"><\/a>\r\n            <img decoding=\"async\" src=\"https:\/\/ace-cae.eu\/wp-content\/uploads\/2024\/10\/Untitled-11-1-245x367.png\" alt=\"\" \/>\r\n        <div class=\"ace-member-info\">\r\n        <h3>Lukas<br \/>BOLLAERT<\/h3>\r\n        <p class=\"ace-member-function\">Policy &#038; Administrative Officer <\/p>\r\n        <div class=\"ace-member-content\">\r\n            \n<p id=\"block-3eac2b72-6716-448b-bdb6-cd7bf97f22f3\">Get in touch!<\/p>\n\n\n\n<p id=\"block-5f77dda5-504c-4a55-a00c-e4d4d66d286c\"><a href=\"mailto:julie.deutschmann@ace-cae.eu\">lukas.bollaert@ace-cae.eu<\/a><\/p>\n        <\/div>\r\n    <\/div>\r\n<\/li>                    \r\n<li>\r\n    <a href=\"#\" class=\"ace-popup-close\"><\/a>\r\n            <img decoding=\"async\" src=\"https:\/\/ace-cae.eu\/wp-content\/uploads\/2024\/10\/Untitled-13-245x367.png\" alt=\"\" \/>\r\n        <div class=\"ace-member-info\">\r\n        <h3>Larissa<br \/>DE ROSSO<\/h3>\r\n        <p class=\"ace-member-function\">EU Funding and Projects Manager<\/p>\r\n        <div class=\"ace-member-content\">\r\n            \n<p>Get in touch!<\/p>\n\n\n\n<p><a href=\"mailto:larissa.derosso@ace-cae.eu\">larissa.derosso@ace-cae.eu<\/a><\/p>\n        <\/div>\r\n    <\/div>\r\n<\/li>                    \r\n<li>\r\n    <a href=\"#\" class=\"ace-popup-close\"><\/a>\r\n            <img decoding=\"async\" src=\"https:\/\/ace-cae.eu\/wp-content\/uploads\/2024\/10\/Untitled-14-245x367.png\" alt=\"\" \/>\r\n        <div class=\"ace-member-info\">\r\n        <h3>Marta<br \/>CANDIDI<\/h3>\r\n        <p class=\"ace-member-function\">Project Officer EU-funded projects<\/p>\r\n        <div class=\"ace-member-content\">\r\n            \n<p id=\"block-3eac2b72-6716-448b-bdb6-cd7bf97f22f3\">Get in touch!<\/p>\n\n\n\n<p id=\"block-5f77dda5-504c-4a55-a00c-e4d4d66d286c\"><a href=\"mailto:julie.deutschmann@ace-cae.eu\">marta.candidi@ace-cae.eu<\/a><\/p>\n        <\/div>\r\n    <\/div>\r\n<\/li>                    \r\n<li>\r\n    <a href=\"#\" class=\"ace-popup-close\"><\/a>\r\n            <img decoding=\"async\" src=\"https:\/\/ace-cae.eu\/wp-content\/uploads\/2025\/08\/IMG_7856-scaled.png\" alt=\"\" \/>\r\n        <div class=\"ace-member-info\">\r\n        <h3>Karina<br \/>HIDALGO REYES<\/h3>\r\n        <p class=\"ace-member-function\">Junior EU Project Officer<\/p>\r\n        <div class=\"ace-member-content\">\r\n            \n<p id=\"block-3eac2b72-6716-448b-bdb6-cd7bf97f22f3\">Get in touch!<\/p>\n\n\n\n<p id=\"block-5f77dda5-504c-4a55-a00c-e4d4d66d286c\"><a href=\"mailto:julie.deutschmann@ace-cae.eu\">karina.hidalgo@ace-cae.eu<\/a><\/p>\n        <\/div>\r\n    <\/div>\r\n<\/li>                    \r\n<li>\r\n    <a href=\"#\" class=\"ace-popup-close\"><\/a>\r\n            <img decoding=\"async\" src=\"https:\/\/ace-cae.eu\/wp-content\/uploads\/2024\/11\/Untitled-17-245x367.png\" alt=\"\" \/>\r\n        <div class=\"ace-member-info\">\r\n        <h3>Julie<br \/>DEUTSCHMANN<\/h3>\r\n        <p class=\"ace-member-function\">Head of communications<\/p>\r\n        <div class=\"ace-member-content\">\r\n            \n<p id=\"block-3eac2b72-6716-448b-bdb6-cd7bf97f22f3\">Get in touch!<\/p>\n\n\n\n<p id=\"block-5f77dda5-504c-4a55-a00c-e4d4d66d286c\"><a href=\"mailto:julie.deutschmann@ace-cae.eu\">julie.deutschmann@ace-cae.eu<\/a><\/p>\n\n\n\n<p><\/p>\n        <\/div>\r\n    <\/div>\r\n<\/li>                    <\/ul>\n    <nav class=\"ace-members-nav\">\n        <a href=\"#\" class=\"ace-nav-prev\"><\/a>\n        <a href=\"#\" class=\"ace-nav-next\"><\/a>\n    <\/nav>\n<\/div>\n    <\/div>\n\n\n\n<section class=\"ace-section ace-section-architects-in-europe ace-color-cream-light wp-block-ace-map-section\" id=\"member-organisations\" data-map-type=\"member-organisations\">\n    <div\n        class=\"ace-map\"\n        data-show-popup=\"1\"\n        data-show-dropdown=\"\"\n        data-popup-content=\"member-organisations\"\n        data-active-countries='[\"Austria\",\"Belgium\",\"Bulgaria\",\"Croatia\",\"Cyprus\",\"Czech Republic\",\"Denmark\",\"Estonia\",\"France\",\"Finland\",\"Germany\",\"Greece\",\"Hungary\",\"Ireland\",\"Italy\",\"Latvia\",\"Lithuania\",\"Malta\",\"Luxembourg\",\"Netherlands\",\"Norway\",\"Poland\",\"Portugal\",\"Romania\",\"Serbia\",\"Slovakia\",\"Slovenia\",\"Spain\",\"Sweden\",\"Switzerland\",\"Ukraine\",\"Republic of North Macedonia\",\"Montenegro\",\"Kosovo\",\"United Kingdom\"]'\n        data-questions='[]'\n        >\n        <div class=\"ace-map-viewport\"><\/div>\n            <\/div>\n            <div class=\"ace-members-organisations ace-visible\">\n            <h1>\u010clensk\u00e9 organiz\u00e1cie ACE<\/h1>\n            <a href=\"#\" class=\"ace-nav-up\"><\/a>\n            <div class=\"ace-members-organisations-viewport\">\n                <ul class=\"ace-members-list\">\n                                                                <li><a href=\"https:\/\/ace-cae.eu\/sk\/countries\/austria\/\">Rak\u00fasko<\/a><\/li>\n                                            <li><a href=\"https:\/\/ace-cae.eu\/sk\/countries\/belgium\/\">Belgicko<\/a><\/li>\n                                            <li><a href=\"https:\/\/ace-cae.eu\/sk\/countries\/bulgaria\/\">Bulharsko<\/a><\/li>\n                                            <li><a href=\"https:\/\/ace-cae.eu\/sk\/countries\/croatia\/\">Chorv\u00e1tsko<\/a><\/li>\n                                            <li><a href=\"https:\/\/ace-cae.eu\/sk\/countries\/cyprus\/\">Cyprus<\/a><\/li>\n                                            <li><a href=\"https:\/\/ace-cae.eu\/sk\/countries\/czech-republic\/\">\u010ceskej republiky<\/a><\/li>\n                                            <li><a href=\"https:\/\/ace-cae.eu\/sk\/countries\/denmark\/\">D\u00e1nsko<\/a><\/li>\n                                            <li><a href=\"https:\/\/ace-cae.eu\/sk\/countries\/estonia\/\">Est\u00f3nsko<\/a><\/li>\n                                            <li><a href=\"https:\/\/ace-cae.eu\/sk\/countries\/france\/\">Franc\u00fazsko<\/a><\/li>\n                                            <li><a href=\"https:\/\/ace-cae.eu\/sk\/countries\/finland\/\">F\u00ednsko<\/a><\/li>\n                                            <li><a href=\"https:\/\/ace-cae.eu\/sk\/countries\/germany\/\">Nemecko<\/a><\/li>\n                                            <li><a href=\"https:\/\/ace-cae.eu\/sk\/countries\/greece\/\">Gr\u00e9cko<\/a><\/li>\n                                            <li><a href=\"https:\/\/ace-cae.eu\/sk\/countries\/hungary\/\">Ma\u010farsko<\/a><\/li>\n                                            <li><a href=\"https:\/\/ace-cae.eu\/sk\/countries\/ireland\/\">\u00cdrsko<\/a><\/li>\n                                            <li><a href=\"https:\/\/ace-cae.eu\/sk\/countries\/italy\/\">Taliansko<\/a><\/li>\n                                            <li><a href=\"https:\/\/ace-cae.eu\/sk\/countries\/latvia\/\">Loty\u0161sko<\/a><\/li>\n                                            <li><a href=\"https:\/\/ace-cae.eu\/sk\/countries\/lithuania\/\">Litva<\/a><\/li>\n                                            <li><a href=\"https:\/\/ace-cae.eu\/sk\/countries\/malta\/\">Malta<\/a><\/li>\n                                            <li><a href=\"https:\/\/ace-cae.eu\/sk\/countries\/luxembourg\/\">Luxembursko<\/a><\/li>\n                                            <li><a href=\"https:\/\/ace-cae.eu\/sk\/countries\/netherlands\/\">Holandsko<\/a><\/li>\n                                            <li><a href=\"https:\/\/ace-cae.eu\/sk\/countries\/norway\/\">N\u00f3rsko<\/a><\/li>\n                                            <li><a href=\"https:\/\/ace-cae.eu\/sk\/countries\/poland\/\">Po\u013esko<\/a><\/li>\n                                            <li><a href=\"https:\/\/ace-cae.eu\/sk\/countries\/portugal\/\">Portugal<\/a><\/li>\n                                            <li><a href=\"https:\/\/ace-cae.eu\/sk\/countries\/romania\/\">Rumunsko<\/a><\/li>\n                                            <li><a href=\"https:\/\/ace-cae.eu\/sk\/countries\/serbia\/\">Srbsko<\/a><\/li>\n                                            <li><a href=\"https:\/\/ace-cae.eu\/sk\/countries\/slovakia\/\">Slovensko<\/a><\/li>\n                                            <li><a href=\"https:\/\/ace-cae.eu\/sk\/countries\/slovenia\/\">Slovinsko<\/a><\/li>\n                                            <li><a href=\"https:\/\/ace-cae.eu\/sk\/countries\/spain\/\">\u0160panielsko<\/a><\/li>\n                                            <li><a href=\"https:\/\/ace-cae.eu\/sk\/countries\/sweden\/\">\u0160v\u00e9dsko<\/a><\/li>\n                                            <li><a href=\"https:\/\/ace-cae.eu\/sk\/countries\/switzerland\/\">\u0160vaj\u010diarsko<\/a><\/li>\n                                            <li><a href=\"https:\/\/ace-cae.eu\/sk\/countries\/ukraine\/\">Ukraine<\/a><\/li>\n                                            <li><a href=\"https:\/\/ace-cae.eu\/sk\/countries\/republic-of-north-macedonia\/\">Republic of North Macedonia<\/a><\/li>\n                                            <li><a href=\"https:\/\/ace-cae.eu\/sk\/countries\/montenegro\/\">Montenegro<\/a><\/li>\n                                            <li><a href=\"https:\/\/ace-cae.eu\/sk\/countries\/kosovo\/\">Kosovo<\/a><\/li>\n                                            <li><a href=\"https:\/\/ace-cae.eu\/sk\/countries\/united-kingdom\/\">Spojen\u00e9 kr\u00e1\u013eovstvo<\/a><\/li>\n                                                        <\/ul>\n            <\/div>\n            <a href=\"#\" class=\"ace-nav-down\"><\/a>\n        <\/div>\n        <div class=\"ace-map-content\">\n        \n        \n        \n            <\/div>\n    <\/section>\n\n\n<div class=\"wp-block-ace-section ace-section is-style-green-light\">\n<div class=\"wp-block-columns is-layout-flex wp-container-core-columns-is-layout-9d6595d7 wp-block-columns-is-layout-flex\">\n<div class=\"wp-block-column is-layout-flow wp-block-column-is-layout-flow\" style=\"flex-basis:66.66%\">\n<h1 class=\"wp-block-heading\" id=\"h-cultur-arch-programme-2025-2028\"><strong>CULTUR-ARCH PROGRAMME 2025-2028<\/strong><\/h1>\n\n\n\n<p class=\"has-ace-yellow-color has-text-color has-link-color wp-elements-74e29236db09bbc52b35905c8c21d71d\" style=\"font-size:3rem\"><strong>The CULTUR-ARCH programme is co-funded by Creative Europe, the EU Commission&#8217;s financing instrument that supports Europe&#8217;s cultural and creative sectors.<\/strong><\/p>\n\n\n\n<div class=\"wp-block-ace-section ace-section is-style-green-light\"><div class=\"ace-section-actions\"><a href=\"https:\/\/ace-cae.eu\/wp-content\/uploads\/2025\/12\/About-Cultur-ARCH-1.pdf\" class=\"ace-button\">Zisti\u0165 viac<\/a><\/div><\/div>\n<\/div>\n\n\n\n<div class=\"wp-block-column is-vertically-aligned-center is-layout-flow wp-block-column-is-layout-flow\" style=\"flex-basis:33.33%\">\n<figure class=\"wp-block-image size-full\"><img decoding=\"async\" width=\"716\" height=\"160\" src=\"https:\/\/ace-cae.eu\/wp-content\/uploads\/2024\/11\/eu-co-funded.png\" alt=\"\" class=\"wp-image-826\" srcset=\"https:\/\/ace-cae.eu\/wp-content\/uploads\/2024\/11\/eu-co-funded.png 716w, https:\/\/ace-cae.eu\/wp-content\/uploads\/2024\/11\/eu-co-funded-300x67.png 300w, https:\/\/ace-cae.eu\/wp-content\/uploads\/2024\/11\/eu-co-funded-18x4.png 18w, https:\/\/ace-cae.eu\/wp-content\/uploads\/2024\/11\/eu-co-funded-233x52.png 233w, https:\/\/ace-cae.eu\/wp-content\/uploads\/2024\/11\/eu-co-funded-466x104.png 466w, https:\/\/ace-cae.eu\/wp-content\/uploads\/2024\/11\/eu-co-funded-205x46.png 205w, https:\/\/ace-cae.eu\/wp-content\/uploads\/2024\/11\/eu-co-funded-410x92.png 410w\" sizes=\"(max-width: 716px) 100vw, 716px\" \/><\/figure>\n<\/div>\n<\/div>\n<\/div>","protected":false},"excerpt":{"rendered":"","protected":false},"author":4,"featured_media":1361,"parent":0,"menu_order":0,"comment_status":"closed","ping_status":"closed","template":"page-who-we-are.php","meta":{"inline_featured_image":false,"footnotes":""},"thematic-scope":[],"class_list":["post-13","page","type-page","status-publish","has-post-thumbnail","hentry"],"yoast_head":"<!-- This site is optimized with the Yoast SEO Premium plugin v25.3 (Yoast SEO v27.4) - https:\/\/yoast.com\/product\/yoast-seo-premium-wordpress\/ -->\n<title>Who we are - Architects&#039; Council of Europe<\/title>\n<meta name=\"robots\" content=\"index, follow, max-snippet:-1, max-image-preview:large, max-video-preview:-1\" \/>\n<link rel=\"canonical\" href=\"https:\/\/ace-cae.eu\/sk\/who-we-are\/\" \/>\n<meta property=\"og:locale\" content=\"sk_SK\" \/>\n<meta property=\"og:type\" content=\"article\" \/>\n<meta property=\"og:title\" content=\"Who we are\" \/>\n<meta property=\"og:url\" content=\"https:\/\/ace-cae.eu\/sk\/who-we-are\/\" \/>\n<meta property=\"og:site_name\" content=\"Architects&#039; Council of Europe\" \/>\n<meta property=\"article:publisher\" content=\"https:\/\/www.facebook.com\/ArchitectsEU\" \/>\n<meta property=\"article:modified_time\" content=\"2026-03-09T12:59:15+00:00\" \/>\n<meta property=\"og:image\" content=\"https:\/\/ace-cae.eu\/wp-content\/uploads\/2024\/12\/Who_we_are-Day-Care-Finland-Hannu-Rytky-scaled.jpg\" \/>\n\t<meta property=\"og:image:width\" content=\"2560\" \/>\n\t<meta property=\"og:image:height\" content=\"1440\" \/>\n\t<meta property=\"og:image:type\" content=\"image\/jpeg\" \/>\n<meta name=\"twitter:card\" content=\"summary_large_image\" \/>\n<meta name=\"twitter:site\" content=\"@Ace_Cae\" \/>\n<meta name=\"twitter:label1\" content=\"Predpokladan\u00fd \u010das \u010d\u00edtania\" \/>\n\t<meta name=\"twitter:data1\" content=\"3 min\u00faty\" \/>\n<script type=\"application\/ld+json\" class=\"yoast-schema-graph\">{\"@context\":\"https:\\\/\\\/schema.org\",\"@graph\":[{\"@type\":\"WebPage\",\"@id\":\"https:\\\/\\\/ace-cae.eu\\\/who-we-are\\\/\",\"url\":\"https:\\\/\\\/ace-cae.eu\\\/who-we-are\\\/\",\"name\":\"Who we are - Architects&#039; Council of Europe\",\"isPartOf\":{\"@id\":\"https:\\\/\\\/ace-cae.eu\\\/#website\"},\"primaryImageOfPage\":{\"@id\":\"https:\\\/\\\/ace-cae.eu\\\/who-we-are\\\/#primaryimage\"},\"image\":{\"@id\":\"https:\\\/\\\/ace-cae.eu\\\/who-we-are\\\/#primaryimage\"},\"thumbnailUrl\":\"https:\\\/\\\/ace-cae.eu\\\/wp-content\\\/uploads\\\/2024\\\/12\\\/Who_we_are-Day-Care-Finland-Hannu-Rytky-scaled.jpg\",\"datePublished\":\"2024-09-08T07:30:21+00:00\",\"dateModified\":\"2026-03-09T12:59:15+00:00\",\"breadcrumb\":{\"@id\":\"https:\\\/\\\/ace-cae.eu\\\/who-we-are\\\/#breadcrumb\"},\"inLanguage\":\"sk-SK\",\"potentialAction\":[{\"@type\":\"ReadAction\",\"target\":[\"https:\\\/\\\/ace-cae.eu\\\/who-we-are\\\/\"]}]},{\"@type\":\"ImageObject\",\"inLanguage\":\"sk-SK\",\"@id\":\"https:\\\/\\\/ace-cae.eu\\\/who-we-are\\\/#primaryimage\",\"url\":\"https:\\\/\\\/ace-cae.eu\\\/wp-content\\\/uploads\\\/2024\\\/12\\\/Who_we_are-Day-Care-Finland-Hannu-Rytky-scaled.jpg\",\"contentUrl\":\"https:\\\/\\\/ace-cae.eu\\\/wp-content\\\/uploads\\\/2024\\\/12\\\/Who_we_are-Day-Care-Finland-Hannu-Rytky-scaled.jpg\",\"width\":2560,\"height\":1440},{\"@type\":\"BreadcrumbList\",\"@id\":\"https:\\\/\\\/ace-cae.eu\\\/who-we-are\\\/#breadcrumb\",\"itemListElement\":[{\"@type\":\"ListItem\",\"position\":1,\"name\":\"Home\",\"item\":\"https:\\\/\\\/ace-cae.eu\\\/\"},{\"@type\":\"ListItem\",\"position\":2,\"name\":\"Who we are\"}]},{\"@type\":\"WebSite\",\"@id\":\"https:\\\/\\\/ace-cae.eu\\\/#website\",\"url\":\"https:\\\/\\\/ace-cae.eu\\\/\",\"name\":\"Architects' Council of Europe\",\"description\":\"High-quality architecture and living environments for all.\",\"publisher\":{\"@id\":\"https:\\\/\\\/ace-cae.eu\\\/#organization\"},\"alternateName\":\"ACE-CAE\",\"potentialAction\":[{\"@type\":\"SearchAction\",\"target\":{\"@type\":\"EntryPoint\",\"urlTemplate\":\"https:\\\/\\\/ace-cae.eu\\\/?s={search_term_string}\"},\"query-input\":{\"@type\":\"PropertyValueSpecification\",\"valueRequired\":true,\"valueName\":\"search_term_string\"}}],\"inLanguage\":\"sk-SK\"},{\"@type\":\"Organization\",\"@id\":\"https:\\\/\\\/ace-cae.eu\\\/#organization\",\"name\":\"Architects' Council of Europe\",\"alternateName\":\"ACE-CAE\",\"url\":\"https:\\\/\\\/ace-cae.eu\\\/\",\"logo\":{\"@type\":\"ImageObject\",\"inLanguage\":\"sk-SK\",\"@id\":\"https:\\\/\\\/ace-cae.eu\\\/#\\\/schema\\\/logo\\\/image\\\/\",\"url\":\"https:\\\/\\\/ace-cae.eu\\\/wp-content\\\/uploads\\\/2024\\\/12\\\/logo.svg\",\"contentUrl\":\"https:\\\/\\\/ace-cae.eu\\\/wp-content\\\/uploads\\\/2024\\\/12\\\/logo.svg\",\"width\":136,\"height\":42,\"caption\":\"Architects' Council of Europe\"},\"image\":{\"@id\":\"https:\\\/\\\/ace-cae.eu\\\/#\\\/schema\\\/logo\\\/image\\\/\"},\"sameAs\":[\"https:\\\/\\\/www.facebook.com\\\/ArchitectsEU\",\"https:\\\/\\\/x.com\\\/Ace_Cae\",\"https:\\\/\\\/www.linkedin.com\\\/company\\\/architects-council-of-europe-ace-\",\"https:\\\/\\\/www.instagram.com\\\/ace.archi.eu\\\/\",\"https:\\\/\\\/www.youtube.com\\\/@architectscouncilofeurope-8375\"],\"description\":\"The Architects\u2019 Council of Europe (ACE) is the representative organisation for the architecture at European level. Its growing membership currently consists of 52 Member Organisations, which are the regulatory and professional representative bodies in all EU Member States, Accession Countries, the UK, Switzerland and Norway, and 6 Observers Members \u2013 Serbia, Kosovo, Ukraine, Montenegro, Macedonia and Moldova. Through them, for 30 years, the ACE represents the interests of over half a million architects from 36 countries in Europe.\",\"email\":\"info@ace-cae.eu\",\"telephone\":\"+32 2 543 11 40\",\"legalName\":\"Conseil des Architectes d\u2019Europe AISBL\",\"foundingDate\":\"1900-05-11\",\"vatID\":\"BE 0464 884 970\",\"ownershipFundingInfo\":\"https:\\\/\\\/ace-cae.eu\\\/imprint\\\/\"}]}<\/script>\n<!-- \/ Yoast SEO Premium plugin. -->","yoast_head_json":{"title":"Who we are - Architects&#039; Council of Europe","robots":{"index":"index","follow":"follow","max-snippet":"max-snippet:-1","max-image-preview":"max-image-preview:large","max-video-preview":"max-video-preview:-1"},"canonical":"https:\/\/ace-cae.eu\/sk\/who-we-are\/","og_locale":"sk_SK","og_type":"article","og_title":"Who we are","og_url":"https:\/\/ace-cae.eu\/sk\/who-we-are\/","og_site_name":"Architects&#039; Council of Europe","article_publisher":"https:\/\/www.facebook.com\/ArchitectsEU","article_modified_time":"2026-03-09T12:59:15+00:00","og_image":[{"width":2560,"height":1440,"url":"https:\/\/ace-cae.eu\/wp-content\/uploads\/2024\/12\/Who_we_are-Day-Care-Finland-Hannu-Rytky-scaled.jpg","type":"image\/jpeg"}],"twitter_card":"summary_large_image","twitter_site":"@Ace_Cae","twitter_misc":{"Predpokladan\u00fd \u010das \u010d\u00edtania":"3 min\u00faty"},"schema":{"@context":"https:\/\/schema.org","@graph":[{"@type":"WebPage","@id":"https:\/\/ace-cae.eu\/who-we-are\/","url":"https:\/\/ace-cae.eu\/who-we-are\/","name":"Who we are - Architects&#039; Council of Europe","isPartOf":{"@id":"https:\/\/ace-cae.eu\/#website"},"primaryImageOfPage":{"@id":"https:\/\/ace-cae.eu\/who-we-are\/#primaryimage"},"image":{"@id":"https:\/\/ace-cae.eu\/who-we-are\/#primaryimage"},"thumbnailUrl":"https:\/\/ace-cae.eu\/wp-content\/uploads\/2024\/12\/Who_we_are-Day-Care-Finland-Hannu-Rytky-scaled.jpg","datePublished":"2024-09-08T07:30:21+00:00","dateModified":"2026-03-09T12:59:15+00:00","breadcrumb":{"@id":"https:\/\/ace-cae.eu\/who-we-are\/#breadcrumb"},"inLanguage":"sk-SK","potentialAction":[{"@type":"ReadAction","target":["https:\/\/ace-cae.eu\/who-we-are\/"]}]},{"@type":"ImageObject","inLanguage":"sk-SK","@id":"https:\/\/ace-cae.eu\/who-we-are\/#primaryimage","url":"https:\/\/ace-cae.eu\/wp-content\/uploads\/2024\/12\/Who_we_are-Day-Care-Finland-Hannu-Rytky-scaled.jpg","contentUrl":"https:\/\/ace-cae.eu\/wp-content\/uploads\/2024\/12\/Who_we_are-Day-Care-Finland-Hannu-Rytky-scaled.jpg","width":2560,"height":1440},{"@type":"BreadcrumbList","@id":"https:\/\/ace-cae.eu\/who-we-are\/#breadcrumb","itemListElement":[{"@type":"ListItem","position":1,"name":"Home","item":"https:\/\/ace-cae.eu\/"},{"@type":"ListItem","position":2,"name":"Who we are"}]},{"@type":"WebSite","@id":"https:\/\/ace-cae.eu\/#website","url":"https:\/\/ace-cae.eu\/","name":"Architects' Council of Europe","description":"High-quality architecture and living environments for all.","publisher":{"@id":"https:\/\/ace-cae.eu\/#organization"},"alternateName":"ACE-CAE","potentialAction":[{"@type":"SearchAction","target":{"@type":"EntryPoint","urlTemplate":"https:\/\/ace-cae.eu\/?s={search_term_string}"},"query-input":{"@type":"PropertyValueSpecification","valueRequired":true,"valueName":"search_term_string"}}],"inLanguage":"sk-SK"},{"@type":"Organization","@id":"https:\/\/ace-cae.eu\/#organization","name":"Architects' Council of Europe","alternateName":"ACE-CAE","url":"https:\/\/ace-cae.eu\/","logo":{"@type":"ImageObject","inLanguage":"sk-SK","@id":"https:\/\/ace-cae.eu\/#\/schema\/logo\/image\/","url":"https:\/\/ace-cae.eu\/wp-content\/uploads\/2024\/12\/logo.svg","contentUrl":"https:\/\/ace-cae.eu\/wp-content\/uploads\/2024\/12\/logo.svg","width":136,"height":42,"caption":"Architects' Council of Europe"},"image":{"@id":"https:\/\/ace-cae.eu\/#\/schema\/logo\/image\/"},"sameAs":["https:\/\/www.facebook.com\/ArchitectsEU","https:\/\/x.com\/Ace_Cae","https:\/\/www.linkedin.com\/company\/architects-council-of-europe-ace-","https:\/\/www.instagram.com\/ace.archi.eu\/","https:\/\/www.youtube.com\/@architectscouncilofeurope-8375"],"description":"The Architects\u2019 Council of Europe (ACE) is the representative organisation for the architecture at European level. Its growing membership currently consists of 52 Member Organisations, which are the regulatory and professional representative bodies in all EU Member States, Accession Countries, the UK, Switzerland and Norway, and 6 Observers Members \u2013 Serbia, Kosovo, Ukraine, Montenegro, Macedonia and Moldova. Through them, for 30 years, the ACE represents the interests of over half a million architects from 36 countries in Europe.","email":"info@ace-cae.eu","telephone":"+32 2 543 11 40","legalName":"Conseil des Architectes d\u2019Europe AISBL","foundingDate":"1900-05-11","vatID":"BE 0464 884 970","ownershipFundingInfo":"https:\/\/ace-cae.eu\/imprint\/"}]}},"_links":{"self":[{"href":"https:\/\/ace-cae.eu\/sk\/wp-json\/wp\/v2\/pages\/13","targetHints":{"allow":["GET"]}}],"collection":[{"href":"https:\/\/ace-cae.eu\/sk\/wp-json\/wp\/v2\/pages"}],"about":[{"href":"https:\/\/ace-cae.eu\/sk\/wp-json\/wp\/v2\/types\/page"}],"author":[{"embeddable":true,"href":"https:\/\/ace-cae.eu\/sk\/wp-json\/wp\/v2\/users\/4"}],"replies":[{"embeddable":true,"href":"https:\/\/ace-cae.eu\/sk\/wp-json\/wp\/v2\/comments?post=13"}],"version-history":[{"count":0,"href":"https:\/\/ace-cae.eu\/sk\/wp-json\/wp\/v2\/pages\/13\/revisions"}],"wp:featuredmedia":[{"embeddable":true,"href":"https:\/\/ace-cae.eu\/sk\/wp-json\/wp\/v2\/media\/1361"}],"wp:attachment":[{"href":"https:\/\/ace-cae.eu\/sk\/wp-json\/wp\/v2\/media?parent=13"}],"wp:term":[{"taxonomy":"thematic-scope","embeddable":true,"href":"https:\/\/ace-cae.eu\/sk\/wp-json\/wp\/v2\/thematic-scope?post=13"}],"curies":[{"name":"wp","href":"https:\/\/api.w.org\/{rel}","templated":true}]}}