{"id":2805,"date":"2025-09-25T14:21:22","date_gmt":"2025-09-25T12:21:22","guid":{"rendered":"https:\/\/ace-cae.eu\/?post_type=ace-event&#038;p=2805"},"modified":"2025-09-25T14:21:24","modified_gmt":"2025-09-25T12:21:24","slug":"the-architects-chamber-of-rhineland-palatinate-is-celebrating-its-75th-anniversary-with-a-future-congress","status":"publish","type":"ace-event","link":"https:\/\/ace-cae.eu\/sk\/event\/the-architects-chamber-of-rhineland-palatinate-is-celebrating-its-75th-anniversary-with-a-future-congress\/","title":{"rendered":"The Architects\u2019 Chamber of Rhineland-Palatinate is celebrating its 75th anniversary with a Future Congress"},"content":{"rendered":"\n<figure class=\"wp-block-image size-large\"><img decoding=\"async\" width=\"1024\" height=\"619\" src=\"https:\/\/ace-cae.eu\/wp-content\/uploads\/2025\/09\/csm_BKA_9287_0d2c0997ce-1-1024x619.jpg\" alt=\"\" class=\"wp-image-2807\" srcset=\"https:\/\/ace-cae.eu\/wp-content\/uploads\/2025\/09\/csm_BKA_9287_0d2c0997ce-1-1024x619.jpg 1024w, https:\/\/ace-cae.eu\/wp-content\/uploads\/2025\/09\/csm_BKA_9287_0d2c0997ce-1-300x181.jpg 300w, https:\/\/ace-cae.eu\/wp-content\/uploads\/2025\/09\/csm_BKA_9287_0d2c0997ce-1-768x464.jpg 768w, https:\/\/ace-cae.eu\/wp-content\/uploads\/2025\/09\/csm_BKA_9287_0d2c0997ce-1-18x12.jpg 18w, https:\/\/ace-cae.eu\/wp-content\/uploads\/2025\/09\/csm_BKA_9287_0d2c0997ce-1-233x141.jpg 233w, https:\/\/ace-cae.eu\/wp-content\/uploads\/2025\/09\/csm_BKA_9287_0d2c0997ce-1-466x282.jpg 466w, https:\/\/ace-cae.eu\/wp-content\/uploads\/2025\/09\/csm_BKA_9287_0d2c0997ce-1-126x76.jpg 126w, https:\/\/ace-cae.eu\/wp-content\/uploads\/2025\/09\/csm_BKA_9287_0d2c0997ce-1-252x152.jpg 252w, https:\/\/ace-cae.eu\/wp-content\/uploads\/2025\/09\/csm_BKA_9287_0d2c0997ce-1.jpg 1170w\" sizes=\"(max-width: 1024px) 100vw, 1024px\" \/><\/figure>\n\n\n\n<p>\u201cBuilding Today, Shaping Tomorrow\u201d was the motto for the 50th anniversary of the Chamber \u2013 somehow timeless! Has nothing changed since then? Of course it has! Even back then, the focus was on the future, but looking back also had a prominent place in the new Kleines Haus of the Mainz State Theatre. A quarter of a century later, planning and designing is still oriented toward a tomorrow \u2013 what else? But how this tomorrow will look, what we consider necessary and desirable, how the architectural profession in Rhineland-Palatinate positions itself and works, what it fears and hopes for \u2013 all of this has changed, sometimes in nuances, in many ways fundamentally. Plenty of reason, then, to revisit these questions \u2013 while keeping our eyes firmly on the future. <\/p>\n\n\n\n<p>Look forward to the 75th Future Congress, which promises to be a little festive and very discursive!<\/p>\n\n\n\n<p>Please register via the following link:&nbsp;<a href=\"http:\/\/www.diearchitekten.org\/zukunft\">www.diearchitekten.org\/zukunft<\/a><\/p>\n\n\n\n<p><strong>Date and venue<br><\/strong>31\/10\/2025 10:00-18:00 CET<\/p>\n\n\n\n<p>Halle 45, Hauptstra\u00dfe 17-19, 55120 Mainz<\/p>\n\n\n\n<p><strong><strong>Organizer<\/strong><\/strong><br>Architektenkammer Rheinland-Pfalz<\/p>\n","protected":false},"excerpt":{"rendered":"<p>\u201cBuilding Today, Shaping Tomorrow\u201d was the motto for the 50th anniversary of the Chamber \u2013<\/p>\n","protected":false},"featured_media":2806,"template":"","meta":{"inline_featured_image":false},"event-categories":[80],"thematic-scope":[],"class_list":["post-2805","ace-event","type-ace-event","status-publish","has-post-thumbnail","hentry","event-categories-ace-members-organisations-events"],"yoast_head":"<!-- This site is optimized with the Yoast SEO Premium plugin v25.3 (Yoast SEO v27.4) - https:\/\/yoast.com\/product\/yoast-seo-premium-wordpress\/ -->\n<title>The Architects\u2019 Chamber of Rhineland-Palatinate is celebrating its 75th anniversary with a Future Congress - Architects&#039; Council of Europe<\/title>\n<meta name=\"robots\" content=\"index, follow, max-snippet:-1, max-image-preview:large, max-video-preview:-1\" \/>\n<link rel=\"canonical\" href=\"https:\/\/ace-cae.eu\/sk\/event\/the-architects-chamber-of-rhineland-palatinate-is-celebrating-its-75th-anniversary-with-a-future-congress\/\" \/>\n<meta property=\"og:locale\" content=\"sk_SK\" \/>\n<meta property=\"og:type\" content=\"article\" \/>\n<meta property=\"og:title\" content=\"The Architects\u2019 Chamber of Rhineland-Palatinate is celebrating its 75th anniversary with a Future Congress\" \/>\n<meta property=\"og:description\" content=\"\u201cBuilding Today, Shaping Tomorrow\u201d was the motto for the 50th anniversary of the Chamber \u2013\" \/>\n<meta property=\"og:url\" content=\"https:\/\/ace-cae.eu\/sk\/event\/the-architects-chamber-of-rhineland-palatinate-is-celebrating-its-75th-anniversary-with-a-future-congress\/\" \/>\n<meta property=\"og:site_name\" content=\"Architects&#039; Council of Europe\" \/>\n<meta property=\"article:publisher\" content=\"https:\/\/www.facebook.com\/ArchitectsEU\" \/>\n<meta property=\"article:modified_time\" content=\"2025-09-25T12:21:24+00:00\" \/>\n<meta property=\"og:image\" content=\"https:\/\/ace-cae.eu\/wp-content\/uploads\/2025\/09\/csm_BKA_9287_0d2c0997ce.jpg\" \/>\n\t<meta property=\"og:image:width\" content=\"1170\" \/>\n\t<meta property=\"og:image:height\" content=\"707\" \/>\n\t<meta property=\"og:image:type\" content=\"image\/jpeg\" \/>\n<meta name=\"twitter:card\" content=\"summary_large_image\" \/>\n<meta name=\"twitter:site\" content=\"@Ace_Cae\" \/>\n<meta name=\"twitter:label1\" content=\"Predpokladan\u00fd \u010das \u010d\u00edtania\" \/>\n\t<meta name=\"twitter:data1\" content=\"2 min\u00faty\" \/>\n<script type=\"application\/ld+json\" class=\"yoast-schema-graph\">{\"@context\":\"https:\\\/\\\/schema.org\",\"@graph\":[{\"@type\":\"WebPage\",\"@id\":\"https:\\\/\\\/ace-cae.eu\\\/event\\\/the-architects-chamber-of-rhineland-palatinate-is-celebrating-its-75th-anniversary-with-a-future-congress\\\/\",\"url\":\"https:\\\/\\\/ace-cae.eu\\\/event\\\/the-architects-chamber-of-rhineland-palatinate-is-celebrating-its-75th-anniversary-with-a-future-congress\\\/\",\"name\":\"The Architects\u2019 Chamber of Rhineland-Palatinate is celebrating its 75th anniversary with a Future Congress - Architects&#039; Council of Europe\",\"isPartOf\":{\"@id\":\"https:\\\/\\\/ace-cae.eu\\\/#website\"},\"primaryImageOfPage\":{\"@id\":\"https:\\\/\\\/ace-cae.eu\\\/event\\\/the-architects-chamber-of-rhineland-palatinate-is-celebrating-its-75th-anniversary-with-a-future-congress\\\/#primaryimage\"},\"image\":{\"@id\":\"https:\\\/\\\/ace-cae.eu\\\/event\\\/the-architects-chamber-of-rhineland-palatinate-is-celebrating-its-75th-anniversary-with-a-future-congress\\\/#primaryimage\"},\"thumbnailUrl\":\"https:\\\/\\\/ace-cae.eu\\\/wp-content\\\/uploads\\\/2025\\\/09\\\/csm_BKA_9287_0d2c0997ce.jpg\",\"datePublished\":\"2025-09-25T12:21:22+00:00\",\"dateModified\":\"2025-09-25T12:21:24+00:00\",\"breadcrumb\":{\"@id\":\"https:\\\/\\\/ace-cae.eu\\\/event\\\/the-architects-chamber-of-rhineland-palatinate-is-celebrating-its-75th-anniversary-with-a-future-congress\\\/#breadcrumb\"},\"inLanguage\":\"sk-SK\",\"potentialAction\":[{\"@type\":\"ReadAction\",\"target\":[\"https:\\\/\\\/ace-cae.eu\\\/event\\\/the-architects-chamber-of-rhineland-palatinate-is-celebrating-its-75th-anniversary-with-a-future-congress\\\/\"]}]},{\"@type\":\"ImageObject\",\"inLanguage\":\"sk-SK\",\"@id\":\"https:\\\/\\\/ace-cae.eu\\\/event\\\/the-architects-chamber-of-rhineland-palatinate-is-celebrating-its-75th-anniversary-with-a-future-congress\\\/#primaryimage\",\"url\":\"https:\\\/\\\/ace-cae.eu\\\/wp-content\\\/uploads\\\/2025\\\/09\\\/csm_BKA_9287_0d2c0997ce.jpg\",\"contentUrl\":\"https:\\\/\\\/ace-cae.eu\\\/wp-content\\\/uploads\\\/2025\\\/09\\\/csm_BKA_9287_0d2c0997ce.jpg\",\"width\":1170,\"height\":707},{\"@type\":\"BreadcrumbList\",\"@id\":\"https:\\\/\\\/ace-cae.eu\\\/event\\\/the-architects-chamber-of-rhineland-palatinate-is-celebrating-its-75th-anniversary-with-a-future-congress\\\/#breadcrumb\",\"itemListElement\":[{\"@type\":\"ListItem\",\"position\":1,\"name\":\"Home\",\"item\":\"https:\\\/\\\/ace-cae.eu\\\/\"},{\"@type\":\"ListItem\",\"position\":2,\"name\":\"Events\",\"item\":\"https:\\\/\\\/ace-cae.eu\\\/event\\\/\"},{\"@type\":\"ListItem\",\"position\":3,\"name\":\"The Architects\u2019 Chamber of Rhineland-Palatinate is celebrating its 75th anniversary with a Future Congress\"}]},{\"@type\":\"WebSite\",\"@id\":\"https:\\\/\\\/ace-cae.eu\\\/#website\",\"url\":\"https:\\\/\\\/ace-cae.eu\\\/\",\"name\":\"Architects' Council of Europe\",\"description\":\"High-quality architecture and living environments for all.\",\"publisher\":{\"@id\":\"https:\\\/\\\/ace-cae.eu\\\/#organization\"},\"alternateName\":\"ACE-CAE\",\"potentialAction\":[{\"@type\":\"SearchAction\",\"target\":{\"@type\":\"EntryPoint\",\"urlTemplate\":\"https:\\\/\\\/ace-cae.eu\\\/?s={search_term_string}\"},\"query-input\":{\"@type\":\"PropertyValueSpecification\",\"valueRequired\":true,\"valueName\":\"search_term_string\"}}],\"inLanguage\":\"sk-SK\"},{\"@type\":\"Organization\",\"@id\":\"https:\\\/\\\/ace-cae.eu\\\/#organization\",\"name\":\"Architects' Council of Europe\",\"alternateName\":\"ACE-CAE\",\"url\":\"https:\\\/\\\/ace-cae.eu\\\/\",\"logo\":{\"@type\":\"ImageObject\",\"inLanguage\":\"sk-SK\",\"@id\":\"https:\\\/\\\/ace-cae.eu\\\/#\\\/schema\\\/logo\\\/image\\\/\",\"url\":\"https:\\\/\\\/ace-cae.eu\\\/wp-content\\\/uploads\\\/2024\\\/12\\\/logo.svg\",\"contentUrl\":\"https:\\\/\\\/ace-cae.eu\\\/wp-content\\\/uploads\\\/2024\\\/12\\\/logo.svg\",\"width\":136,\"height\":42,\"caption\":\"Architects' Council of Europe\"},\"image\":{\"@id\":\"https:\\\/\\\/ace-cae.eu\\\/#\\\/schema\\\/logo\\\/image\\\/\"},\"sameAs\":[\"https:\\\/\\\/www.facebook.com\\\/ArchitectsEU\",\"https:\\\/\\\/x.com\\\/Ace_Cae\",\"https:\\\/\\\/www.linkedin.com\\\/company\\\/architects-council-of-europe-ace-\",\"https:\\\/\\\/www.instagram.com\\\/ace.archi.eu\\\/\",\"https:\\\/\\\/www.youtube.com\\\/@architectscouncilofeurope-8375\"],\"description\":\"The Architects\u2019 Council of Europe (ACE) is the representative organisation for the architecture at European level. Its growing membership currently consists of 52 Member Organisations, which are the regulatory and professional representative bodies in all EU Member States, Accession Countries, the UK, Switzerland and Norway, and 6 Observers Members \u2013 Serbia, Kosovo, Ukraine, Montenegro, Macedonia and Moldova. Through them, for 30 years, the ACE represents the interests of over half a million architects from 36 countries in Europe.\",\"email\":\"info@ace-cae.eu\",\"telephone\":\"+32 2 543 11 40\",\"legalName\":\"Conseil des Architectes d\u2019Europe AISBL\",\"foundingDate\":\"1900-05-11\",\"vatID\":\"BE 0464 884 970\",\"ownershipFundingInfo\":\"https:\\\/\\\/ace-cae.eu\\\/imprint\\\/\"}]}<\/script>\n<!-- \/ Yoast SEO Premium plugin. -->","yoast_head_json":{"title":"The Architects\u2019 Chamber of Rhineland-Palatinate is celebrating its 75th anniversary with a Future Congress - Architects&#039; Council of Europe","robots":{"index":"index","follow":"follow","max-snippet":"max-snippet:-1","max-image-preview":"max-image-preview:large","max-video-preview":"max-video-preview:-1"},"canonical":"https:\/\/ace-cae.eu\/sk\/event\/the-architects-chamber-of-rhineland-palatinate-is-celebrating-its-75th-anniversary-with-a-future-congress\/","og_locale":"sk_SK","og_type":"article","og_title":"The Architects\u2019 Chamber of Rhineland-Palatinate is celebrating its 75th anniversary with a Future Congress","og_description":"\u201cBuilding Today, Shaping Tomorrow\u201d was the motto for the 50th anniversary of the Chamber \u2013","og_url":"https:\/\/ace-cae.eu\/sk\/event\/the-architects-chamber-of-rhineland-palatinate-is-celebrating-its-75th-anniversary-with-a-future-congress\/","og_site_name":"Architects&#039; Council of Europe","article_publisher":"https:\/\/www.facebook.com\/ArchitectsEU","article_modified_time":"2025-09-25T12:21:24+00:00","og_image":[{"width":1170,"height":707,"url":"https:\/\/ace-cae.eu\/wp-content\/uploads\/2025\/09\/csm_BKA_9287_0d2c0997ce.jpg","type":"image\/jpeg"}],"twitter_card":"summary_large_image","twitter_site":"@Ace_Cae","twitter_misc":{"Predpokladan\u00fd \u010das \u010d\u00edtania":"2 min\u00faty"},"schema":{"@context":"https:\/\/schema.org","@graph":[{"@type":"WebPage","@id":"https:\/\/ace-cae.eu\/event\/the-architects-chamber-of-rhineland-palatinate-is-celebrating-its-75th-anniversary-with-a-future-congress\/","url":"https:\/\/ace-cae.eu\/event\/the-architects-chamber-of-rhineland-palatinate-is-celebrating-its-75th-anniversary-with-a-future-congress\/","name":"The Architects\u2019 Chamber of Rhineland-Palatinate is celebrating its 75th anniversary with a Future Congress - Architects&#039; Council of Europe","isPartOf":{"@id":"https:\/\/ace-cae.eu\/#website"},"primaryImageOfPage":{"@id":"https:\/\/ace-cae.eu\/event\/the-architects-chamber-of-rhineland-palatinate-is-celebrating-its-75th-anniversary-with-a-future-congress\/#primaryimage"},"image":{"@id":"https:\/\/ace-cae.eu\/event\/the-architects-chamber-of-rhineland-palatinate-is-celebrating-its-75th-anniversary-with-a-future-congress\/#primaryimage"},"thumbnailUrl":"https:\/\/ace-cae.eu\/wp-content\/uploads\/2025\/09\/csm_BKA_9287_0d2c0997ce.jpg","datePublished":"2025-09-25T12:21:22+00:00","dateModified":"2025-09-25T12:21:24+00:00","breadcrumb":{"@id":"https:\/\/ace-cae.eu\/event\/the-architects-chamber-of-rhineland-palatinate-is-celebrating-its-75th-anniversary-with-a-future-congress\/#breadcrumb"},"inLanguage":"sk-SK","potentialAction":[{"@type":"ReadAction","target":["https:\/\/ace-cae.eu\/event\/the-architects-chamber-of-rhineland-palatinate-is-celebrating-its-75th-anniversary-with-a-future-congress\/"]}]},{"@type":"ImageObject","inLanguage":"sk-SK","@id":"https:\/\/ace-cae.eu\/event\/the-architects-chamber-of-rhineland-palatinate-is-celebrating-its-75th-anniversary-with-a-future-congress\/#primaryimage","url":"https:\/\/ace-cae.eu\/wp-content\/uploads\/2025\/09\/csm_BKA_9287_0d2c0997ce.jpg","contentUrl":"https:\/\/ace-cae.eu\/wp-content\/uploads\/2025\/09\/csm_BKA_9287_0d2c0997ce.jpg","width":1170,"height":707},{"@type":"BreadcrumbList","@id":"https:\/\/ace-cae.eu\/event\/the-architects-chamber-of-rhineland-palatinate-is-celebrating-its-75th-anniversary-with-a-future-congress\/#breadcrumb","itemListElement":[{"@type":"ListItem","position":1,"name":"Home","item":"https:\/\/ace-cae.eu\/"},{"@type":"ListItem","position":2,"name":"Events","item":"https:\/\/ace-cae.eu\/event\/"},{"@type":"ListItem","position":3,"name":"The Architects\u2019 Chamber of Rhineland-Palatinate is celebrating its 75th anniversary with a Future Congress"}]},{"@type":"WebSite","@id":"https:\/\/ace-cae.eu\/#website","url":"https:\/\/ace-cae.eu\/","name":"Architects' Council of Europe","description":"High-quality architecture and living environments for all.","publisher":{"@id":"https:\/\/ace-cae.eu\/#organization"},"alternateName":"ACE-CAE","potentialAction":[{"@type":"SearchAction","target":{"@type":"EntryPoint","urlTemplate":"https:\/\/ace-cae.eu\/?s={search_term_string}"},"query-input":{"@type":"PropertyValueSpecification","valueRequired":true,"valueName":"search_term_string"}}],"inLanguage":"sk-SK"},{"@type":"Organization","@id":"https:\/\/ace-cae.eu\/#organization","name":"Architects' Council of Europe","alternateName":"ACE-CAE","url":"https:\/\/ace-cae.eu\/","logo":{"@type":"ImageObject","inLanguage":"sk-SK","@id":"https:\/\/ace-cae.eu\/#\/schema\/logo\/image\/","url":"https:\/\/ace-cae.eu\/wp-content\/uploads\/2024\/12\/logo.svg","contentUrl":"https:\/\/ace-cae.eu\/wp-content\/uploads\/2024\/12\/logo.svg","width":136,"height":42,"caption":"Architects' Council of Europe"},"image":{"@id":"https:\/\/ace-cae.eu\/#\/schema\/logo\/image\/"},"sameAs":["https:\/\/www.facebook.com\/ArchitectsEU","https:\/\/x.com\/Ace_Cae","https:\/\/www.linkedin.com\/company\/architects-council-of-europe-ace-","https:\/\/www.instagram.com\/ace.archi.eu\/","https:\/\/www.youtube.com\/@architectscouncilofeurope-8375"],"description":"The Architects\u2019 Council of Europe (ACE) is the representative organisation for the architecture at European level. Its growing membership currently consists of 52 Member Organisations, which are the regulatory and professional representative bodies in all EU Member States, Accession Countries, the UK, Switzerland and Norway, and 6 Observers Members \u2013 Serbia, Kosovo, Ukraine, Montenegro, Macedonia and Moldova. Through them, for 30 years, the ACE represents the interests of over half a million architects from 36 countries in Europe.","email":"info@ace-cae.eu","telephone":"+32 2 543 11 40","legalName":"Conseil des Architectes d\u2019Europe AISBL","foundingDate":"1900-05-11","vatID":"BE 0464 884 970","ownershipFundingInfo":"https:\/\/ace-cae.eu\/imprint\/"}]}},"_links":{"self":[{"href":"https:\/\/ace-cae.eu\/sk\/wp-json\/wp\/v2\/ace-event\/2805","targetHints":{"allow":["GET"]}}],"collection":[{"href":"https:\/\/ace-cae.eu\/sk\/wp-json\/wp\/v2\/ace-event"}],"about":[{"href":"https:\/\/ace-cae.eu\/sk\/wp-json\/wp\/v2\/types\/ace-event"}],"wp:featuredmedia":[{"embeddable":true,"href":"https:\/\/ace-cae.eu\/sk\/wp-json\/wp\/v2\/media\/2806"}],"wp:attachment":[{"href":"https:\/\/ace-cae.eu\/sk\/wp-json\/wp\/v2\/media?parent=2805"}],"wp:term":[{"taxonomy":"event-categories","embeddable":true,"href":"https:\/\/ace-cae.eu\/sk\/wp-json\/wp\/v2\/event-categories?post=2805"},{"taxonomy":"thematic-scope","embeddable":true,"href":"https:\/\/ace-cae.eu\/sk\/wp-json\/wp\/v2\/thematic-scope?post=2805"}],"curies":[{"name":"wp","href":"https:\/\/api.w.org\/{rel}","templated":true}]}}