{"id":716,"date":"2024-11-14T06:51:24","date_gmt":"2024-11-14T06:51:24","guid":{"rendered":"https:\/\/ace-cae.eu\/?page_id=716"},"modified":"2025-09-09T11:51:40","modified_gmt":"2025-09-09T09:51:40","slug":"news","status":"publish","type":"page","link":"https:\/\/ace-cae.eu\/pt\/news\/","title":{"rendered":"Not\u00edcias"},"content":{"rendered":"<div class=\"ace-section ace-section-news wp-block-ace-articles\">\n    \n<h1>Not\u00edcias<\/h1>\n<div class=\"ace-articles\">\n    <div class=\"ace-articles-list\" data-article=\"0\">\n                            \r\n<a class=\"ace-article ace-article-news\" href=\"https:\/\/ace-cae.eu\/pt\/news\/the-ace-info-is-out-stay-updated-with-our-latest-activities-10\/\">\r\n            <img decoding=\"async\" src=\"https:\/\/ace-cae.eu\/wp-content\/uploads\/2025\/08\/Untitled-design-157-1.png\" width=\"358\" height=\"267\" alt=\"\" \/>\r\n        <div class=\"ace-article-info\">\r\n                <p>O ACE INFO est\u00e1 fora! Mantenha-se atualizado com as nossas \u00faltimas atividades!<\/p>\r\n        <p>Mantenha-se informado sobre as pol\u00edticas da UE, as atualiza\u00e7\u00f5es legislativas pertinentes para a sua profiss\u00e3o, as iniciativas ACE e muito mais!<\/p>\r\n        <p>Setembro 3, 2026<\/p>\r\n    <\/div>\r\n<\/a>                    \r\n<a class=\"ace-article ace-article-news\" href=\"https:\/\/ace-cae.eu\/pt\/news\/innovative-architectural-teaching-takes-centre-stage-in-cagliari\/\">\r\n            <img decoding=\"async\" src=\"https:\/\/ace-cae.eu\/wp-content\/uploads\/2026\/08\/2023_Live_project-_Kolderbos_Genk-358x267.jpg\" width=\"358\" height=\"267\" alt=\"\" \/>\r\n        <div class=\"ace-article-info\">\r\n                    <h3>Awards, Events<\/h3>\r\n                <p>Innovative Architectural Teaching Takes Centre Stage in Cagliari<\/p>\r\n        <p>ACE strengthens partnership with EAAE at Annual Conference in Cagliari and celebrates the 2026 EAAE X ACE Pedagogy Awards.<\/p>\r\n        <p>Setembro 1, 2026<\/p>\r\n    <\/div>\r\n<\/a>                    \r\n<a class=\"ace-article ace-article-news\" href=\"https:\/\/ace-cae.eu\/pt\/news\/ai-in-architecture-good-practices-from-across-europe\/\">\r\n            <img decoding=\"async\" src=\"https:\/\/ace-cae.eu\/wp-content\/uploads\/2026\/08\/Capture-decran-2026-08-25-a-14.38.19-358x267.png\" width=\"358\" height=\"267\" alt=\"\" \/>\r\n        <div class=\"ace-article-info\">\r\n                    <h3>artificial intelligence, Policy, Publications<\/h3>\r\n                <p>AI in Architecture: Good Practices from Across Europe<\/p>\r\n        <p>The European Commission&#8217;s call for evidence on AI in the Cultural and Creative Sectors is open until 11 September 2026. <\/p>\r\n        <p>Agosto 25, 2026<\/p>\r\n    <\/div>\r\n<\/a>                    \r\n<a class=\"ace-article ace-article-news\" href=\"https:\/\/ace-cae.eu\/pt\/news\/beijing-named-unesco-uia-world-capital-of-architecture-for-2029\/\">\r\n            <img decoding=\"async\" src=\"https:\/\/ace-cae.eu\/wp-content\/uploads\/2026\/08\/unnamed-358x267.jpg\" width=\"358\" height=\"267\" alt=\"\" \/>\r\n        <div class=\"ace-article-info\">\r\n                    <h3>Eventos<\/h3>\r\n                <p>Beijing named UNESCO-UIA\u00a0World Capital of Architecture for 2029<\/p>\r\n        <p>The city of\u00a0Beijing\u00a0has been officially designated as\u00a0World Capital of Architecture for 2029.<\/p>\r\n        <p>Agosto 17, 2026<\/p>\r\n    <\/div>\r\n<\/a>                    \r\n<a class=\"ace-article ace-article-news\" href=\"https:\/\/ace-cae.eu\/pt\/news\/ace-discusses-europes-housing-challenges-with-the-european-commissions-task-force-on-housing\/\">\r\n            <img decoding=\"async\" src=\"https:\/\/ace-cae.eu\/wp-content\/uploads\/2026\/07\/PHOTO-2026-07-23-19-33-46-358x267.jpg\" width=\"358\" height=\"267\" alt=\"\" \/>\r\n        <div class=\"ace-article-info\">\r\n                    <h3>Policy, Sustainable architecture<\/h3>\r\n                <p>ACE discusses Europe\u2019s housing challenges with the European Commission\u2019s Task Force on Housing<\/p>\r\n        <p>The meeting provided a valuable opportunity to exchange views on how Europe can tackle housing affordability, accelerate the renovation of the existing building stock, and ensure that future housing solutions foster healthy, inclusive, and resilient living environments.\n\n<\/p>\r\n        <p>Julho 24, 2026<\/p>\r\n    <\/div>\r\n<\/a>                    \r\n<a class=\"ace-article ace-article-news\" href=\"https:\/\/ace-cae.eu\/pt\/news\/usquare-brussels-from-military-enclave-to-urban-campus-transforming-a-former-military-site-into-a-new-urban-district\/\">\r\n            <img decoding=\"async\" src=\"https:\/\/ace-cae.eu\/wp-content\/uploads\/2026\/07\/PHOTO-2026-07-23-19-34-25-3-358x267.jpg\" width=\"358\" height=\"267\" alt=\"\" \/>\r\n        <div class=\"ace-article-info\">\r\n                    <h3>Arquitetura sustent\u00e1vel<\/h3>\r\n                <p>USquare Brussels: From Military Enclave to Urban Campus, transforming a former military site into a new urban district<\/p>\r\n        <p>Yesterday, ACE visited U-Square Brussels, a project that exemplifies how architecture can transform existing places into resilient, inclusive, and future-oriented environments.<\/p>\r\n        <p>Julho 24, 2026<\/p>\r\n    <\/div>\r\n<\/a>                    \r\n<a class=\"ace-article ace-article-news\" href=\"https:\/\/ace-cae.eu\/pt\/news\/uia-general-assembly-elects-council-for-the-2026-2029-term\/\">\r\n            <img decoding=\"async\" src=\"https:\/\/ace-cae.eu\/wp-content\/uploads\/2026\/07\/c163c2e1-5078-404d-9e1c-e3b22edaf7bc-1-1-358x267.jpg\" width=\"358\" height=\"267\" alt=\"\" \/>\r\n        <div class=\"ace-article-info\">\r\n                    <h3>Governa\u00e7\u00e3o<\/h3>\r\n                <p>UIA General Assembly elects Council for the 2026\u20132029 term<\/p>\r\n        <p>The General Assembly of the International Union of Architects (UIA), held in Barcelona, has elected the members of the UIA Council for the 2026\u20132029 term.<\/p>\r\n        <p>Julho 23, 2026<\/p>\r\n    <\/div>\r\n<\/a>                    \r\n<a class=\"ace-article ace-article-news\" href=\"https:\/\/ace-cae.eu\/pt\/news\/form-follows-transformation-begins-its-european-journey-in-barcelona\/\">\r\n            <img decoding=\"async\" src=\"https:\/\/ace-cae.eu\/wp-content\/uploads\/2026\/07\/RedGrey_Dhub_final_01072026-20-358x267.jpg\" width=\"358\" height=\"267\" alt=\"\" \/>\r\n        <div class=\"ace-article-info\">\r\n                    <h3>Events, Exhibition<\/h3>\r\n                <p>\u201cForm Follows Transformation\u201d Begins Its European Journey in Barcelona<\/p>\r\n        <p>As part of the UIA World Congress of Architects 2026 in Barcelona, the Architects\u2019 Council of Europe premiered its exhibition \u201cForm Follows Transformation: Moments that Redefine Europe\u2019s Existing Buildings<\/p>\r\n        <p>Julho 15, 2026<\/p>\r\n    <\/div>\r\n<\/a>                    \r\n<a class=\"ace-article ace-article-news\" href=\"https:\/\/ace-cae.eu\/pt\/news\/ace-hosts-high-level-debate-on-the-future-of-europes-existing-buildings-at-the-uia-world-congress\/\">\r\n            <img decoding=\"async\" src=\"https:\/\/ace-cae.eu\/wp-content\/uploads\/2026\/07\/2026-06-29-15.09.26-358x267.jpg\" width=\"358\" height=\"267\" alt=\"\" \/>\r\n        <div class=\"ace-article-info\">\r\n                    <h3>Conference, Events<\/h3>\r\n                <p>ACE Hosts High-Level Debate on the Future of Europe&#8217;s Existing Buildings at the UIA World Congress<\/p>\r\n        <p>On 29 June 2026, in the framework of the UIA World Congress of Architects in Barcelona, the Architects&#8217; Council of Europe (ACE) organised the policy seminar &#8220;Form Follows Transformation: Moments that Redefine Europe&#8217;s Existing Buildings.&#8221; <\/p>\r\n        <p>Julho 13, 2026<\/p>\r\n    <\/div>\r\n<\/a>                    \r\n<a class=\"ace-article ace-article-news\" href=\"https:\/\/ace-cae.eu\/pt\/news\/romanian-order-of-architects-holds-national-conference-2026\/\">\r\n            <img decoding=\"async\" src=\"https:\/\/ace-cae.eu\/wp-content\/uploads\/2026\/06\/WhatsApp-Image-2026-06-20-at-11.36.59-1-358x267.jpeg\" width=\"358\" height=\"267\" alt=\"\" \/>\r\n        <div class=\"ace-article-info\">\r\n                <p>Romanian Order of Architects Holds National Conference 2026<\/p>\r\n        <p>The National Conference of the Romanian Order of Architects (OAR) took place on 20\u201321 June 2026, bringing together territorial delegates and members of the National Council for two days of institutional review, strategic discussion, and elections for the 2026\u20132030 mandate.<\/p>\r\n        <p>Junho 23, 2026<\/p>\r\n    <\/div>\r\n<\/a>                    <\/div>\n    <nav class=\"ace-articles-nav\">\n        <a href=\"#\" class=\"ace-nav-prev\"><\/a>\n        <a href=\"#\" class=\"ace-nav-next\"><\/a>\n    <\/nav>\n<\/div>\n            <div class=\"ace-section-actions\">\n                                                                <button\n                        class=\"ace-load-more\"\n                        data-page-count=\"17\"\n                        data-feed-type=\"news\"\n                        data-showposts=\"10\"\n                        data-list-selector=\".ace-articles-list\"\n                    >\n                        Carregar mais\n                    <\/button>\n                            \n                    <\/div>\n    <\/div>","protected":false},"excerpt":{"rendered":"","protected":false},"author":4,"featured_media":0,"parent":0,"menu_order":0,"comment_status":"closed","ping_status":"closed","template":"","meta":{"inline_featured_image":false,"footnotes":""},"thematic-scope":[],"class_list":["post-716","page","type-page","status-publish","hentry"],"yoast_head":"<!-- This site is optimized with the Yoast SEO Premium plugin v25.3 (Yoast SEO v28.4) - https:\/\/yoast.com\/product\/yoast-seo-premium-wordpress\/ -->\n<title>News - Architects&#039; Council of Europe<\/title>\n<meta name=\"robots\" content=\"index, follow, max-snippet:-1, max-image-preview:large, max-video-preview:-1\" \/>\n<link rel=\"canonical\" href=\"https:\/\/ace-cae.eu\/pt\/news\/\" \/>\n<meta property=\"og:locale\" content=\"pt_PT\" \/>\n<meta property=\"og:type\" content=\"article\" \/>\n<meta property=\"og:title\" content=\"News\" \/>\n<meta property=\"og:url\" content=\"https:\/\/ace-cae.eu\/pt\/news\/\" \/>\n<meta property=\"og:site_name\" content=\"Architects&#039; Council of Europe\" \/>\n<meta property=\"article:publisher\" content=\"https:\/\/www.facebook.com\/ArchitectsEU\" \/>\n<meta property=\"article:modified_time\" content=\"2025-09-09T09:51:40+00:00\" \/>\n<meta property=\"og:image\" content=\"https:\/\/ace-cae.eu\/wp-content\/uploads\/2024\/12\/ace-cae-sm.jpg\" \/>\n\t<meta property=\"og:image:width\" content=\"2667\" \/>\n\t<meta property=\"og:image:height\" content=\"1500\" \/>\n\t<meta property=\"og:image:type\" content=\"image\/jpeg\" \/>\n<meta name=\"twitter:card\" content=\"summary_large_image\" \/>\n<meta name=\"twitter:site\" content=\"@Ace_Cae\" \/>\n<script type=\"application\/ld+json\" class=\"yoast-schema-graph\">{\"@context\":\"https:\\\/\\\/schema.org\",\"@graph\":[{\"@type\":\"WebPage\",\"@id\":\"https:\\\/\\\/ace-cae.eu\\\/news\\\/\",\"url\":\"https:\\\/\\\/ace-cae.eu\\\/news\\\/\",\"name\":\"News - Architects&#039; Council of Europe\",\"isPartOf\":{\"@id\":\"https:\\\/\\\/ace-cae.eu\\\/#website\"},\"datePublished\":\"2024-11-14T06:51:24+00:00\",\"dateModified\":\"2025-09-09T09:51:40+00:00\",\"breadcrumb\":{\"@id\":\"https:\\\/\\\/ace-cae.eu\\\/news\\\/#breadcrumb\"},\"inLanguage\":\"pt-PT\",\"potentialAction\":[{\"@type\":\"ReadAction\",\"target\":[\"https:\\\/\\\/ace-cae.eu\\\/news\\\/\"]}]},{\"@type\":\"BreadcrumbList\",\"@id\":\"https:\\\/\\\/ace-cae.eu\\\/news\\\/#breadcrumb\",\"itemListElement\":[{\"@type\":\"ListItem\",\"position\":1,\"name\":\"Home\",\"item\":\"https:\\\/\\\/ace-cae.eu\\\/\"},{\"@type\":\"ListItem\",\"position\":2,\"name\":\"News\"}]},{\"@type\":\"WebSite\",\"@id\":\"https:\\\/\\\/ace-cae.eu\\\/#website\",\"url\":\"https:\\\/\\\/ace-cae.eu\\\/\",\"name\":\"Architects' Council of Europe\",\"description\":\"High-quality architecture and living environments for all.\",\"publisher\":{\"@id\":\"https:\\\/\\\/ace-cae.eu\\\/#organization\"},\"alternateName\":\"ACE-CAE\",\"potentialAction\":[{\"@type\":\"SearchAction\",\"target\":{\"@type\":\"EntryPoint\",\"urlTemplate\":\"https:\\\/\\\/ace-cae.eu\\\/?s={search_term_string}\"},\"query-input\":{\"@type\":\"PropertyValueSpecification\",\"valueRequired\":true,\"valueName\":\"search_term_string\"}}],\"inLanguage\":\"pt-PT\"},{\"@type\":\"Organization\",\"@id\":\"https:\\\/\\\/ace-cae.eu\\\/#organization\",\"name\":\"Architects' Council of Europe\",\"alternateName\":\"ACE-CAE\",\"url\":\"https:\\\/\\\/ace-cae.eu\\\/\",\"logo\":{\"@type\":\"ImageObject\",\"inLanguage\":\"pt-PT\",\"@id\":\"https:\\\/\\\/ace-cae.eu\\\/#\\\/schema\\\/logo\\\/image\\\/\",\"url\":\"https:\\\/\\\/ace-cae.eu\\\/wp-content\\\/uploads\\\/2024\\\/12\\\/logo.svg\",\"contentUrl\":\"https:\\\/\\\/ace-cae.eu\\\/wp-content\\\/uploads\\\/2024\\\/12\\\/logo.svg\",\"width\":136,\"height\":42,\"caption\":\"Architects' Council of Europe\"},\"image\":{\"@id\":\"https:\\\/\\\/ace-cae.eu\\\/#\\\/schema\\\/logo\\\/image\\\/\"},\"sameAs\":[\"https:\\\/\\\/www.facebook.com\\\/ArchitectsEU\",\"https:\\\/\\\/x.com\\\/Ace_Cae\",\"https:\\\/\\\/www.linkedin.com\\\/company\\\/architects-council-of-europe-ace-\",\"https:\\\/\\\/www.instagram.com\\\/ace.archi.eu\\\/\",\"https:\\\/\\\/www.youtube.com\\\/@architectscouncilofeurope-8375\"],\"description\":\"The Architects\u2019 Council of Europe (ACE) is the representative organisation for the architecture at European level. Its growing membership currently consists of 52 Member Organisations, which are the regulatory and professional representative bodies in all EU Member States, Accession Countries, the UK, Switzerland and Norway, and 6 Observers Members \u2013 Serbia, Kosovo, Ukraine, Montenegro, Macedonia and Moldova. Through them, for 30 years, the ACE represents the interests of over half a million architects from 36 countries in Europe.\",\"email\":\"info@ace-cae.eu\",\"telephone\":\"+32 2 543 11 40\",\"legalName\":\"Conseil des Architectes d\u2019Europe AISBL\",\"foundingDate\":\"1900-05-11\",\"vatID\":\"BE 0464 884 970\",\"ownershipFundingInfo\":\"https:\\\/\\\/ace-cae.eu\\\/imprint\\\/\"}]}<\/script>\n<!-- \/ Yoast SEO Premium plugin. -->","yoast_head_json":{"title":"News - Architects&#039; Council of Europe","robots":{"index":"index","follow":"follow","max-snippet":"max-snippet:-1","max-image-preview":"max-image-preview:large","max-video-preview":"max-video-preview:-1"},"canonical":"https:\/\/ace-cae.eu\/pt\/news\/","og_locale":"pt_PT","og_type":"article","og_title":"News","og_url":"https:\/\/ace-cae.eu\/pt\/news\/","og_site_name":"Architects&#039; Council of Europe","article_publisher":"https:\/\/www.facebook.com\/ArchitectsEU","article_modified_time":"2025-09-09T09:51:40+00:00","og_image":[{"width":2667,"height":1500,"url":"https:\/\/ace-cae.eu\/wp-content\/uploads\/2024\/12\/ace-cae-sm.jpg","type":"image\/jpeg"}],"twitter_card":"summary_large_image","twitter_site":"@Ace_Cae","schema":{"@context":"https:\/\/schema.org","@graph":[{"@type":"WebPage","@id":"https:\/\/ace-cae.eu\/news\/","url":"https:\/\/ace-cae.eu\/news\/","name":"News - Architects&#039; Council of Europe","isPartOf":{"@id":"https:\/\/ace-cae.eu\/#website"},"datePublished":"2024-11-14T06:51:24+00:00","dateModified":"2025-09-09T09:51:40+00:00","breadcrumb":{"@id":"https:\/\/ace-cae.eu\/news\/#breadcrumb"},"inLanguage":"pt-PT","potentialAction":[{"@type":"ReadAction","target":["https:\/\/ace-cae.eu\/news\/"]}]},{"@type":"BreadcrumbList","@id":"https:\/\/ace-cae.eu\/news\/#breadcrumb","itemListElement":[{"@type":"ListItem","position":1,"name":"Home","item":"https:\/\/ace-cae.eu\/"},{"@type":"ListItem","position":2,"name":"News"}]},{"@type":"WebSite","@id":"https:\/\/ace-cae.eu\/#website","url":"https:\/\/ace-cae.eu\/","name":"Architects' Council of Europe","description":"High-quality architecture and living environments for all.","publisher":{"@id":"https:\/\/ace-cae.eu\/#organization"},"alternateName":"ACE-CAE","potentialAction":[{"@type":"SearchAction","target":{"@type":"EntryPoint","urlTemplate":"https:\/\/ace-cae.eu\/?s={search_term_string}"},"query-input":{"@type":"PropertyValueSpecification","valueRequired":true,"valueName":"search_term_string"}}],"inLanguage":"pt-PT"},{"@type":"Organization","@id":"https:\/\/ace-cae.eu\/#organization","name":"Architects' Council of Europe","alternateName":"ACE-CAE","url":"https:\/\/ace-cae.eu\/","logo":{"@type":"ImageObject","inLanguage":"pt-PT","@id":"https:\/\/ace-cae.eu\/#\/schema\/logo\/image\/","url":"https:\/\/ace-cae.eu\/wp-content\/uploads\/2024\/12\/logo.svg","contentUrl":"https:\/\/ace-cae.eu\/wp-content\/uploads\/2024\/12\/logo.svg","width":136,"height":42,"caption":"Architects' Council of Europe"},"image":{"@id":"https:\/\/ace-cae.eu\/#\/schema\/logo\/image\/"},"sameAs":["https:\/\/www.facebook.com\/ArchitectsEU","https:\/\/x.com\/Ace_Cae","https:\/\/www.linkedin.com\/company\/architects-council-of-europe-ace-","https:\/\/www.instagram.com\/ace.archi.eu\/","https:\/\/www.youtube.com\/@architectscouncilofeurope-8375"],"description":"The Architects\u2019 Council of Europe (ACE) is the representative organisation for the architecture at European level. Its growing membership currently consists of 52 Member Organisations, which are the regulatory and professional representative bodies in all EU Member States, Accession Countries, the UK, Switzerland and Norway, and 6 Observers Members \u2013 Serbia, Kosovo, Ukraine, Montenegro, Macedonia and Moldova. Through them, for 30 years, the ACE represents the interests of over half a million architects from 36 countries in Europe.","email":"info@ace-cae.eu","telephone":"+32 2 543 11 40","legalName":"Conseil des Architectes d\u2019Europe AISBL","foundingDate":"1900-05-11","vatID":"BE 0464 884 970","ownershipFundingInfo":"https:\/\/ace-cae.eu\/imprint\/"}]}},"_links":{"self":[{"href":"https:\/\/ace-cae.eu\/pt\/wp-json\/wp\/v2\/pages\/716","targetHints":{"allow":["GET"]}}],"collection":[{"href":"https:\/\/ace-cae.eu\/pt\/wp-json\/wp\/v2\/pages"}],"about":[{"href":"https:\/\/ace-cae.eu\/pt\/wp-json\/wp\/v2\/types\/page"}],"author":[{"embeddable":true,"href":"https:\/\/ace-cae.eu\/pt\/wp-json\/wp\/v2\/users\/4"}],"replies":[{"embeddable":true,"href":"https:\/\/ace-cae.eu\/pt\/wp-json\/wp\/v2\/comments?post=716"}],"version-history":[{"count":0,"href":"https:\/\/ace-cae.eu\/pt\/wp-json\/wp\/v2\/pages\/716\/revisions"}],"wp:attachment":[{"href":"https:\/\/ace-cae.eu\/pt\/wp-json\/wp\/v2\/media?parent=716"}],"wp:term":[{"taxonomy":"thematic-scope","embeddable":true,"href":"https:\/\/ace-cae.eu\/pt\/wp-json\/wp\/v2\/thematic-scope?post=716"}],"curies":[{"name":"wp","href":"https:\/\/api.w.org\/{rel}","templated":true}]}}