{"id":1150,"date":"2024-12-05T14:06:46","date_gmt":"2024-12-05T14:06:46","guid":{"rendered":"https:\/\/ace-cae.eu\/?page_id=1150"},"modified":"2025-02-28T16:21:05","modified_gmt":"2025-02-28T15:21:05","slug":"education-cpd-traineeship","status":"publish","type":"page","link":"https:\/\/ace-cae.eu\/it\/education-cpd-traineeship\/","title":{"rendered":"Istruzione, formazione professionale continua, tirocinio"},"content":{"rendered":"<section class=\"ace-section ace-section-architects-in-europe ace-color-cream-light wp-block-ace-map-section\" data-map-type=\"cpd\">\n    <div\n        class=\"ace-map\"\n        data-show-popup=\"1\"\n        data-show-dropdown=\"1\"\n        data-popup-content=\"cpd\"\n        data-active-countries='[\"Cyprus\",\"Denmark\",\"Germany\",\"Ireland\",\"Lithuania\",\"Luxembourg\",\"Norway\",\"Serbia\",\"Slovakia\",\"Slovenia\",\"Sweden\"]'\n        data-questions='[]'\n        >\n        <div class=\"ace-map-viewport\"><\/div>\n                    <div class=\"ace-popup\">\n                <a href=\"#\" class=\"ace-popup-close\"><\/a>\n                <div class=\"ace-popup-inner\">\n                <\/div>\n                <div class=\"ace-popup-actions\">\n                                        <a href=\"#\" class=\"ace-button ace-go-to-country-button\">VAI AL PAESE<\/a>\n                <\/div>\n            <\/div>\n            <\/div>\n        <div class=\"ace-map-content\">\n        \n\n<h1 class=\"wp-block-heading is-style-atlas-type has-ace-secondary-color has-text-color has-link-color wp-elements-d3f5cc83cd107d677ca4b251a646a4a0\" id=\"h-access-to-the-profession\">Accesso alla professione<\/h1>\n\n\n\n<h1 class=\"wp-block-heading\" id=\"h-how-to-become-an-architect-in-europe\">Come diventare architetto in Europa?<\/h1>\n\n\n\n<p>Secondo lo studio settoriale ACE 2022, nel 2022 pi\u00f9 di un architetto su cinque ha studiato in un altro paese. Esplora i diversi percorsi per qualificarti come architetto in Europa.<\/p>\n\n\n        \n                    <select>\n                <option value=\"\" selected disabled>Seleziona paese<\/option>\n                                    <option value=\"Cyprus\">Cipro<\/option>\n                                    <option value=\"Denmark\">Danimarca<\/option>\n                                    <option value=\"Germany\">Germania<\/option>\n                                    <option value=\"Ireland\">Irlanda<\/option>\n                                    <option value=\"Lithuania\">Lituania<\/option>\n                                    <option value=\"Luxembourg\">Lussemburgo<\/option>\n                                    <option value=\"Norway\">Norvegia<\/option>\n                                    <option value=\"Serbia\">Serbia<\/option>\n                                    <option value=\"Slovakia\">Slovacchia<\/option>\n                                    <option value=\"Slovenia\">Slovenia<\/option>\n                                    <option value=\"Sweden\">Svezia<\/option>\n                            <\/select>\n        \n            <\/div>\n    <\/section>\n\n\n<section class=\"ace-section ace-section-article ace-section-in-the-spotlight ace-color-green-dark ace-section-publications wp-block-ace-article\">\n    <a href=\"https:\/\/ace-cae.eu\/it\/publication\/ace-checklist-for-international-collaboration\/\">\n        <h1>\n            <span class=\"ace-font-outline ace-highlight\">Sotto i riflettori<\/span>\n            <br \/>Pubblicazione in evidenza        <\/h1>\n                    <img decoding=\"async\" class=\"ace-publication-thumb\" src=\"https:\/\/ace-cae.eu\/wp-content\/uploads\/2024\/10\/EPhjVEdXUA01Niw-466x657.jpg\" \/>\n                <h2>Collaborazione internazionale tra architetti checklist<\/h2>\n        <p>L'ACE ha stabilito una lista di controllo per facilitare la collaborazione internazionale tra architetti. Se hai deciso<\/p>\n        <p>Giugno 23, 2020<\/p>\n    <\/a>\n<\/section>\n\n\n<div class=\"wp-block-ace-section ace-section\">\n<div class=\"wp-block-columns is-layout-flex wp-container-core-columns-is-layout-9d6595d7 wp-block-columns-is-layout-flex\">\n<div class=\"wp-block-column is-layout-flow wp-block-column-is-layout-flow\">\n<h1 class=\"wp-block-heading is-style-atlas-type has-ace-secondary-color has-text-color has-link-color wp-elements-e18e53a70ded8acb28313cfbdec9baed\" id=\"h-continuing-professional-development-cpd\">Sviluppo professionale continuo (CPD)<\/h1>\n\n\n\n<h1 class=\"wp-block-heading\" id=\"h-ensuring-the-upskilling-of-professionals\">Garantire il miglioramento delle competenze dei professionisti<\/h1>\n\n\n\n<p>L'apprendimento permanente \u00e8 saldamente radicato nella deontologia professionale degli architetti4e lo sviluppo professionale continuo (CPD) \u00e8 fortemente incoraggiato e sostenuto dagli organismi professionali e dagli istituti di istruzione superiore, che sono i principali fornitori di programmi di CPD in molti paesi. <a href=\"https:\/\/ace-cae.eu\/wp-content\/uploads\/2025\/01\/CPD_Guidelines_EN.pdf\">Leggi le linee guida ACE sui sistemi CPD.<\/a><\/p>\n<\/div>\n\n\n\n<div class=\"wp-block-column is-vertically-aligned-center is-layout-flow wp-block-column-is-layout-flow\">\n<figure class=\"wp-block-image size-large\"><img decoding=\"async\" width=\"1024\" height=\"536\" src=\"https:\/\/ace-cae.eu\/wp-content\/uploads\/2024\/09\/practice-and-jobs-1024x536.jpg\" alt=\"\" class=\"wp-image-45\" srcset=\"https:\/\/ace-cae.eu\/wp-content\/uploads\/2024\/09\/practice-and-jobs-1024x536.jpg 1024w, https:\/\/ace-cae.eu\/wp-content\/uploads\/2024\/09\/practice-and-jobs-300x157.jpg 300w, https:\/\/ace-cae.eu\/wp-content\/uploads\/2024\/09\/practice-and-jobs-768x402.jpg 768w, https:\/\/ace-cae.eu\/wp-content\/uploads\/2024\/09\/practice-and-jobs-1536x804.jpg 1536w, https:\/\/ace-cae.eu\/wp-content\/uploads\/2024\/09\/practice-and-jobs-2048x1072.jpg 2048w, https:\/\/ace-cae.eu\/wp-content\/uploads\/2024\/09\/practice-and-jobs-18x9.jpg 18w, https:\/\/ace-cae.eu\/wp-content\/uploads\/2024\/09\/practice-and-jobs-233x122.jpg 233w, https:\/\/ace-cae.eu\/wp-content\/uploads\/2024\/09\/practice-and-jobs-466x244.jpg 466w, https:\/\/ace-cae.eu\/wp-content\/uploads\/2024\/09\/practice-and-jobs-145x76.jpg 145w, https:\/\/ace-cae.eu\/wp-content\/uploads\/2024\/09\/practice-and-jobs-290x152.jpg 290w\" sizes=\"(max-width: 1024px) 100vw, 1024px\" \/><\/figure>\n<\/div>\n<\/div>\n<\/div>\n\n\n\n<div class=\"wp-block-ace-section ace-section is-style-cream-light\">\n<div class=\"wp-block-columns is-layout-flex wp-container-core-columns-is-layout-9d6595d7 wp-block-columns-is-layout-flex\">\n<div class=\"wp-block-column is-vertically-aligned-center is-layout-flow wp-block-column-is-layout-flow\">\n<figure class=\"wp-block-image size-large\"><img decoding=\"async\" width=\"1024\" height=\"536\" src=\"https:\/\/ace-cae.eu\/wp-content\/uploads\/2024\/09\/practice-and-jobs-1024x536.jpg\" alt=\"\" class=\"wp-image-45\" srcset=\"https:\/\/ace-cae.eu\/wp-content\/uploads\/2024\/09\/practice-and-jobs-1024x536.jpg 1024w, https:\/\/ace-cae.eu\/wp-content\/uploads\/2024\/09\/practice-and-jobs-300x157.jpg 300w, https:\/\/ace-cae.eu\/wp-content\/uploads\/2024\/09\/practice-and-jobs-768x402.jpg 768w, https:\/\/ace-cae.eu\/wp-content\/uploads\/2024\/09\/practice-and-jobs-1536x804.jpg 1536w, https:\/\/ace-cae.eu\/wp-content\/uploads\/2024\/09\/practice-and-jobs-2048x1072.jpg 2048w, https:\/\/ace-cae.eu\/wp-content\/uploads\/2024\/09\/practice-and-jobs-18x9.jpg 18w, https:\/\/ace-cae.eu\/wp-content\/uploads\/2024\/09\/practice-and-jobs-233x122.jpg 233w, https:\/\/ace-cae.eu\/wp-content\/uploads\/2024\/09\/practice-and-jobs-466x244.jpg 466w, https:\/\/ace-cae.eu\/wp-content\/uploads\/2024\/09\/practice-and-jobs-145x76.jpg 145w, https:\/\/ace-cae.eu\/wp-content\/uploads\/2024\/09\/practice-and-jobs-290x152.jpg 290w\" sizes=\"(max-width: 1024px) 100vw, 1024px\" \/><\/figure>\n<\/div>\n\n\n\n<div class=\"wp-block-column is-layout-flow wp-block-column-is-layout-flow\">\n<h1 class=\"wp-block-heading\" id=\"h-professional-traineeship\">Tirocinio professionale<\/h1>\n\n\n\n<p>I tirocini professionali consentono ai giovani professionisti di sviluppare le loro competenze, sviluppare le loro conoscenze e aumentare le loro possibilit\u00e0 di ottenere un impiego e consentire ai datori di lavoro di avvalersi di nuove competenze e conoscenze.<\/p>\n<\/div>\n<\/div>\n<\/div>\n\n\n\n<div class=\"wp-block-ace-section ace-section\">\n<div class=\"wp-block-columns is-layout-flex wp-container-core-columns-is-layout-9d6595d7 wp-block-columns-is-layout-flex\">\n<div class=\"wp-block-column is-layout-flow wp-block-column-is-layout-flow\">\n<h1 class=\"wp-block-heading is-style-default\" id=\"h-driving-innovation-in-the-sector-through-research\">Promuovere l'innovazione nel settore attraverso la ricerca<\/h1>\n\n\n\n<p>La conoscenza della ricerca pu\u00f2 consentire alle pratiche architettoniche, grandi e piccole, di evidenziare il loro ruolo nell'affrontare le sfide chiave del nostro tempo e mostrare come l'architettura di alta qualit\u00e0 contribuisca alla creazione di valore e al raggiungimento degli obiettivi di sviluppo sostenibile.<\/p>\n\n\n\n<p>La raccolta di dati sul valore dell'architettura generata attraverso la ricerca \u00e8 essenziale per garantire la posizione dell'architetto come consulente del cliente e leader dei team di progetto e per rafforzare il business case per investire nella progettazione.<\/p>\n<\/div>\n\n\n\n<div class=\"wp-block-column is-vertically-aligned-center is-layout-flow wp-block-column-is-layout-flow\">\n<figure class=\"wp-block-image size-large\"><img decoding=\"async\" width=\"1024\" height=\"536\" src=\"https:\/\/ace-cae.eu\/wp-content\/uploads\/2024\/09\/practice-and-jobs-1024x536.jpg\" alt=\"\" class=\"wp-image-45\" srcset=\"https:\/\/ace-cae.eu\/wp-content\/uploads\/2024\/09\/practice-and-jobs-1024x536.jpg 1024w, https:\/\/ace-cae.eu\/wp-content\/uploads\/2024\/09\/practice-and-jobs-300x157.jpg 300w, https:\/\/ace-cae.eu\/wp-content\/uploads\/2024\/09\/practice-and-jobs-768x402.jpg 768w, https:\/\/ace-cae.eu\/wp-content\/uploads\/2024\/09\/practice-and-jobs-1536x804.jpg 1536w, https:\/\/ace-cae.eu\/wp-content\/uploads\/2024\/09\/practice-and-jobs-2048x1072.jpg 2048w, https:\/\/ace-cae.eu\/wp-content\/uploads\/2024\/09\/practice-and-jobs-18x9.jpg 18w, https:\/\/ace-cae.eu\/wp-content\/uploads\/2024\/09\/practice-and-jobs-233x122.jpg 233w, https:\/\/ace-cae.eu\/wp-content\/uploads\/2024\/09\/practice-and-jobs-466x244.jpg 466w, https:\/\/ace-cae.eu\/wp-content\/uploads\/2024\/09\/practice-and-jobs-145x76.jpg 145w, https:\/\/ace-cae.eu\/wp-content\/uploads\/2024\/09\/practice-and-jobs-290x152.jpg 290w\" sizes=\"(max-width: 1024px) 100vw, 1024px\" \/><\/figure>\n<\/div>\n<\/div>\n<\/div>\n\n\n\n<div class=\"wp-block-ace-section ace-section is-style-cream-light\">\n<div class=\"wp-block-columns is-layout-flex wp-container-core-columns-is-layout-9d6595d7 wp-block-columns-is-layout-flex\">\n<div class=\"wp-block-column is-layout-flow wp-block-column-is-layout-flow\">\n<figure class=\"wp-block-image size-full is-resized\"><img decoding=\"async\" width=\"824\" height=\"234\" src=\"https:\/\/ace-cae.eu\/wp-content\/uploads\/2024\/12\/horizon-2020.png\" alt=\"\" class=\"wp-image-1154\" style=\"width:410px\" srcset=\"https:\/\/ace-cae.eu\/wp-content\/uploads\/2024\/12\/horizon-2020.png 824w, https:\/\/ace-cae.eu\/wp-content\/uploads\/2024\/12\/horizon-2020-300x85.png 300w, https:\/\/ace-cae.eu\/wp-content\/uploads\/2024\/12\/horizon-2020-768x218.png 768w, https:\/\/ace-cae.eu\/wp-content\/uploads\/2024\/12\/horizon-2020-18x5.png 18w, https:\/\/ace-cae.eu\/wp-content\/uploads\/2024\/12\/horizon-2020-233x66.png 233w, https:\/\/ace-cae.eu\/wp-content\/uploads\/2024\/12\/horizon-2020-466x132.png 466w, https:\/\/ace-cae.eu\/wp-content\/uploads\/2024\/12\/horizon-2020-205x58.png 205w, https:\/\/ace-cae.eu\/wp-content\/uploads\/2024\/12\/horizon-2020-410x116.png 410w\" sizes=\"(max-width: 824px) 100vw, 824px\" \/><\/figure>\n\n\n\n<p>Orizzonte Europa \u00e8 l'ambizioso programma quadro dell'UE per la ricerca e l'innovazione per il periodo 2021-2027, con un bilancio di 95,5 miliardi di EUR. I suoi obiettivi generali sono: rafforzare le basi scientifiche e tecnologiche dell'UE e lo Spazio europeo della ricerca (SER); rafforzare la capacit\u00e0 di innovazione, la competitivit\u00e0 e l'occupazione dell'Europa; realizzare le priorit\u00e0 dei cittadini e sostenere il nostro modello e i nostri valori socioeconomici.<\/p>\n\n\n\n<p>con particolare attenzione alla creazione di impatto o al Green Deal europeo, alla transizione digitale e alla sostenibilit\u00e0 e alla ripresa dalla crisi del coronavirus.<\/p>\n\n\n\n<p>Per ulteriori informazioni, consultare il sito web di Orizzonte Europa.<\/p>\n\n\n\n<div class=\"wp-block-buttons ace-buttons is-layout-flex wp-block-buttons-is-layout-flex\">\n<div class=\"wp-block-button\"><a class=\"wp-block-button__link wp-element-button\">Scopri di pi\u00f9<\/a><\/div>\n<\/div>\n\n\n\n<figure class=\"wp-block-image size-full is-resized\"><img decoding=\"async\" width=\"440\" height=\"174\" src=\"https:\/\/ace-cae.eu\/wp-content\/uploads\/2024\/12\/erasmus.png\" alt=\"\" class=\"wp-image-1157\" style=\"width:220px\" srcset=\"https:\/\/ace-cae.eu\/wp-content\/uploads\/2024\/12\/erasmus.png 440w, https:\/\/ace-cae.eu\/wp-content\/uploads\/2024\/12\/erasmus-300x119.png 300w, https:\/\/ace-cae.eu\/wp-content\/uploads\/2024\/12\/erasmus-18x7.png 18w, https:\/\/ace-cae.eu\/wp-content\/uploads\/2024\/12\/erasmus-233x92.png 233w, https:\/\/ace-cae.eu\/wp-content\/uploads\/2024\/12\/erasmus-192x76.png 192w, https:\/\/ace-cae.eu\/wp-content\/uploads\/2024\/12\/erasmus-384x152.png 384w\" sizes=\"(max-width: 440px) 100vw, 440px\" \/><\/figure>\n\n\n\n<p>Per 35 anni, l'UE ha finanziato il programma Erasmus, che ha permesso a oltre tre milioni di studenti europei di trascorrere parte dei loro studi in un altro istituto di istruzione superiore o con un'organizzazione in Europa.<br>Erasmus+ offre tali opportunit\u00e0 a tutti: studenti, personale, tirocinanti, insegnanti, volontari e altro ancora. Non si tratta solo dell'Europa o degli europei: con Erasmus+, le persone di tutto il mondo possono accedere alle opportunit\u00e0.<br>con particolare attenzione alla creazione di impatto o al Green Deal europeo, alla transizione digitale e alla sostenibilit\u00e0 e alla ripresa dalla crisi del coronavirus.<\/p>\n\n\n\n<p>Per ulteriori informazioni, consultare il sito web di Orizzonte Europa.<\/p>\n\n\n\n<div class=\"wp-block-buttons ace-buttons is-layout-flex wp-block-buttons-is-layout-flex\">\n<div class=\"wp-block-button\"><a class=\"wp-block-button__link wp-element-button\">Scopri di pi\u00f9<\/a><\/div>\n<\/div>\n<\/div>\n\n\n\n<div class=\"wp-block-column is-layout-flow wp-block-column-is-layout-flow\">\n<figure class=\"wp-block-image size-large is-resized\"><img decoding=\"async\" width=\"1024\" height=\"110\" src=\"https:\/\/ace-cae.eu\/wp-content\/uploads\/2024\/12\/LIFE-Climate-Change-Mitigation-Adaptation-1024x110.png\" alt=\"\" class=\"wp-image-1156\" style=\"width:416px;height:auto\" srcset=\"https:\/\/ace-cae.eu\/wp-content\/uploads\/2024\/12\/LIFE-Climate-Change-Mitigation-Adaptation-1024x110.png 1024w, https:\/\/ace-cae.eu\/wp-content\/uploads\/2024\/12\/LIFE-Climate-Change-Mitigation-Adaptation-300x32.png 300w, https:\/\/ace-cae.eu\/wp-content\/uploads\/2024\/12\/LIFE-Climate-Change-Mitigation-Adaptation-768x82.png 768w, https:\/\/ace-cae.eu\/wp-content\/uploads\/2024\/12\/LIFE-Climate-Change-Mitigation-Adaptation-18x2.png 18w, https:\/\/ace-cae.eu\/wp-content\/uploads\/2024\/12\/LIFE-Climate-Change-Mitigation-Adaptation-233x25.png 233w, https:\/\/ace-cae.eu\/wp-content\/uploads\/2024\/12\/LIFE-Climate-Change-Mitigation-Adaptation-466x50.png 466w, https:\/\/ace-cae.eu\/wp-content\/uploads\/2024\/12\/LIFE-Climate-Change-Mitigation-Adaptation-205x22.png 205w, https:\/\/ace-cae.eu\/wp-content\/uploads\/2024\/12\/LIFE-Climate-Change-Mitigation-Adaptation-410x44.png 410w, https:\/\/ace-cae.eu\/wp-content\/uploads\/2024\/12\/LIFE-Climate-Change-Mitigation-Adaptation.png 1120w\" sizes=\"(max-width: 1024px) 100vw, 1024px\" \/><\/figure>\n\n\n\n<p>Il programma LIFE \u00e8 lo strumento finanziario dell'UE a sostegno di progetti in materia di ambiente, conservazione della natura e azione per il clima in tutta l'UE. Dal 1992 LIFE ha cofinanziato pi\u00f9 di 4500 progetti.<\/p>\n\n\n\n<div class=\"wp-block-buttons ace-buttons is-layout-flex wp-block-buttons-is-layout-flex\">\n<div class=\"wp-block-button\"><a class=\"wp-block-button__link wp-element-button\">Scopri di pi\u00f9<\/a><\/div>\n<\/div>\n\n\n\n<figure class=\"wp-block-image size-full is-resized\"><img decoding=\"async\" width=\"590\" height=\"188\" src=\"https:\/\/ace-cae.eu\/wp-content\/uploads\/2024\/12\/creative-europe.png\" alt=\"\" class=\"wp-image-1155\" style=\"width:295px\" srcset=\"https:\/\/ace-cae.eu\/wp-content\/uploads\/2024\/12\/creative-europe.png 590w, https:\/\/ace-cae.eu\/wp-content\/uploads\/2024\/12\/creative-europe-300x96.png 300w, https:\/\/ace-cae.eu\/wp-content\/uploads\/2024\/12\/creative-europe-18x6.png 18w, https:\/\/ace-cae.eu\/wp-content\/uploads\/2024\/12\/creative-europe-233x74.png 233w, https:\/\/ace-cae.eu\/wp-content\/uploads\/2024\/12\/creative-europe-466x148.png 466w, https:\/\/ace-cae.eu\/wp-content\/uploads\/2024\/12\/creative-europe-205x65.png 205w, https:\/\/ace-cae.eu\/wp-content\/uploads\/2024\/12\/creative-europe-410x131.png 410w\" sizes=\"(max-width: 590px) 100vw, 590px\" \/><\/figure>\n\n\n\n<p>Europa creativa \u00e8 il programma faro della Commissione europea a sostegno dei settori della cultura e dell'audiovisivo.<br>Il programma Europa creativa 2021-2027 dispone di un bilancio di 2,44 miliardi di EUR, rispetto a 1,47 miliardi di EUR del programma precedente (2014-2020). Europa creativa investe in azioni che rafforzano la diversit\u00e0 culturale e rispondono alle esigenze e alle sfide dei settori culturali e creativi.<br>Gli obiettivi principali del programma sono:<br>\u2022 salvaguardare, sviluppare e promuovere la diversit\u00e0 e il patrimonio culturale e linguistico europei<br>\u2022 aumentare la competitivit\u00e0 e il potenziale economico dei settori culturali e creativi, in particolare del settore audiovisivo<br>Le novit\u00e0 del programma contribuiranno alla ripresa di questi settori, rafforzando i loro sforzi per diventare pi\u00f9 inclusivi, pi\u00f9 digitali e pi\u00f9 sostenibili dal punto di vista ambientale.<\/p>\n\n\n\n<div class=\"wp-block-buttons ace-buttons is-layout-flex wp-block-buttons-is-layout-flex\">\n<div class=\"wp-block-button\"><a class=\"wp-block-button__link wp-element-button\">Scopri di pi\u00f9<\/a><\/div>\n<\/div>\n<\/div>\n<\/div>\n<\/div>","protected":false},"excerpt":{"rendered":"","protected":false},"author":4,"featured_media":1370,"parent":0,"menu_order":0,"comment_status":"closed","ping_status":"closed","template":"","meta":{"inline_featured_image":false,"footnotes":""},"thematic-scope":[],"class_list":["post-1150","page","type-page","status-publish","has-post-thumbnail","hentry"],"yoast_head":"<!-- This site is optimized with the Yoast SEO Premium plugin v25.3 (Yoast SEO v27.4) - https:\/\/yoast.com\/product\/yoast-seo-premium-wordpress\/ -->\n<title>Education, CPD, traineeship - Architects&#039; Council of Europe<\/title>\n<meta name=\"robots\" content=\"index, follow, max-snippet:-1, max-image-preview:large, max-video-preview:-1\" \/>\n<link rel=\"canonical\" href=\"https:\/\/ace-cae.eu\/it\/education-cpd-traineeship\/\" \/>\n<meta property=\"og:locale\" content=\"it_IT\" \/>\n<meta property=\"og:type\" content=\"article\" \/>\n<meta property=\"og:title\" content=\"Education, CPD, traineeship\" \/>\n<meta property=\"og:url\" content=\"https:\/\/ace-cae.eu\/it\/education-cpd-traineeship\/\" \/>\n<meta property=\"og:site_name\" content=\"Architects&#039; Council of Europe\" \/>\n<meta property=\"article:publisher\" content=\"https:\/\/www.facebook.com\/ArchitectsEU\" \/>\n<meta property=\"article:modified_time\" content=\"2025-02-28T15:21:05+00:00\" \/>\n<meta property=\"og:image\" content=\"https:\/\/ace-cae.eu\/wp-content\/uploads\/2024\/12\/CPT-Peru-Eleazar-Cuadros-scaled.jpg\" \/>\n\t<meta property=\"og:image:width\" content=\"2560\" \/>\n\t<meta property=\"og:image:height\" content=\"1440\" \/>\n\t<meta property=\"og:image:type\" content=\"image\/jpeg\" \/>\n<meta name=\"twitter:card\" content=\"summary_large_image\" \/>\n<meta name=\"twitter:site\" content=\"@Ace_Cae\" \/>\n<meta name=\"twitter:label1\" content=\"Tempo di lettura stimato\" \/>\n\t<meta name=\"twitter:data1\" content=\"5 minuti\" \/>\n<script type=\"application\/ld+json\" class=\"yoast-schema-graph\">{\"@context\":\"https:\\\/\\\/schema.org\",\"@graph\":[{\"@type\":\"WebPage\",\"@id\":\"https:\\\/\\\/ace-cae.eu\\\/education-cpd-traineeship\\\/\",\"url\":\"https:\\\/\\\/ace-cae.eu\\\/education-cpd-traineeship\\\/\",\"name\":\"Education, CPD, traineeship - Architects&#039; Council of Europe\",\"isPartOf\":{\"@id\":\"https:\\\/\\\/ace-cae.eu\\\/#website\"},\"primaryImageOfPage\":{\"@id\":\"https:\\\/\\\/ace-cae.eu\\\/education-cpd-traineeship\\\/#primaryimage\"},\"image\":{\"@id\":\"https:\\\/\\\/ace-cae.eu\\\/education-cpd-traineeship\\\/#primaryimage\"},\"thumbnailUrl\":\"https:\\\/\\\/ace-cae.eu\\\/wp-content\\\/uploads\\\/2024\\\/12\\\/CPT-Peru-Eleazar-Cuadros-scaled.jpg\",\"datePublished\":\"2024-12-05T14:06:46+00:00\",\"dateModified\":\"2025-02-28T15:21:05+00:00\",\"breadcrumb\":{\"@id\":\"https:\\\/\\\/ace-cae.eu\\\/education-cpd-traineeship\\\/#breadcrumb\"},\"inLanguage\":\"it-IT\",\"potentialAction\":[{\"@type\":\"ReadAction\",\"target\":[\"https:\\\/\\\/ace-cae.eu\\\/education-cpd-traineeship\\\/\"]}]},{\"@type\":\"ImageObject\",\"inLanguage\":\"it-IT\",\"@id\":\"https:\\\/\\\/ace-cae.eu\\\/education-cpd-traineeship\\\/#primaryimage\",\"url\":\"https:\\\/\\\/ace-cae.eu\\\/wp-content\\\/uploads\\\/2024\\\/12\\\/CPT-Peru-Eleazar-Cuadros-scaled.jpg\",\"contentUrl\":\"https:\\\/\\\/ace-cae.eu\\\/wp-content\\\/uploads\\\/2024\\\/12\\\/CPT-Peru-Eleazar-Cuadros-scaled.jpg\",\"width\":2560,\"height\":1440},{\"@type\":\"BreadcrumbList\",\"@id\":\"https:\\\/\\\/ace-cae.eu\\\/education-cpd-traineeship\\\/#breadcrumb\",\"itemListElement\":[{\"@type\":\"ListItem\",\"position\":1,\"name\":\"Home\",\"item\":\"https:\\\/\\\/ace-cae.eu\\\/\"},{\"@type\":\"ListItem\",\"position\":2,\"name\":\"Education, CPD, traineeship\"}]},{\"@type\":\"WebSite\",\"@id\":\"https:\\\/\\\/ace-cae.eu\\\/#website\",\"url\":\"https:\\\/\\\/ace-cae.eu\\\/\",\"name\":\"Architects' Council of Europe\",\"description\":\"High-quality architecture and living environments for all.\",\"publisher\":{\"@id\":\"https:\\\/\\\/ace-cae.eu\\\/#organization\"},\"alternateName\":\"ACE-CAE\",\"potentialAction\":[{\"@type\":\"SearchAction\",\"target\":{\"@type\":\"EntryPoint\",\"urlTemplate\":\"https:\\\/\\\/ace-cae.eu\\\/?s={search_term_string}\"},\"query-input\":{\"@type\":\"PropertyValueSpecification\",\"valueRequired\":true,\"valueName\":\"search_term_string\"}}],\"inLanguage\":\"it-IT\"},{\"@type\":\"Organization\",\"@id\":\"https:\\\/\\\/ace-cae.eu\\\/#organization\",\"name\":\"Architects' Council of Europe\",\"alternateName\":\"ACE-CAE\",\"url\":\"https:\\\/\\\/ace-cae.eu\\\/\",\"logo\":{\"@type\":\"ImageObject\",\"inLanguage\":\"it-IT\",\"@id\":\"https:\\\/\\\/ace-cae.eu\\\/#\\\/schema\\\/logo\\\/image\\\/\",\"url\":\"https:\\\/\\\/ace-cae.eu\\\/wp-content\\\/uploads\\\/2024\\\/12\\\/logo.svg\",\"contentUrl\":\"https:\\\/\\\/ace-cae.eu\\\/wp-content\\\/uploads\\\/2024\\\/12\\\/logo.svg\",\"width\":136,\"height\":42,\"caption\":\"Architects' Council of Europe\"},\"image\":{\"@id\":\"https:\\\/\\\/ace-cae.eu\\\/#\\\/schema\\\/logo\\\/image\\\/\"},\"sameAs\":[\"https:\\\/\\\/www.facebook.com\\\/ArchitectsEU\",\"https:\\\/\\\/x.com\\\/Ace_Cae\",\"https:\\\/\\\/www.linkedin.com\\\/company\\\/architects-council-of-europe-ace-\",\"https:\\\/\\\/www.instagram.com\\\/ace.archi.eu\\\/\",\"https:\\\/\\\/www.youtube.com\\\/@architectscouncilofeurope-8375\"],\"description\":\"The Architects\u2019 Council of Europe (ACE) is the representative organisation for the architecture at European level. Its growing membership currently consists of 52 Member Organisations, which are the regulatory and professional representative bodies in all EU Member States, Accession Countries, the UK, Switzerland and Norway, and 6 Observers Members \u2013 Serbia, Kosovo, Ukraine, Montenegro, Macedonia and Moldova. Through them, for 30 years, the ACE represents the interests of over half a million architects from 36 countries in Europe.\",\"email\":\"info@ace-cae.eu\",\"telephone\":\"+32 2 543 11 40\",\"legalName\":\"Conseil des Architectes d\u2019Europe AISBL\",\"foundingDate\":\"1900-05-11\",\"vatID\":\"BE 0464 884 970\",\"ownershipFundingInfo\":\"https:\\\/\\\/ace-cae.eu\\\/imprint\\\/\"}]}<\/script>\n<!-- \/ Yoast SEO Premium plugin. -->","yoast_head_json":{"title":"Education, CPD, traineeship - Architects&#039; Council of Europe","robots":{"index":"index","follow":"follow","max-snippet":"max-snippet:-1","max-image-preview":"max-image-preview:large","max-video-preview":"max-video-preview:-1"},"canonical":"https:\/\/ace-cae.eu\/it\/education-cpd-traineeship\/","og_locale":"it_IT","og_type":"article","og_title":"Education, CPD, traineeship","og_url":"https:\/\/ace-cae.eu\/it\/education-cpd-traineeship\/","og_site_name":"Architects&#039; Council of Europe","article_publisher":"https:\/\/www.facebook.com\/ArchitectsEU","article_modified_time":"2025-02-28T15:21:05+00:00","og_image":[{"width":2560,"height":1440,"url":"https:\/\/ace-cae.eu\/wp-content\/uploads\/2024\/12\/CPT-Peru-Eleazar-Cuadros-scaled.jpg","type":"image\/jpeg"}],"twitter_card":"summary_large_image","twitter_site":"@Ace_Cae","twitter_misc":{"Tempo di lettura stimato":"5 minuti"},"schema":{"@context":"https:\/\/schema.org","@graph":[{"@type":"WebPage","@id":"https:\/\/ace-cae.eu\/education-cpd-traineeship\/","url":"https:\/\/ace-cae.eu\/education-cpd-traineeship\/","name":"Education, CPD, traineeship - Architects&#039; Council of Europe","isPartOf":{"@id":"https:\/\/ace-cae.eu\/#website"},"primaryImageOfPage":{"@id":"https:\/\/ace-cae.eu\/education-cpd-traineeship\/#primaryimage"},"image":{"@id":"https:\/\/ace-cae.eu\/education-cpd-traineeship\/#primaryimage"},"thumbnailUrl":"https:\/\/ace-cae.eu\/wp-content\/uploads\/2024\/12\/CPT-Peru-Eleazar-Cuadros-scaled.jpg","datePublished":"2024-12-05T14:06:46+00:00","dateModified":"2025-02-28T15:21:05+00:00","breadcrumb":{"@id":"https:\/\/ace-cae.eu\/education-cpd-traineeship\/#breadcrumb"},"inLanguage":"it-IT","potentialAction":[{"@type":"ReadAction","target":["https:\/\/ace-cae.eu\/education-cpd-traineeship\/"]}]},{"@type":"ImageObject","inLanguage":"it-IT","@id":"https:\/\/ace-cae.eu\/education-cpd-traineeship\/#primaryimage","url":"https:\/\/ace-cae.eu\/wp-content\/uploads\/2024\/12\/CPT-Peru-Eleazar-Cuadros-scaled.jpg","contentUrl":"https:\/\/ace-cae.eu\/wp-content\/uploads\/2024\/12\/CPT-Peru-Eleazar-Cuadros-scaled.jpg","width":2560,"height":1440},{"@type":"BreadcrumbList","@id":"https:\/\/ace-cae.eu\/education-cpd-traineeship\/#breadcrumb","itemListElement":[{"@type":"ListItem","position":1,"name":"Home","item":"https:\/\/ace-cae.eu\/"},{"@type":"ListItem","position":2,"name":"Education, CPD, traineeship"}]},{"@type":"WebSite","@id":"https:\/\/ace-cae.eu\/#website","url":"https:\/\/ace-cae.eu\/","name":"Architects' Council of Europe","description":"High-quality architecture and living environments for all.","publisher":{"@id":"https:\/\/ace-cae.eu\/#organization"},"alternateName":"ACE-CAE","potentialAction":[{"@type":"SearchAction","target":{"@type":"EntryPoint","urlTemplate":"https:\/\/ace-cae.eu\/?s={search_term_string}"},"query-input":{"@type":"PropertyValueSpecification","valueRequired":true,"valueName":"search_term_string"}}],"inLanguage":"it-IT"},{"@type":"Organization","@id":"https:\/\/ace-cae.eu\/#organization","name":"Architects' Council of Europe","alternateName":"ACE-CAE","url":"https:\/\/ace-cae.eu\/","logo":{"@type":"ImageObject","inLanguage":"it-IT","@id":"https:\/\/ace-cae.eu\/#\/schema\/logo\/image\/","url":"https:\/\/ace-cae.eu\/wp-content\/uploads\/2024\/12\/logo.svg","contentUrl":"https:\/\/ace-cae.eu\/wp-content\/uploads\/2024\/12\/logo.svg","width":136,"height":42,"caption":"Architects' Council of Europe"},"image":{"@id":"https:\/\/ace-cae.eu\/#\/schema\/logo\/image\/"},"sameAs":["https:\/\/www.facebook.com\/ArchitectsEU","https:\/\/x.com\/Ace_Cae","https:\/\/www.linkedin.com\/company\/architects-council-of-europe-ace-","https:\/\/www.instagram.com\/ace.archi.eu\/","https:\/\/www.youtube.com\/@architectscouncilofeurope-8375"],"description":"The Architects\u2019 Council of Europe (ACE) is the representative organisation for the architecture at European level. Its growing membership currently consists of 52 Member Organisations, which are the regulatory and professional representative bodies in all EU Member States, Accession Countries, the UK, Switzerland and Norway, and 6 Observers Members \u2013 Serbia, Kosovo, Ukraine, Montenegro, Macedonia and Moldova. Through them, for 30 years, the ACE represents the interests of over half a million architects from 36 countries in Europe.","email":"info@ace-cae.eu","telephone":"+32 2 543 11 40","legalName":"Conseil des Architectes d\u2019Europe AISBL","foundingDate":"1900-05-11","vatID":"BE 0464 884 970","ownershipFundingInfo":"https:\/\/ace-cae.eu\/imprint\/"}]}},"_links":{"self":[{"href":"https:\/\/ace-cae.eu\/it\/wp-json\/wp\/v2\/pages\/1150","targetHints":{"allow":["GET"]}}],"collection":[{"href":"https:\/\/ace-cae.eu\/it\/wp-json\/wp\/v2\/pages"}],"about":[{"href":"https:\/\/ace-cae.eu\/it\/wp-json\/wp\/v2\/types\/page"}],"author":[{"embeddable":true,"href":"https:\/\/ace-cae.eu\/it\/wp-json\/wp\/v2\/users\/4"}],"replies":[{"embeddable":true,"href":"https:\/\/ace-cae.eu\/it\/wp-json\/wp\/v2\/comments?post=1150"}],"version-history":[{"count":0,"href":"https:\/\/ace-cae.eu\/it\/wp-json\/wp\/v2\/pages\/1150\/revisions"}],"wp:featuredmedia":[{"embeddable":true,"href":"https:\/\/ace-cae.eu\/it\/wp-json\/wp\/v2\/media\/1370"}],"wp:attachment":[{"href":"https:\/\/ace-cae.eu\/it\/wp-json\/wp\/v2\/media?parent=1150"}],"wp:term":[{"taxonomy":"thematic-scope","embeddable":true,"href":"https:\/\/ace-cae.eu\/it\/wp-json\/wp\/v2\/thematic-scope?post=1150"}],"curies":[{"name":"wp","href":"https:\/\/api.w.org\/{rel}","templated":true}]}}