{"id":817,"date":"2024-11-15T07:34:48","date_gmt":"2024-11-15T07:34:48","guid":{"rendered":"https:\/\/ace-cae.eu\/?page_id=817"},"modified":"2025-03-07T13:43:43","modified_gmt":"2025-03-07T12:43:43","slug":"events","status":"publish","type":"page","link":"https:\/\/ace-cae.eu\/de\/events\/","title":{"rendered":"Veranstaltungen"},"content":{"rendered":"<div class=\"ace-section ace-section-event-lists wp-block-ace-articles\">\n    \n<h1>Veranstaltung<\/h1>\n<div class=\"ace-tabs\">\n    <a href=\"#\" class=\"ace-tab-title ace-selected\">AKTIVE VERANSTALTUNGEN<\/a>\n    <div class=\"ace-tab-content ace-selected\" data-id=\"active-events\">\n        <div class=\"ace-articles\">\n            <div class=\"ace-articles-list\">\n                                                    \r\n<a class=\"ace-article ace-article-event\" href=\"https:\/\/ace-cae.eu\/de\/event\/tab-tallinn-architecture-biennale\/\">\r\n            <img decoding=\"async\" src=\"https:\/\/ace-cae.eu\/wp-content\/uploads\/2026\/07\/paper_hor_edit-253x191.png\" alt=\"\" width=\"253\" style=\"object-fit: cover;\" \/>\r\n        <div class=\"ace-article-info\">\r\n        <h3><\/h3>\r\n        <p>TAB &#8211; Tallinn Architecture Biennale<\/p>\r\n                    <h3>Architektur-Events in Europa<\/h3>\r\n                <p class=\"ace-article-date\">September 9, 2026 &#8211; <\/p>\r\n    <\/div>\r\n<\/a>                                    \r\n<a class=\"ace-article ace-article-event\" href=\"https:\/\/ace-cae.eu\/de\/event\/busunited-cop7-webinar-gender-balance-in-the-design-and-construction-industry\/\">\r\n            <img decoding=\"async\" src=\"https:\/\/ace-cae.eu\/wp-content\/uploads\/2026\/09\/1-253x191.png\" alt=\"\" width=\"253\" style=\"object-fit: cover;\" \/>\r\n        <div class=\"ace-article-info\">\r\n        <h3>Online<\/h3>\r\n        <p>BUSunited CoP7 Webinar \u2014 Gender Balance in the Design and Construction Industry<\/p>\r\n                    <h3>ACE EU-funded events<\/h3>\r\n                <p class=\"ace-article-date\">September 16, 2026 &#8211; 11:00 am<\/p>\r\n    <\/div>\r\n<\/a>                                    \r\n<a class=\"ace-article ace-article-event\" href=\"https:\/\/ace-cae.eu\/de\/event\/10th-eesc-liberal-professions-day-conference-preparedness-in-the-eu-the-role-of-the-liberal-professions\/\">\r\n            <img decoding=\"async\" src=\"https:\/\/ace-cae.eu\/wp-content\/uploads\/2026\/08\/Capture-decran-2026-08-18-a-14.41.34-253x191.png\" alt=\"\" width=\"253\" style=\"object-fit: cover;\" \/>\r\n        <div class=\"ace-article-info\">\r\n        <h3><\/h3>\r\n        <p>10th EESC Liberal Professions Day: Conference &#8211; Preparedness in the EU: the role of the liberal professions<\/p>\r\n                    <h3>EU-Veranstaltungen<\/h3>\r\n                <p class=\"ace-article-date\">September 29, 2026 &#8211; <\/p>\r\n    <\/div>\r\n<\/a>                                    \r\n<a class=\"ace-article ace-article-event\" href=\"https:\/\/ace-cae.eu\/de\/event\/arch-e-x-ace-architectural-design-competitions-webinar-focus-on-romania-and-slovakia\/\">\r\n            <img decoding=\"async\" src=\"https:\/\/ace-cae.eu\/wp-content\/uploads\/2026\/09\/ARCH-E-WEBINAR-253x191.png\" alt=\"\" width=\"253\" style=\"object-fit: cover;\" \/>\r\n        <div class=\"ace-article-info\">\r\n        <h3>Online<\/h3>\r\n        <p>ARCH-E x ACE Architectural Design Competitions Webinar \u2014 Focus on Romania and Slovakia<\/p>\r\n                    <h3>ACE EU-finanzierte Veranstaltungen, ACE Events<\/h3>\r\n                <p class=\"ace-article-date\">September 29, 2026 &#8211; 2:00 pm<\/p>\r\n    <\/div>\r\n<\/a>                                    \r\n<a class=\"ace-article ace-article-event\" href=\"https:\/\/ace-cae.eu\/de\/event\/shaping-the-future-with-architectural-design-competitions\/\">\r\n            <img decoding=\"async\" src=\"https:\/\/ace-cae.eu\/wp-content\/uploads\/2026\/09\/unnamed-253x191.jpg\" alt=\"\" width=\"253\" style=\"object-fit: cover;\" \/>\r\n        <div class=\"ace-article-info\">\r\n        <h3>Maijansali Hall, Helsinki Central Library Oodi T\u00f6\u00f6l\u00f6nlahdenkatu 4, Helsinki, Finland<\/h3>\r\n        <p>Shaping the Future with Architectural Design Competitions\u00a0<\/p>\r\n                    <h3>Architektur-Events in Europa<\/h3>\r\n                <p class=\"ace-article-date\">October 1, 2026 &#8211; <\/p>\r\n    <\/div>\r\n<\/a>                                    \r\n<a class=\"ace-article ace-article-event\" href=\"https:\/\/ace-cae.eu\/de\/event\/arv-final-conference-transforming-the-built-environment-under-the-european-green-deal\/\">\r\n            <img decoding=\"async\" src=\"https:\/\/ace-cae.eu\/wp-content\/uploads\/2026\/09\/Copy-of-Untitled-Design-1-253x191.png\" alt=\"\" width=\"253\" style=\"object-fit: cover;\" \/>\r\n        <div class=\"ace-article-info\">\r\n        <h3>Trondheim<\/h3>\r\n        <p>ARV Final Conference: Transforming the Built Environment under the European Green Deal<\/p>\r\n                    <h3>ACE EU-finanzierte Veranstaltungen, ACE Events<\/h3>\r\n                <p class=\"ace-article-date\">October 6, 2026 &#8211; 1:00 pm<\/p>\r\n    <\/div>\r\n<\/a>                                    \r\n<a class=\"ace-article ace-article-event\" href=\"https:\/\/ace-cae.eu\/de\/event\/interarch-2026\/\">\r\n            <img decoding=\"async\" src=\"https:\/\/ace-cae.eu\/wp-content\/uploads\/2026\/07\/Capture-decran-2026-07-22-a-15.56.08-253x191.png\" alt=\"\" width=\"253\" style=\"object-fit: cover;\" \/>\r\n        <div class=\"ace-article-info\">\r\n        <h3>Sofia, Bulgaria<\/h3>\r\n        <p>INTERARCH 2026 to explore European architectural policies and a holistic approach to a world in transition<\/p>\r\n                    <h3>ACE Mitglieder Organisationen Veranstaltungen<\/h3>\r\n                <p class=\"ace-article-date\">October 15, 2026 &#8211; <\/p>\r\n    <\/div>\r\n<\/a>                                    \r\n<a class=\"ace-article ace-article-event\" href=\"https:\/\/ace-cae.eu\/de\/event\/anotherviewture-award-2026\/\">\r\n            <img decoding=\"async\" src=\"https:\/\/ace-cae.eu\/wp-content\/uploads\/2026\/07\/Capture-decran-2026-07-23-a-12.09.44-3-253x191.png\" alt=\"\" width=\"253\" style=\"object-fit: cover;\" \/>\r\n        <div class=\"ace-article-info\">\r\n        <h3>Vienna, Austria<\/h3>\r\n        <p>anotHERVIEWture AWARD 2026<\/p>\r\n                    <h3>ACE Mitglieder Organisationen Veranstaltungen<\/h3>\r\n                <p class=\"ace-article-date\">October 22, 2026 &#8211; <\/p>\r\n    <\/div>\r\n<\/a>                                            <\/div>\n            <nav class=\"ace-articles-nav\">\n                <a href=\"#\" class=\"ace-nav-prev\"><\/a>\n                <a href=\"#\" class=\"ace-nav-next\"><\/a>\n            <\/nav>\n        <\/div>\n    <\/div>\n    <a href=\"#\" class=\"ace-tab-title\">VERGANGENE VERANSTALTUNGEN<\/a>\n    <div class=\"ace-tab-content\" data-id=\"past-events\">\n        <div class=\"ace-articles\">\n            <div class=\"ace-articles-list\">\n                                                    \r\n<a class=\"ace-article ace-article-event\" href=\"https:\/\/ace-cae.eu\/de\/event\/architecture-festival-turn-on-2025-13-15-march-2025\/\">\r\n            <img decoding=\"async\" src=\"https:\/\/ace-cae.eu\/wp-content\/uploads\/2025\/01\/turnon_25_logo_2_3-253x191.png\" alt=\"\" width=\"253\" style=\"object-fit: cover;\" \/>\r\n        <div class=\"ace-article-info\">\r\n        <h3><\/h3>\r\n        <p>Architekturfestival TURN ON 2025: 13.\/15. M\u00e4rz 2025<\/p>\r\n                <p class=\"ace-article-date\"> &#8211; <\/p>\r\n    <\/div>\r\n<\/a>                                    \r\n<a class=\"ace-article ace-article-event\" href=\"https:\/\/ace-cae.eu\/de\/event\/accord-final-seminar-on-the-future-of-digital-building-permits-bim-powered-tools-and-methods\/\">\r\n            <img decoding=\"async\" src=\"https:\/\/ace-cae.eu\/wp-content\/uploads\/2025\/06\/ACCORD-final-Seminar-253x191.png\" alt=\"\" width=\"253\" style=\"object-fit: cover;\" \/>\r\n        <div class=\"ace-article-info\">\r\n        <h3><\/h3>\r\n        <p>ACCORD Final Seminar on &#8220;The Future of Digital Building Permits: BIM-Powered Tools and Methods&#8221;<\/p>\r\n                    <h3>ACE EU-finanzierte Veranstaltungen, ACE Events<\/h3>\r\n                <p class=\"ace-article-date\"> &#8211; <\/p>\r\n    <\/div>\r\n<\/a>                                    \r\n<a class=\"ace-article ace-article-event\" href=\"https:\/\/ace-cae.eu\/de\/event\/architects-as-facilitators-of-the-energy-transition-may-19-2025-at-1300-h\/\">\r\n            <img decoding=\"async\" src=\"https:\/\/ace-cae.eu\/wp-content\/uploads\/2025\/05\/Sonderborg-EN-253x191.png\" alt=\"\" width=\"253\" style=\"object-fit: cover;\" \/>\r\n        <div class=\"ace-article-info\">\r\n        <h3><\/h3>\r\n        <p>Architects as facilitators of the energy transition ARV awareness-raising event on May 19, 2025.<\/p>\r\n                    <h3>ACE EU-funded events, ACE Events, Architecture Events in Europe<\/h3>\r\n                <p class=\"ace-article-date\"> &#8211; <\/p>\r\n    <\/div>\r\n<\/a>                                    \r\n<a class=\"ace-article ace-article-event\" href=\"https:\/\/ace-cae.eu\/de\/event\/neb-opening-ceremony-featuring-official-speeches-from-president-ursula-von-der-leyen-president-antonio-costa-setting-the-stage-for-the-days-ahead\/\">\r\n            <img decoding=\"async\" src=\"https:\/\/ace-cae.eu\/wp-content\/uploads\/2026\/05\/February_vignettes_2026_Festival_E8x3nV7YJ8s1zkXWvkXFM05Xn8g_225767-253x191.jpg\" alt=\"\" width=\"253\" style=\"object-fit: cover;\" \/>\r\n        <div class=\"ace-article-info\">\r\n        <h3>Brussels, Belgium<\/h3>\r\n        <p>NEB Opening Ceremony featuring official speeches from President Ursula von der Leyen, President Antonio Costa setting the stage for the days ahead<\/p>\r\n                    <h3>EU-Veranstaltungen<\/h3>\r\n                <p class=\"ace-article-date\"> &#8211; <\/p>\r\n    <\/div>\r\n<\/a>                                    \r\n<a class=\"ace-article ace-article-event\" href=\"https:\/\/ace-cae.eu\/de\/event\/accord-webinar-on-digital-building-permit-pilots-outcomes-for-standardization-policy-making-and-decision-makers-on-may-14-2025\/\">\r\n            <img decoding=\"async\" src=\"https:\/\/ace-cae.eu\/wp-content\/uploads\/2025\/05\/ACCORD-webinar-3.png\" alt=\"\" width=\"253\" style=\"object-fit: cover;\" \/>\r\n        <div class=\"ace-article-info\">\r\n        <h3><\/h3>\r\n        <p>ACCORD webinar on Digital Building Permit Pilots: Outcomes for Standardization, Policy Making, and Decision Makers on May 14, 2025<\/p>\r\n                    <h3>ACE EU-finanzierte Veranstaltungen, ACE Events<\/h3>\r\n                <p class=\"ace-article-date\"> &#8211; <\/p>\r\n    <\/div>\r\n<\/a>                                    \r\n<a class=\"ace-article ace-article-event\" href=\"https:\/\/ace-cae.eu\/de\/event\/spain-decarbonisation-conference-29-10\/\">\r\n            <img decoding=\"async\" src=\"https:\/\/ace-cae.eu\/wp-content\/uploads\/2024\/11\/Spain_-Decarbonisation-Conference-29_10-253x191.png\" alt=\"\" width=\"253\" style=\"object-fit: cover;\" \/>\r\n        <div class=\"ace-article-info\">\r\n        <h3>Pla\u00e7a Nova, 5 \u2013 Barcelona<\/h3>\r\n        <p>Spanien: Dekarbonisierungskonferenz 29\/10<\/p>\r\n                <p class=\"ace-article-date\">29. Oktober 2024 \u2013 8.30 Uhr<\/p>\r\n    <\/div>\r\n<\/a>                                    \r\n<a class=\"ace-article ace-article-event\" href=\"https:\/\/ace-cae.eu\/de\/event\/montenegro-days-of-architecture\/\">\r\n            <img decoding=\"async\" src=\"https:\/\/ace-cae.eu\/wp-content\/uploads\/2024\/11\/Montenegro-Days-of-Architecture-253x191.jpg\" alt=\"\" width=\"253\" style=\"object-fit: cover;\" \/>\r\n        <div class=\"ace-article-info\">\r\n        <h3>Podgorica<\/h3>\r\n        <p>Montenegro:\u00a0Tage der Architektur<\/p>\r\n                <p class=\"ace-article-date\">22. November 2024 \u2013 <\/p>\r\n    <\/div>\r\n<\/a>                                    \r\n<a class=\"ace-article ace-article-event\" href=\"https:\/\/ace-cae.eu\/de\/event\/test-event\/\">\r\n            <img decoding=\"async\" src=\"https:\/\/ace-cae.eu\/wp-content\/uploads\/2024\/09\/Invitation-ACE-conference_po-253x191.jpg\" alt=\"\" width=\"253\" style=\"object-fit: cover;\" \/>\r\n        <div class=\"ace-article-info\">\r\n        <h3>Online<\/h3>\r\n        <p>ACE \u2013 Europa-Nostra-Konferenz: \u201eNeues Europ\u00e4isches Bauhaus \u2013 Heritage &amp; Transformation\u201c<\/p>\r\n                <p class=\"ace-article-date\">28. November 2024 \u2013 <\/p>\r\n    <\/div>\r\n<\/a>                                            <\/div>\n            <nav class=\"ace-articles-nav\">\n                <a href=\"#\" class=\"ace-nav-prev\"><\/a>\n                <a href=\"#\" class=\"ace-nav-next\"><\/a>\n            <\/nav>\n        <\/div>\n    <\/div>\n<\/div>\n            <div class=\"ace-section-actions\">\n                                                                <button\n                        class=\"ace-load-more\"\n                        data-page-count=\"13\"\n                        data-feed-type=\"events\"\n                        data-showposts=\"8\"\n                        data-list-selector=\".ace-articles-list\"\n                    >\n                        LADEN SIE MEHR\n                    <\/button>\n                            \n                    <\/div>\n    <\/div>","protected":false},"excerpt":{"rendered":"","protected":false},"author":4,"featured_media":0,"parent":0,"menu_order":0,"comment_status":"closed","ping_status":"closed","template":"","meta":{"inline_featured_image":false,"footnotes":""},"thematic-scope":[],"class_list":["post-817","page","type-page","status-publish","hentry"],"yoast_head":"<!-- This site is optimized with the Yoast SEO Premium plugin v25.3 (Yoast SEO v28.4) - https:\/\/yoast.com\/product\/yoast-seo-premium-wordpress\/ -->\n<title>Events - Architects&#039; Council of Europe<\/title>\n<meta name=\"robots\" content=\"index, follow, max-snippet:-1, max-image-preview:large, max-video-preview:-1\" \/>\n<link rel=\"canonical\" href=\"https:\/\/ace-cae.eu\/de\/events\/\" \/>\n<meta property=\"og:locale\" content=\"de_DE\" \/>\n<meta property=\"og:type\" content=\"article\" \/>\n<meta property=\"og:title\" content=\"Events\" \/>\n<meta property=\"og:url\" content=\"https:\/\/ace-cae.eu\/de\/events\/\" \/>\n<meta property=\"og:site_name\" content=\"Architects&#039; Council of Europe\" \/>\n<meta property=\"article:publisher\" content=\"https:\/\/www.facebook.com\/ArchitectsEU\" \/>\n<meta property=\"article:modified_time\" content=\"2025-03-07T12:43:43+00:00\" \/>\n<meta property=\"og:image\" content=\"https:\/\/ace-cae.eu\/wp-content\/uploads\/2024\/12\/ace-cae-sm.jpg\" \/>\n\t<meta property=\"og:image:width\" content=\"2667\" \/>\n\t<meta property=\"og:image:height\" content=\"1500\" \/>\n\t<meta property=\"og:image:type\" content=\"image\/jpeg\" \/>\n<meta name=\"twitter:card\" content=\"summary_large_image\" \/>\n<meta name=\"twitter:site\" content=\"@Ace_Cae\" \/>\n<script type=\"application\/ld+json\" class=\"yoast-schema-graph\">{\"@context\":\"https:\\\/\\\/schema.org\",\"@graph\":[{\"@type\":\"WebPage\",\"@id\":\"https:\\\/\\\/ace-cae.eu\\\/events\\\/\",\"url\":\"https:\\\/\\\/ace-cae.eu\\\/events\\\/\",\"name\":\"Events - Architects&#039; Council of Europe\",\"isPartOf\":{\"@id\":\"https:\\\/\\\/ace-cae.eu\\\/#website\"},\"datePublished\":\"2024-11-15T07:34:48+00:00\",\"dateModified\":\"2025-03-07T12:43:43+00:00\",\"breadcrumb\":{\"@id\":\"https:\\\/\\\/ace-cae.eu\\\/events\\\/#breadcrumb\"},\"inLanguage\":\"de\",\"potentialAction\":[{\"@type\":\"ReadAction\",\"target\":[\"https:\\\/\\\/ace-cae.eu\\\/events\\\/\"]}]},{\"@type\":\"BreadcrumbList\",\"@id\":\"https:\\\/\\\/ace-cae.eu\\\/events\\\/#breadcrumb\",\"itemListElement\":[{\"@type\":\"ListItem\",\"position\":1,\"name\":\"Home\",\"item\":\"https:\\\/\\\/ace-cae.eu\\\/\"},{\"@type\":\"ListItem\",\"position\":2,\"name\":\"Events\"}]},{\"@type\":\"WebSite\",\"@id\":\"https:\\\/\\\/ace-cae.eu\\\/#website\",\"url\":\"https:\\\/\\\/ace-cae.eu\\\/\",\"name\":\"Architects' Council of Europe\",\"description\":\"High-quality architecture and living environments for all.\",\"publisher\":{\"@id\":\"https:\\\/\\\/ace-cae.eu\\\/#organization\"},\"alternateName\":\"ACE-CAE\",\"potentialAction\":[{\"@type\":\"SearchAction\",\"target\":{\"@type\":\"EntryPoint\",\"urlTemplate\":\"https:\\\/\\\/ace-cae.eu\\\/?s={search_term_string}\"},\"query-input\":{\"@type\":\"PropertyValueSpecification\",\"valueRequired\":true,\"valueName\":\"search_term_string\"}}],\"inLanguage\":\"de\"},{\"@type\":\"Organization\",\"@id\":\"https:\\\/\\\/ace-cae.eu\\\/#organization\",\"name\":\"Architects' Council of Europe\",\"alternateName\":\"ACE-CAE\",\"url\":\"https:\\\/\\\/ace-cae.eu\\\/\",\"logo\":{\"@type\":\"ImageObject\",\"inLanguage\":\"de\",\"@id\":\"https:\\\/\\\/ace-cae.eu\\\/#\\\/schema\\\/logo\\\/image\\\/\",\"url\":\"https:\\\/\\\/ace-cae.eu\\\/wp-content\\\/uploads\\\/2024\\\/12\\\/logo.svg\",\"contentUrl\":\"https:\\\/\\\/ace-cae.eu\\\/wp-content\\\/uploads\\\/2024\\\/12\\\/logo.svg\",\"width\":136,\"height\":42,\"caption\":\"Architects' Council of Europe\"},\"image\":{\"@id\":\"https:\\\/\\\/ace-cae.eu\\\/#\\\/schema\\\/logo\\\/image\\\/\"},\"sameAs\":[\"https:\\\/\\\/www.facebook.com\\\/ArchitectsEU\",\"https:\\\/\\\/x.com\\\/Ace_Cae\",\"https:\\\/\\\/www.linkedin.com\\\/company\\\/architects-council-of-europe-ace-\",\"https:\\\/\\\/www.instagram.com\\\/ace.archi.eu\\\/\",\"https:\\\/\\\/www.youtube.com\\\/@architectscouncilofeurope-8375\"],\"description\":\"The Architects\u2019 Council of Europe (ACE) is the representative organisation for the architecture at European level. Its growing membership currently consists of 52 Member Organisations, which are the regulatory and professional representative bodies in all EU Member States, Accession Countries, the UK, Switzerland and Norway, and 6 Observers Members \u2013 Serbia, Kosovo, Ukraine, Montenegro, Macedonia and Moldova. Through them, for 30 years, the ACE represents the interests of over half a million architects from 36 countries in Europe.\",\"email\":\"info@ace-cae.eu\",\"telephone\":\"+32 2 543 11 40\",\"legalName\":\"Conseil des Architectes d\u2019Europe AISBL\",\"foundingDate\":\"1900-05-11\",\"vatID\":\"BE 0464 884 970\",\"ownershipFundingInfo\":\"https:\\\/\\\/ace-cae.eu\\\/imprint\\\/\"}]}<\/script>\n<!-- \/ Yoast SEO Premium plugin. -->","yoast_head_json":{"title":"Events - Architects&#039; Council of Europe","robots":{"index":"index","follow":"follow","max-snippet":"max-snippet:-1","max-image-preview":"max-image-preview:large","max-video-preview":"max-video-preview:-1"},"canonical":"https:\/\/ace-cae.eu\/de\/events\/","og_locale":"de_DE","og_type":"article","og_title":"Events","og_url":"https:\/\/ace-cae.eu\/de\/events\/","og_site_name":"Architects&#039; Council of Europe","article_publisher":"https:\/\/www.facebook.com\/ArchitectsEU","article_modified_time":"2025-03-07T12:43:43+00:00","og_image":[{"width":2667,"height":1500,"url":"https:\/\/ace-cae.eu\/wp-content\/uploads\/2024\/12\/ace-cae-sm.jpg","type":"image\/jpeg"}],"twitter_card":"summary_large_image","twitter_site":"@Ace_Cae","schema":{"@context":"https:\/\/schema.org","@graph":[{"@type":"WebPage","@id":"https:\/\/ace-cae.eu\/events\/","url":"https:\/\/ace-cae.eu\/events\/","name":"Events - Architects&#039; Council of Europe","isPartOf":{"@id":"https:\/\/ace-cae.eu\/#website"},"datePublished":"2024-11-15T07:34:48+00:00","dateModified":"2025-03-07T12:43:43+00:00","breadcrumb":{"@id":"https:\/\/ace-cae.eu\/events\/#breadcrumb"},"inLanguage":"de","potentialAction":[{"@type":"ReadAction","target":["https:\/\/ace-cae.eu\/events\/"]}]},{"@type":"BreadcrumbList","@id":"https:\/\/ace-cae.eu\/events\/#breadcrumb","itemListElement":[{"@type":"ListItem","position":1,"name":"Home","item":"https:\/\/ace-cae.eu\/"},{"@type":"ListItem","position":2,"name":"Events"}]},{"@type":"WebSite","@id":"https:\/\/ace-cae.eu\/#website","url":"https:\/\/ace-cae.eu\/","name":"Architects' Council of Europe","description":"High-quality architecture and living environments for all.","publisher":{"@id":"https:\/\/ace-cae.eu\/#organization"},"alternateName":"ACE-CAE","potentialAction":[{"@type":"SearchAction","target":{"@type":"EntryPoint","urlTemplate":"https:\/\/ace-cae.eu\/?s={search_term_string}"},"query-input":{"@type":"PropertyValueSpecification","valueRequired":true,"valueName":"search_term_string"}}],"inLanguage":"de"},{"@type":"Organization","@id":"https:\/\/ace-cae.eu\/#organization","name":"Architects' Council of Europe","alternateName":"ACE-CAE","url":"https:\/\/ace-cae.eu\/","logo":{"@type":"ImageObject","inLanguage":"de","@id":"https:\/\/ace-cae.eu\/#\/schema\/logo\/image\/","url":"https:\/\/ace-cae.eu\/wp-content\/uploads\/2024\/12\/logo.svg","contentUrl":"https:\/\/ace-cae.eu\/wp-content\/uploads\/2024\/12\/logo.svg","width":136,"height":42,"caption":"Architects' Council of Europe"},"image":{"@id":"https:\/\/ace-cae.eu\/#\/schema\/logo\/image\/"},"sameAs":["https:\/\/www.facebook.com\/ArchitectsEU","https:\/\/x.com\/Ace_Cae","https:\/\/www.linkedin.com\/company\/architects-council-of-europe-ace-","https:\/\/www.instagram.com\/ace.archi.eu\/","https:\/\/www.youtube.com\/@architectscouncilofeurope-8375"],"description":"The Architects\u2019 Council of Europe (ACE) is the representative organisation for the architecture at European level. Its growing membership currently consists of 52 Member Organisations, which are the regulatory and professional representative bodies in all EU Member States, Accession Countries, the UK, Switzerland and Norway, and 6 Observers Members \u2013 Serbia, Kosovo, Ukraine, Montenegro, Macedonia and Moldova. Through them, for 30 years, the ACE represents the interests of over half a million architects from 36 countries in Europe.","email":"info@ace-cae.eu","telephone":"+32 2 543 11 40","legalName":"Conseil des Architectes d\u2019Europe AISBL","foundingDate":"1900-05-11","vatID":"BE 0464 884 970","ownershipFundingInfo":"https:\/\/ace-cae.eu\/imprint\/"}]}},"_links":{"self":[{"href":"https:\/\/ace-cae.eu\/de\/wp-json\/wp\/v2\/pages\/817","targetHints":{"allow":["GET"]}}],"collection":[{"href":"https:\/\/ace-cae.eu\/de\/wp-json\/wp\/v2\/pages"}],"about":[{"href":"https:\/\/ace-cae.eu\/de\/wp-json\/wp\/v2\/types\/page"}],"author":[{"embeddable":true,"href":"https:\/\/ace-cae.eu\/de\/wp-json\/wp\/v2\/users\/4"}],"replies":[{"embeddable":true,"href":"https:\/\/ace-cae.eu\/de\/wp-json\/wp\/v2\/comments?post=817"}],"version-history":[{"count":0,"href":"https:\/\/ace-cae.eu\/de\/wp-json\/wp\/v2\/pages\/817\/revisions"}],"wp:attachment":[{"href":"https:\/\/ace-cae.eu\/de\/wp-json\/wp\/v2\/media?parent=817"}],"wp:term":[{"taxonomy":"thematic-scope","embeddable":true,"href":"https:\/\/ace-cae.eu\/de\/wp-json\/wp\/v2\/thematic-scope?post=817"}],"curies":[{"name":"wp","href":"https:\/\/api.w.org\/{rel}","templated":true}]}}