{"id":1165,"date":"2024-12-06T07:47:23","date_gmt":"2024-12-06T07:47:23","guid":{"rendered":"https:\/\/ace-cae.eu\/?page_id=1165"},"modified":"2026-02-12T12:34:30","modified_gmt":"2026-02-12T11:34:30","slug":"internationalisation-of-the-architectural-profession","status":"publish","type":"page","link":"https:\/\/ace-cae.eu\/de\/internationalisation-of-the-architectural-profession\/","title":{"rendered":"Internationalisierung"},"content":{"rendered":"<div class=\"wp-block-ace-section ace-section is-style-default\">\n<div class=\"wp-block-columns are-vertically-aligned-top is-layout-flex wp-container-core-columns-is-layout-9d6595d7 wp-block-columns-is-layout-flex\">\n<div class=\"wp-block-column is-vertically-aligned-top is-layout-flow wp-block-column-is-layout-flow\" style=\"flex-basis:50%\">\n<h1 class=\"wp-block-heading is-style-atlas-type has-ace-secondary-color has-text-color has-link-color wp-elements-8fe58b23cd34cc996e7af0df05684fb3\" id=\"h-internationalisation-of-the-architectural-profession\">Internationalisierung des Architektenberufs<\/h1>\n\n\n\n<p>Mit der Globalisierung der Wirtschaft und dem technologischen Fortschritt haben Architekturb\u00fcros jetzt gr\u00f6\u00dfere M\u00f6glichkeiten, grenz\u00fcberschreitend, innerhalb der Europ\u00e4ischen Union und weltweit zusammenzuarbeiten und an Projekten zu arbeiten. Laut der ACE-Sektorstudie 2022, 5% der europ\u00e4ischen Architekten arbeiteten in einem anderen EU-Mitgliedstaat und zwei Prozent au\u00dferhalb der EU. Die Studie zeigt auch, dass im vergangenen Jahr 16% 6 der Befragten hatten ernsthaft erwogen, in einem anderen EU-Mitgliedstaat zu arbeiten.% au\u00dferhalb Europas, ohne jedoch t\u00e4tig zu werden. Dar\u00fcber hinaus werden immer mehr Architekten in anderen L\u00e4ndern als ihrem eigenen ausgebildet, was ein echtes Interesse und eine wachsende F\u00e4higkeit des Berufs zeigt, sich \u00fcber Grenzen hinweg zu bewegen. Daher gibt es allen Grund zu der Annahme, dass das Potenzial f\u00fcr eine weitere Internationalisierung des Berufs stark ist, sofern Fachleute angemessene Unterst\u00fctzung finden k\u00f6nnen.<\/p>\n\n\n\n<p>Bei ACE setzen wir uns daf\u00fcr ein, die Internationalisierung des Architektenberufs voranzutreiben. Da die Welt immer vernetzter wird, war die Rolle der Architekten bei der Gestaltung der gebauten Umwelt \u00fcber Grenzen hinweg noch nie so entscheidend. Unser Ziel ist es, Architekturb\u00fcros dabei zu unterst\u00fctzen, ihre berufliche Reichweite \u00fcber Grenzen hinweg zu erweitern und sicherzustellen, dass sie gut \u00fcber Marktchancen, Vorschriften und Best Practices informiert sind.<\/p>\n\n\n\n<p><strong>Entdecken Sie auf dieser Seite eine Reihe von Ressourcen und Tools, die Architekten den Zugang zu und die Navigation auf den EU- und internationalen M\u00e4rkten erleichtern.<\/strong><\/p>\n<\/div>\n\n\n\n<div class=\"wp-block-column is-layout-flow wp-block-column-is-layout-flow\" style=\"flex-basis:50%\">\n<figure class=\"wp-block-image size-large\"><img decoding=\"async\" width=\"1024\" height=\"1024\" src=\"https:\/\/ace-cae.eu\/wp-content\/uploads\/2025\/02\/fd65bf29-bb27-41e4-97ba-698ac17bed52-1024x1024.jpg\" alt=\"\" class=\"wp-image-1888\" srcset=\"https:\/\/ace-cae.eu\/wp-content\/uploads\/2025\/02\/fd65bf29-bb27-41e4-97ba-698ac17bed52-1024x1024.jpg 1024w, https:\/\/ace-cae.eu\/wp-content\/uploads\/2025\/02\/fd65bf29-bb27-41e4-97ba-698ac17bed52-300x300.jpg 300w, https:\/\/ace-cae.eu\/wp-content\/uploads\/2025\/02\/fd65bf29-bb27-41e4-97ba-698ac17bed52-150x150.jpg 150w, https:\/\/ace-cae.eu\/wp-content\/uploads\/2025\/02\/fd65bf29-bb27-41e4-97ba-698ac17bed52-768x768.jpg 768w, https:\/\/ace-cae.eu\/wp-content\/uploads\/2025\/02\/fd65bf29-bb27-41e4-97ba-698ac17bed52-12x12.jpg 12w, https:\/\/ace-cae.eu\/wp-content\/uploads\/2025\/02\/fd65bf29-bb27-41e4-97ba-698ac17bed52-233x233.jpg 233w, https:\/\/ace-cae.eu\/wp-content\/uploads\/2025\/02\/fd65bf29-bb27-41e4-97ba-698ac17bed52-466x466.jpg 466w, https:\/\/ace-cae.eu\/wp-content\/uploads\/2025\/02\/fd65bf29-bb27-41e4-97ba-698ac17bed52-76x76.jpg 76w, https:\/\/ace-cae.eu\/wp-content\/uploads\/2025\/02\/fd65bf29-bb27-41e4-97ba-698ac17bed52-152x152.jpg 152w, https:\/\/ace-cae.eu\/wp-content\/uploads\/2025\/02\/fd65bf29-bb27-41e4-97ba-698ac17bed52.jpg 1400w\" sizes=\"(max-width: 1024px) 100vw, 1024px\" \/><\/figure>\n\n\n\n<p><em><a href=\"https:\/\/smartlinks.audiomeans.fr\/l\/archivoices-a425f6ce\">Archi\u2019Voices<\/a> \u2013 European Reflections on Exporting Services, eine Podcast-Reihe, die die Reise europ\u00e4ischer Architekten beim internationalen Ausbau ihrer Dienstleistungen einf\u00e4ngt.<\/em><\/p>\n<\/div>\n<\/div>\n\n\n\n<div class=\"wp-block-columns are-vertically-aligned-top is-layout-flex wp-container-core-columns-is-layout-9d6595d7 wp-block-columns-is-layout-flex\">\n<div class=\"wp-block-column is-vertically-aligned-top is-layout-flow wp-block-column-is-layout-flow\" style=\"flex-basis:50%\"><\/div>\n\n\n\n<div class=\"wp-block-column is-layout-flow wp-block-column-is-layout-flow\" style=\"flex-basis:50%\"><\/div>\n<\/div>\n<\/div>\n\n\n\n<section class=\"ace-section ace-section-architects-in-europe ace-color-cream-light wp-block-ace-map-section\" data-map-type=\"insurance-overview\">\n    <div\n        class=\"ace-map\"\n        data-show-popup=\"1\"\n        data-show-dropdown=\"1\"\n        data-popup-content=\"insurance-overview\"\n        data-active-countries='[\"Austria\",\"Belgium\",\"Bulgaria\",\"Czech Republic\",\"Denmark\",\"Finland\",\"France\",\"Germany\",\"Hungary\",\"Ireland\",\"Italy\",\"Luxembourg\",\"United Kingdom\",\"Poland\",\"Portugal\",\"Spain\",\"Sweden\",\"Switzerland\",\"Netherlands\"]'\n        data-questions='[{\"title\":\"Is there a legal obligation to be insured for liability?\",\"items\":[{\"title\":\"Yes\",\"countries\":[\"137\",\"132\",\"131\",\"127\",\"124\",\"120\",\"118\",\"116\",\"115\",\"112\"],\"color\":\"#BEE3BA\"},{\"title\":\"No\",\"color\":\"#EE6969\",\"countries\":[\"141\",\"139\",\"138\",\"135\",\"130\",\"129\",\"122\",\"119\",\"111\",\"110\"]},{\"title\":\"N\\\/A\",\"color\":\"#BACBC5\",\"countries\":[\"136\",\"135\",\"133\",\"126\",\"125\",\"123\",\"121\",\"117\",\"114\",\"113\",\"111\"]}]},{\"title\":\"Are there liabilities after the construction works have finished?\",\"items\":[{\"title\":\"Yes, also if there is the possibility only\",\"color\":\"#BEE3BA\",\"countries\":[\"141\",\"139\",\"138\",\"137\",\"132\",\"131\",\"130\",\"129\",\"127\",\"124\",\"122\",\"120\",\"119\",\"118\",\"116\",\"115\",\"112\",\"110\"]},{\"title\":\"No\",\"color\":\"#EE6969\"},{\"title\":\"N\\\/A\",\"color\":\"#BACBC5\",\"countries\":[\"136\",\"135\",\"133\",\"126\",\"125\",\"123\",\"121\",\"117\",\"114\",\"113\",\"111\"]}]},{\"title\":\"Does the insurer respond on a \\u201cclaims made\\u201d or \\u201cclaims arising\\u201d basis?\",\"items\":[{\"title\":\"Claims rising\",\"color\":\"#BEE3BA\",\"countries\":[\"129\",\"120\"]},{\"title\":\"Claims made\",\"color\":\"#fdd960\",\"countries\":[\"141\",\"139\",\"131\",\"118\",\"116\",\"115\"]},{\"title\":\"Both\",\"color\":\"#EE6969\",\"countries\":[\"138\",\"137\",\"132\",\"130\",\"127\",\"122\",\"119\",\"112\",\"110\"]},{\"title\":\"N\\\/A\",\"countries\":[\"136\",\"135\",\"133\",\"126\",\"125\",\"123\",\"121\",\"117\",\"113\",\"111\"],\"color\":\"#BACBC5\"}]},{\"title\":\"What is the duration of professional liability?\",\"items\":[{\"title\":\"1 to 5 years\",\"color\":\"#BEE3BA\",\"countries\":[\"139\",\"130\",\"129\",\"120\",\"115\",\"112\"]},{\"title\":\"More than 5 years\",\"color\":\"#fdd960\",\"countries\":[\"138\",\"137\",\"127\",\"124\",\"119\",\"118\",\"116\"]},{\"title\":\"Duration varies\",\"color\":\"#EE6969\",\"countries\":[\"141\",\"132\",\"131\",\"122\",\"110\"]},{\"title\":\"N\\\/A\",\"color\":\"#BACBC5\",\"countries\":[\"136\",\"135\",\"133\",\"126\",\"125\",\"124\",\"123\",\"121\",\"117\",\"114\",\"113\"]}]}]'\n        >\n        <div class=\"ace-map-viewport\"><\/div>\n                    <div class=\"ace-popup\">\n                <a href=\"#\" class=\"ace-popup-close\"><\/a>\n                <div class=\"ace-popup-inner\">\n                <\/div>\n                <div class=\"ace-popup-actions\">\n                                            <a href=\"\" class=\"ace-button ace-download-factsheet-button\">DOWNLOAD-FACTSHEET<\/a>\n                                        <a href=\"#\" class=\"ace-button ace-go-to-country-button\">GEHEN SIE ZUM LAND<\/a>\n                <\/div>\n            <\/div>\n            <\/div>\n        <div class=\"ace-map-content\">\n        \n\n<p><\/p>\n\n\n                    <h1 class=\"ace-underline\">\n                <span class=\"ace-highlight ace-font-outline\">Daten<\/span><br \/>\n                Versicherungspflichten f\u00fcr Architekten in ganz Europa\n            <\/h1>\n            <p>Sehen Sie sich unsere \u00dcbersicht der Versicherungsverpflichtungen f\u00fcr Architekten in Europa an.<\/p>\n            <ul class=\"ace-map-questions\">\n                                    <li class=\"ace-selected\">Gibt es eine gesetzliche Verpflichtung, haftpflichtversichert zu sein?<\/li1>\n                                    <li>Gibt es Verbindlichkeiten nach Abschluss der Bauarbeiten?<\/li1>\n                                    <li>Reagiert der Versicherer auf der Grundlage \u201eerhobener Forderungen\u201c oder \u201eerhobener Forderungen\u201c?<\/li1>\n                                    <li>Wie lang ist die Berufshaftpflicht?<\/li1>\n                            <\/ul>\n            <p>Klicken Sie auf jedes Land, um Factsheets zu den nationalen Versicherungsrahmen zu erhalten<\/p>\n        \n                    <select>\n                <option value=\"\" selected disabled>Land ausw\u00e4hlen<\/option>\n                                    <option value=\"Austria\">\u00d6sterreich<\/option>\n                                    <option value=\"Belgium\">Belgien<\/option>\n                                    <option value=\"Bulgaria\">Bulgarien<\/option>\n                                    <option value=\"Czech Republic\">Tschechische Republik<\/option>\n                                    <option value=\"Denmark\">D\u00e4nemark<\/option>\n                                    <option value=\"Finland\">Finnland<\/option>\n                                    <option value=\"France\">Frankreich<\/option>\n                                    <option value=\"Germany\">Deutschland<\/option>\n                                    <option value=\"Hungary\">Ungarn<\/option>\n                                    <option value=\"Ireland\">Irland<\/option>\n                                    <option value=\"Italy\">Italien<\/option>\n                                    <option value=\"Luxembourg\">Luxemburg<\/option>\n                                    <option value=\"United Kingdom\">Vereinigtes K\u00f6nigreich<\/option>\n                                    <option value=\"Poland\">Polen<\/option>\n                                    <option value=\"Portugal\">Portugal<\/option>\n                                    <option value=\"Spain\">Spanien<\/option>\n                                    <option value=\"Sweden\">Schweden<\/option>\n                                    <option value=\"Switzerland\">Schweiz<\/option>\n                                    <option value=\"Netherlands\">Niederlande<\/option>\n                            <\/select>\n        \n                    <ul class=\"ace-map-legend\" data-label=\"Legend:\">\n                                    <li data-color=\"#BEE3BA\" data-text-color=\"\">Ja<\/li>\n                                    <li data-color=\"#EE6969\" data-text-color=\"\">Nein<\/li>\n                                    <li data-color=\"#BACBC5\" data-text-color=\"\">Entf\u00e4llt<\/li>\n                            <\/ul>\n            <img decoding=\"async\" src=\"https:\/\/ace-cae.eu\/wp-content\/themes\/ace-cae\/assets\/images\/eu-co-funded-en.jpg\" class=\"ace-creative-europe-logo\" width=\"330\" height=\"68\" alt=\"\" \/>\n            <style>\n                                    .ace-map-legend li[data-color=\"#BEE3BA\"] { background-color: #BEE3BA; }\n                                    .ace-map-legend li[data-color=\"#EE6969\"] { background-color: #EE6969; }\n                                    .ace-map-legend li[data-color=\"#BACBC5\"] { background-color: #BACBC5; }\n                                    .ace-map-legend li[data-color=\"#fdd960\"] { background-color: #fdd960; }\n                                                    .ace-map-legend li[data-text-color=\"\"] { color: ; }\n                            <\/style>\n            <\/div>\n    <\/section>\n\n\n<div class=\"wp-block-ace-section ace-section is-style-default\">\n<div class=\"wp-block-columns are-vertically-aligned-top is-layout-flex wp-container-core-columns-is-layout-9d6595d7 wp-block-columns-is-layout-flex\">\n<div class=\"wp-block-column is-vertically-aligned-top is-layout-flow wp-block-column-is-layout-flow\" style=\"flex-basis:50%\">\n<h1 class=\"wp-block-heading is-style-atlas-type has-ace-secondary-color has-text-color has-link-color wp-elements-ac06cad1863c75f6244b908ea50bdc6d\" id=\"h-eu-access\">ZUGANG DER EU<\/h1>\n\n\n\n<h1 class=\"wp-block-heading\" id=\"h-how-to-register-in-another-eu-member-state\">So registrieren Sie sich in einem anderen EU-Mitgliedstaat<\/h1>\n\n\n\n<p>F\u00fcr Architekten, die in einem anderen EU-Land arbeiten m\u00f6chten, wird der Prozess dank der EU-Vorschriften zur F\u00f6rderung der Freiz\u00fcgigkeit von Fachkr\u00e4ften im europ\u00e4ischen Binnenmarkt gestrafft.<\/p>\n\n\n\n<p>Hier finden Sie eine Schritt-f\u00fcr-Schritt-Anleitung f\u00fcr die Registrierung und Aus\u00fcbung der T\u00e4tigkeit als Architekt in einem anderen EU-Land:<\/p>\n\n\n\n<p><strong>1. \u00dcberpr\u00fcfung der Anerkennung von Qualifikationen<\/strong><\/p>\n\n\n\n<p>\u2022 Automatisch<strong> <\/strong>Anerkennung<br>\u2022 \u00dcberpr\u00fcfung der nationalen Anforderungen<\/p>\n\n\n\n<p><a><\/a><strong>2. Erforderliche Dokumentation sammeln<\/strong><\/p>\n\n\n\n<p><a><\/a><strong>3. Antrag bei zust\u00e4ndigen Beh\u00f6rden einreichen<\/strong><\/p>\n<\/div>\n\n\n\n<div class=\"wp-block-column is-vertically-aligned-top is-layout-flow wp-block-column-is-layout-flow\" style=\"flex-basis:40%\"><div class=\"wp-block-image\">\n<figure class=\"aligncenter size-full\"><img decoding=\"async\" width=\"615\" height=\"647\" src=\"https:\/\/ace-cae.eu\/wp-content\/uploads\/2024\/12\/image-1.png\" alt=\"\" class=\"wp-image-1280\" srcset=\"https:\/\/ace-cae.eu\/wp-content\/uploads\/2024\/12\/image-1.png 615w, https:\/\/ace-cae.eu\/wp-content\/uploads\/2024\/12\/image-1-285x300.png 285w, https:\/\/ace-cae.eu\/wp-content\/uploads\/2024\/12\/image-1-11x12.png 11w, https:\/\/ace-cae.eu\/wp-content\/uploads\/2024\/12\/image-1-233x245.png 233w, https:\/\/ace-cae.eu\/wp-content\/uploads\/2024\/12\/image-1-466x490.png 466w, https:\/\/ace-cae.eu\/wp-content\/uploads\/2024\/12\/image-1-72x76.png 72w, https:\/\/ace-cae.eu\/wp-content\/uploads\/2024\/12\/image-1-144x152.png 144w\" sizes=\"(max-width: 615px) 100vw, 615px\" \/><\/figure>\n<\/div><\/div>\n<\/div>\n<div class=\"ace-section-actions\"><a href=\"https:\/\/ace-cae.eu\/wp-content\/uploads\/2025\/02\/HTR_EN_new.pdf\" class=\"ace-button\">Herunterladen<\/a><\/div><\/div>\n\n\n\n<div class=\"wp-block-ace-section ace-section is-style-green-dark\">\n<div class=\"wp-block-columns is-layout-flex wp-container-core-columns-is-layout-9d6595d7 wp-block-columns-is-layout-flex\">\n<div class=\"wp-block-column is-layout-flow wp-block-column-is-layout-flow\">\n<p><\/p>\n\n\n\n<h1 class=\"wp-block-heading is-style-atlas-type has-ace-secondary-color has-text-color has-link-color wp-elements-1642d292d4a421af80b9acd909efe34a\" id=\"h-in-the-spotlight\">Im Rampenlicht<\/h1>\n\n\n\n<h2 class=\"wp-block-heading\" id=\"h-ace-eu-canada-mutual-recognition-agreement-for-architects-enters-into-force\">ACE EU\u2013Canada Mutual Recognition Agreement for Architects Enters into Force<\/h2>\n\n\n\n<p>Am&nbsp;<strong>18 December 2025<\/strong>, die&nbsp;<strong>Mutual Recognition Agreement (MRA) on professional qualifications for architects between the European Union and Canada<\/strong>&nbsp;became legally binding and entered into force.<\/p>\n\n\n\n<p>The MRA follows a\u00a0<strong>Joint Recommendation by the Architects\u2019 Council of Europe (ACE)<\/strong>\u00a0und die\u00a0<strong>Canadian Architectural Licensing Authorities (CALA, now ROAC)<\/strong>\u00a0to the MRA Committee established under the\u00a0<strong>EU\u2013Canada Comprehensive Economic and Trade Agreement (CETA)<\/strong>. <\/p>\n\n\n\n<p>It enables\u00a0<strong>EU architects to obtain a licence to practise in Canada, and Canadian architects to obtain recognition in the EU<\/strong>, subject to the applicable conditions.<\/p>\n\n\n\n<p><a href=\"https:\/\/ace-cae.eu\/wp-content\/uploads\/2026\/02\/ROAC_MRA-Canada_EU_20260203.pdf\">How to become an Architect in Canada? <\/a><\/p>\n\n\n\n<p><a href=\"https:\/\/ace-cae.eu\/wp-content\/uploads\/2026\/02\/03-FEB-26-ACE-DF-MRA-Presentation-FINAL.pdf\">How to become an Architect in Europe?<\/a><\/p>\n\n\n\n<p><a href=\"https:\/\/ace-cae.eu\/de\/news\/eu-canada-mutual-recognition-agreement-for-architects-enters-into-force\/\">Lesen Sie mehr.<\/a><\/p>\n<\/div>\n\n\n\n<div class=\"wp-block-column is-vertically-aligned-center is-layout-flow wp-block-column-is-layout-flow\">\n<figure class=\"wp-block-image size-large\"><img decoding=\"async\" width=\"1024\" height=\"576\" src=\"https:\/\/ace-cae.eu\/wp-content\/uploads\/2026\/01\/ACE-Hero-Image-BG-7-1024x576.png\" alt=\"\" class=\"wp-image-3459\" srcset=\"https:\/\/ace-cae.eu\/wp-content\/uploads\/2026\/01\/ACE-Hero-Image-BG-7-1024x576.png 1024w, https:\/\/ace-cae.eu\/wp-content\/uploads\/2026\/01\/ACE-Hero-Image-BG-7-300x169.png 300w, https:\/\/ace-cae.eu\/wp-content\/uploads\/2026\/01\/ACE-Hero-Image-BG-7-768x432.png 768w, https:\/\/ace-cae.eu\/wp-content\/uploads\/2026\/01\/ACE-Hero-Image-BG-7-1536x864.png 1536w, https:\/\/ace-cae.eu\/wp-content\/uploads\/2026\/01\/ACE-Hero-Image-BG-7-18x10.png 18w, https:\/\/ace-cae.eu\/wp-content\/uploads\/2026\/01\/ACE-Hero-Image-BG-7-1200x675.png 1200w, https:\/\/ace-cae.eu\/wp-content\/uploads\/2026\/01\/ACE-Hero-Image-BG-7-233x131.png 233w, https:\/\/ace-cae.eu\/wp-content\/uploads\/2026\/01\/ACE-Hero-Image-BG-7-466x262.png 466w, https:\/\/ace-cae.eu\/wp-content\/uploads\/2026\/01\/ACE-Hero-Image-BG-7-135x76.png 135w, https:\/\/ace-cae.eu\/wp-content\/uploads\/2026\/01\/ACE-Hero-Image-BG-7-270x152.png 270w, https:\/\/ace-cae.eu\/wp-content\/uploads\/2026\/01\/ACE-Hero-Image-BG-7.png 1920w\" sizes=\"(max-width: 1024px) 100vw, 1024px\" \/><\/figure>\n<\/div>\n<\/div>\n<\/div>\n\n\n\n<div class=\"wp-block-columns is-layout-flex wp-container-core-columns-is-layout-9d6595d7 wp-block-columns-is-layout-flex\">\n<div class=\"wp-block-column is-layout-flow wp-block-column-is-layout-flow\"><\/div>\n<\/div>\n\n\n\n<div class=\"wp-block-ace-section ace-section\">\n<div class=\"wp-block-columns is-layout-flex wp-container-core-columns-is-layout-9d6595d7 wp-block-columns-is-layout-flex\">\n<div class=\"wp-block-column is-layout-flow wp-block-column-is-layout-flow\">\n<figure class=\"wp-block-image size-full\"><img decoding=\"async\" width=\"620\" height=\"372\" src=\"https:\/\/ace-cae.eu\/wp-content\/uploads\/2024\/12\/image-2.png\" alt=\"\" class=\"wp-image-1281\" srcset=\"https:\/\/ace-cae.eu\/wp-content\/uploads\/2024\/12\/image-2.png 620w, https:\/\/ace-cae.eu\/wp-content\/uploads\/2024\/12\/image-2-300x180.png 300w, https:\/\/ace-cae.eu\/wp-content\/uploads\/2024\/12\/image-2-18x12.png 18w, https:\/\/ace-cae.eu\/wp-content\/uploads\/2024\/12\/image-2-233x140.png 233w, https:\/\/ace-cae.eu\/wp-content\/uploads\/2024\/12\/image-2-466x280.png 466w, https:\/\/ace-cae.eu\/wp-content\/uploads\/2024\/12\/image-2-127x76.png 127w, https:\/\/ace-cae.eu\/wp-content\/uploads\/2024\/12\/image-2-253x152.png 253w\" sizes=\"(max-width: 620px) 100vw, 620px\" \/><\/figure>\n<\/div>\n\n\n\n<div class=\"wp-block-column is-layout-flow wp-block-column-is-layout-flow\">\n<h1 class=\"wp-block-heading is-style-atlas-type has-ace-secondary-color has-text-color has-link-color wp-elements-094e184ae13376fe740eb5f988b30013\" id=\"h-trends-of-the-architectural-profession\">Trends des Architektenberufs<\/h1>\n\n\n\n<h1 class=\"wp-block-heading\" id=\"h-explore-the-ace-sector-study\">Entdecken Sie die ACE-Sektorstudie<\/h1>\n\n\n\n<p><br>Die <a href=\"https:\/\/ace-cae.eu\/de\/publication\/ace-sector-study\/\">Studie<\/a> Es wurde mit neuen Forschungsbereichen bereichert und ist zweifellos die umfassendste Studie \u00fcber den Architektenberuf in Europa und ein wesentliches Referenzinstrument f\u00fcr alle, die sich f\u00fcr den Architektenberuf und die gebaute Umwelt interessieren. Die Sektorstudie ACE 2022 ist auch auf folgender Website abrufbar:&nbsp;<a href=\"https:\/\/aceobservatory.com\/Home.aspx?Y=2020&amp;c=Europe&amp;l=EN\">ACE-Beobachtungsstelle<\/a>&nbsp;eine neue Webplattform, die sich dem Architektenberuf widmet. Das ACE-Observatorium soll den Bericht erg\u00e4nzen und f\u00fcr zus\u00e4tzliche Tiefe sorgen. Es wurde f\u00fcr die Nutzung durch Mitgliedsorganisationen, einzelne Architekten und alle, die den Beruf erforschen m\u00f6chten, entwickelt.<\/p>\n<\/div>\n<\/div>\n<\/div>\n\n\n\n<section class=\"ace-section ace-section-article ace-section-in-the-spotlight ace-color-green-dark ace-section-publications is-style-green-dark wp-block-ace-article\">\n    <a href=\"https:\/\/ace-cae.eu\/de\/publication\/ibm-guide-internationalisation\/\">\n        <h1>\n            <span class=\"ace-font-outline ace-highlight\">Im Rampenlicht<\/span>\n            <br \/>Hervorgehobene Ver\u00f6ffentlichung        <\/h1>\n                    <img decoding=\"async\" class=\"ace-publication-thumb\" src=\"https:\/\/ace-cae.eu\/wp-content\/uploads\/2024\/10\/Export_guide_-_cover.png\" \/>\n                <h2>ACE Guide to Working Internationally<\/h2>\n        <p>This guide aims to assist architects to develop international business opportunities.<\/p>\n        <p>Oktober 18, 2024<\/p>\n    <\/a>\n<\/section>\n\n\n<div class=\"wp-block-ace-section ace-section\">\n<h1 class=\"wp-block-heading\" id=\"h-support-for-sme-internationalisation\"><strong>Unterst\u00fctzung der Internationalisierung von KMU <\/strong><\/h1>\n\n\n\n<div class=\"wp-block-columns is-layout-flex wp-container-core-columns-is-layout-9d6595d7 wp-block-columns-is-layout-flex\">\n<div class=\"wp-block-column is-layout-flow wp-block-column-is-layout-flow\" style=\"flex-basis:33.33%\">\n<figure class=\"wp-block-image size-full\"><img decoding=\"async\" width=\"1280\" height=\"800\" src=\"https:\/\/ace-cae.eu\/wp-content\/uploads\/2025\/02\/your-europe.jpg\" alt=\"\" class=\"wp-image-1950\" srcset=\"https:\/\/ace-cae.eu\/wp-content\/uploads\/2025\/02\/your-europe.jpg 1280w, https:\/\/ace-cae.eu\/wp-content\/uploads\/2025\/02\/your-europe-300x188.jpg 300w, https:\/\/ace-cae.eu\/wp-content\/uploads\/2025\/02\/your-europe-1024x640.jpg 1024w, https:\/\/ace-cae.eu\/wp-content\/uploads\/2025\/02\/your-europe-768x480.jpg 768w, https:\/\/ace-cae.eu\/wp-content\/uploads\/2025\/02\/your-europe-18x12.jpg 18w, https:\/\/ace-cae.eu\/wp-content\/uploads\/2025\/02\/your-europe-233x146.jpg 233w, https:\/\/ace-cae.eu\/wp-content\/uploads\/2025\/02\/your-europe-466x291.jpg 466w, https:\/\/ace-cae.eu\/wp-content\/uploads\/2025\/02\/your-europe-122x76.jpg 122w, https:\/\/ace-cae.eu\/wp-content\/uploads\/2025\/02\/your-europe-243x152.jpg 243w\" sizes=\"(max-width: 1280px) 100vw, 1280px\" \/><\/figure>\n<\/div>\n\n\n\n<div class=\"wp-block-column is-layout-flow wp-block-column-is-layout-flow\" style=\"flex-basis:66.66%\">\n<p><strong><a href=\"https:\/\/europa.eu\/youreurope\/index_en.htm\">Ihr Europa<\/a> \u2013 ein Online-Leitfaden f\u00fcr Gesch\u00e4fte in Europa:<\/strong><\/p>\n\n\n\n<ul class=\"wp-block-list\">\n<li>Eine einzige Anlaufstelle f\u00fcr alle EU-L\u00e4nder. \u2028<\/li>\n\n\n\n<li>Praktische Informationen \u00fcber die wichtigsten Schritte f\u00fcr die Gr\u00fcndung eines Unternehmens in jedem Land. \u2028<\/li>\n\n\n\n<li>Eine mehrsprachige Website mit Informationen in allen EU-Sprachen und Norwegisch.<\/li>\n\n\n\n<li>Einfacher Zugang zu Online-Formularen, um Verwaltungsverfahren von zu Hause aus abzuwickeln. \u2028<\/li>\n\n\n\n<li>Links zu lokalen Organisationen zur Unterst\u00fctzung von Unternehmen f\u00fcr personalisierte Hilfe und Beratung.<\/li>\n<\/ul>\n<\/div>\n<\/div>\n\n\n\n<div class=\"wp-block-columns is-layout-flex wp-container-core-columns-is-layout-9d6595d7 wp-block-columns-is-layout-flex\">\n<div class=\"wp-block-column is-layout-flow wp-block-column-is-layout-flow\" style=\"flex-basis:33.33%\">\n<figure class=\"wp-block-image size-full\"><img decoding=\"async\" width=\"326\" height=\"154\" src=\"https:\/\/ace-cae.eu\/wp-content\/uploads\/2025\/02\/download-1.png\" alt=\"\" class=\"wp-image-1947\" srcset=\"https:\/\/ace-cae.eu\/wp-content\/uploads\/2025\/02\/download-1.png 326w, https:\/\/ace-cae.eu\/wp-content\/uploads\/2025\/02\/download-1-300x142.png 300w, https:\/\/ace-cae.eu\/wp-content\/uploads\/2025\/02\/download-1-18x9.png 18w, https:\/\/ace-cae.eu\/wp-content\/uploads\/2025\/02\/download-1-233x110.png 233w, https:\/\/ace-cae.eu\/wp-content\/uploads\/2025\/02\/download-1-161x76.png 161w, https:\/\/ace-cae.eu\/wp-content\/uploads\/2025\/02\/download-1-322x152.png 322w\" sizes=\"(max-width: 326px) 100vw, 326px\" \/><\/figure>\n<\/div>\n\n\n\n<div class=\"wp-block-column is-layout-flow wp-block-column-is-layout-flow\" style=\"flex-basis:66.66%\">\n<p>Um europ\u00e4ischen kleinen und mittleren Unternehmen (KMU) dabei zu helfen, \u00fcber die EU hinaus zu exportieren und zu investieren, stellt die Europ\u00e4ische Kommission Informationen \u00fcber den Zugang zu M\u00e4rkten und Matchmaking-M\u00f6glichkeiten zur Verf\u00fcgung. Durch die<strong> <a href=\"https:\/\/een.ec.europa.eu\">Netzwerk \u201eEnterprise Europe\u201c<\/a>,<\/strong> Sie helfen ehrgeizigen KMU bei Innovationen und internationalem Wachstum und sch\u00fctzen ihre Rechte an geistigem Eigentum.<\/p>\n<\/div>\n<\/div>\n\n\n\n<div class=\"wp-block-columns is-layout-flex wp-container-core-columns-is-layout-9d6595d7 wp-block-columns-is-layout-flex\">\n<div class=\"wp-block-column is-layout-flow wp-block-column-is-layout-flow\" style=\"flex-basis:33.33%\">\n<figure class=\"wp-block-image size-large\"><img decoding=\"async\" width=\"1024\" height=\"538\" src=\"https:\/\/ace-cae.eu\/wp-content\/uploads\/2025\/02\/access2markets-1024x538.jpg\" alt=\"\" class=\"wp-image-1904\" srcset=\"https:\/\/ace-cae.eu\/wp-content\/uploads\/2025\/02\/access2markets-1024x538.jpg 1024w, https:\/\/ace-cae.eu\/wp-content\/uploads\/2025\/02\/access2markets-300x158.jpg 300w, https:\/\/ace-cae.eu\/wp-content\/uploads\/2025\/02\/access2markets-768x403.jpg 768w, https:\/\/ace-cae.eu\/wp-content\/uploads\/2025\/02\/access2markets-18x9.jpg 18w, https:\/\/ace-cae.eu\/wp-content\/uploads\/2025\/02\/access2markets-233x122.jpg 233w, https:\/\/ace-cae.eu\/wp-content\/uploads\/2025\/02\/access2markets-466x245.jpg 466w, https:\/\/ace-cae.eu\/wp-content\/uploads\/2025\/02\/access2markets-145x76.jpg 145w, https:\/\/ace-cae.eu\/wp-content\/uploads\/2025\/02\/access2markets-290x152.jpg 290w, https:\/\/ace-cae.eu\/wp-content\/uploads\/2025\/02\/access2markets.jpg 1200w\" sizes=\"(max-width: 1024px) 100vw, 1024px\" \/><\/figure>\n<\/div>\n\n\n\n<div class=\"wp-block-column is-layout-flow wp-block-column-is-layout-flow\" style=\"flex-basis:66.66%\">\n<p><a href=\"https:\/\/trade.ec.europa.eu\/access-to-markets\/en\/home\">Access2Markets<\/a> erm\u00f6glicht es Ihnen, Informationen zu erhalten, die Sie beim Handel mit Drittl\u00e4ndern ben\u00f6tigen, wie Z\u00f6lle, Steuern, Verfahren, Formalit\u00e4ten und Anforderungen, Ursprungsregeln, Ausfuhrma\u00dfnahmen, Statistiken, Handelshemmnisse und vieles mehr. Es erm\u00f6glicht Ihnen auch den Zugriff auf wichtige Informationen, die f\u00fcr den Handel mit Dienstleistungen sowie f\u00fcr Investitionen und Beschaffung in Drittl\u00e4ndern ben\u00f6tigt werden. Sie k\u00f6nnen auch etwas \u00fcber EU-Handelsabkommen erfahren, wie Sie davon profitieren k\u00f6nnen, und Geschichten \u00fcber erfolgreiche Unternehmen lesen, die sie nutzen.<\/p>\n<\/div>\n<\/div>\n\n\n\n<div class=\"wp-block-columns is-layout-flex wp-container-core-columns-is-layout-9d6595d7 wp-block-columns-is-layout-flex\">\n<div class=\"wp-block-column is-layout-flow wp-block-column-is-layout-flow\" style=\"flex-basis:33.33%\">\n<figure class=\"wp-block-image size-full\"><img decoding=\"async\" width=\"438\" height=\"115\" src=\"https:\/\/ace-cae.eu\/wp-content\/uploads\/2025\/02\/images-1.jpg\" alt=\"\" class=\"wp-image-1905\" srcset=\"https:\/\/ace-cae.eu\/wp-content\/uploads\/2025\/02\/images-1.jpg 438w, https:\/\/ace-cae.eu\/wp-content\/uploads\/2025\/02\/images-1-300x79.jpg 300w, https:\/\/ace-cae.eu\/wp-content\/uploads\/2025\/02\/images-1-18x5.jpg 18w, https:\/\/ace-cae.eu\/wp-content\/uploads\/2025\/02\/images-1-233x61.jpg 233w, https:\/\/ace-cae.eu\/wp-content\/uploads\/2025\/02\/images-1-205x54.jpg 205w, https:\/\/ace-cae.eu\/wp-content\/uploads\/2025\/02\/images-1-410x108.jpg 410w\" sizes=\"(max-width: 438px) 100vw, 438px\" \/><\/figure>\n<\/div>\n\n\n\n<div class=\"wp-block-column is-layout-flow wp-block-column-is-layout-flow\" style=\"flex-basis:66.66%\">\n<p>Meine <a href=\"https:\/\/trade.ec.europa.eu\/access-to-markets\/en\/content\/how-use-my-trade-assistant-services-and-investment#:~:text=My%20Trade%20Assistant%20for%20Services%20and%20Investment%20provides%20information%20on,to%20contact%20in%20third%20countries.\">Handelsassistent f\u00fcr Dienstleistungen <\/a>und Investment ist die j\u00fcngste Erweiterung von Access2Markets. Sie bietet EU-Unternehmen kostenlose Informationen \u00fcber die Bedingungen, die sie erf\u00fcllen m\u00fcssen, wenn sie Dienstleistungen auf M\u00e4rkte au\u00dferhalb der EU exportieren.<\/p>\n<\/div>\n<\/div>\n<\/div>\n\n\n\n<div class=\"wp-block-columns is-layout-flex wp-container-core-columns-is-layout-9d6595d7 wp-block-columns-is-layout-flex\">\n<div class=\"wp-block-column is-layout-flow wp-block-column-is-layout-flow\" style=\"flex-basis:33.33%\">\n<figure class=\"wp-block-image size-large\"><img decoding=\"async\" width=\"1024\" height=\"516\" src=\"https:\/\/ace-cae.eu\/wp-content\/uploads\/2026\/01\/Capture-decran-2026-01-29-a-07.59.44-1024x516.png\" alt=\"\" class=\"wp-image-3466\" srcset=\"https:\/\/ace-cae.eu\/wp-content\/uploads\/2026\/01\/Capture-decran-2026-01-29-a-07.59.44-1024x516.png 1024w, https:\/\/ace-cae.eu\/wp-content\/uploads\/2026\/01\/Capture-decran-2026-01-29-a-07.59.44-300x151.png 300w, https:\/\/ace-cae.eu\/wp-content\/uploads\/2026\/01\/Capture-decran-2026-01-29-a-07.59.44-768x387.png 768w, https:\/\/ace-cae.eu\/wp-content\/uploads\/2026\/01\/Capture-decran-2026-01-29-a-07.59.44-1536x774.png 1536w, https:\/\/ace-cae.eu\/wp-content\/uploads\/2026\/01\/Capture-decran-2026-01-29-a-07.59.44-2048x1032.png 2048w, https:\/\/ace-cae.eu\/wp-content\/uploads\/2026\/01\/Capture-decran-2026-01-29-a-07.59.44-18x9.png 18w, https:\/\/ace-cae.eu\/wp-content\/uploads\/2026\/01\/Capture-decran-2026-01-29-a-07.59.44-233x117.png 233w, https:\/\/ace-cae.eu\/wp-content\/uploads\/2026\/01\/Capture-decran-2026-01-29-a-07.59.44-466x235.png 466w, https:\/\/ace-cae.eu\/wp-content\/uploads\/2026\/01\/Capture-decran-2026-01-29-a-07.59.44-151x76.png 151w, https:\/\/ace-cae.eu\/wp-content\/uploads\/2026\/01\/Capture-decran-2026-01-29-a-07.59.44-302x152.png 302w\" sizes=\"(max-width: 1024px) 100vw, 1024px\" \/><\/figure>\n\n\n\n<div style=\"height:100px\" aria-hidden=\"true\" class=\"wp-block-spacer\"><\/div>\n<\/div>\n\n\n\n<div class=\"wp-block-column is-layout-flow wp-block-column-is-layout-flow\" style=\"flex-basis:66.66%\">\n<p>In conjunction with the entry into force of the EU\u2013Canada Mutual Recognition Agreement for Architects,&nbsp;<strong>DG Trade&nbsp;<\/strong>has launched a&nbsp;<a href=\"https:\/\/trade.ec.europa.eu\/access-to-markets\/en\/content\/eu-canada-mutual-recognition-arrangement-architects\">dedicated webpage<\/a><strong>&nbsp;<\/strong>on its&nbsp;<a href=\"https:\/\/trade.ec.europa.eu\/access-to-markets\/en\/home\">Access2Markets portal,<\/a>&nbsp;providing EU architects with streamlined access to information and procedural guidance on registration and recognition.<\/p>\n<\/div>\n<\/div>\n\n\n\n<div class=\"ace-section ace-section-publications is-style-cream-light wp-block-ace-articles\">\n    \n<header class=\"ace-section-header\">\n    <h1>Ver\u00f6ffentlichungen<\/h1>\n    <div class=\"ace-filters\" data-feed-type=\"publications\" data-list-selector=\".ace-publications-list\">\n    <ul class=\"ace-filters-selected\">\n    <\/ul>\n    <div class=\"ace-filters-inner\">\n        <label>Filtern nach<\/label>\n        <ul class=\"ace-filters-list\">\n                            <li data-value=\"category\" data-label=\"Category\">Kategorie                    <ul>\n                                                    <li data-value=\"ace-eu-funded-project-publication\" data-label=\"ACE Eu-funded project publication\">ACE Eu-funded project publication<\/li>\n                                                    <li data-value=\"ace-publications\" data-label=\"ACE Publications\">ACE Publikationen<\/li>\n                                                    <li data-value=\"davos-baukultur\" data-label=\"Davos Baukultur\">Davos Baukultur<\/li>\n                                                    <li data-value=\"eu-publications\" data-label=\"EU publications\">Ver\u00f6ffentlichungen der EU<\/li>\n                                            <\/ul>\n                <\/li>\n                            <li data-value=\"topic\" data-label=\"Topic\">Thema                    <ul>\n                                                    <li data-value=\"ai\" data-label=\"A.I- Artificial Intelligence\">A.I. K\u00fcnstliche Intelligenz<\/li>\n                                                    <li data-value=\"annual-report\" data-label=\"Annual report\">Jahresbericht<\/li>\n                                                    <li data-value=\"arch-e\" data-label=\"ARCH-E\">ARCH-E<\/li>\n                                                    <li data-value=\"architectural-policy\" data-label=\"Architectural policy\">Architekturpolitik<\/li>\n                                                    <li data-value=\"architecture-design-competition-adc\" data-label=\"Architecture Design Competition -ADC\">Architektur-Design-Wettbewerb -ADC<\/li>\n                                                    <li data-value=\"awards\" data-label=\"Awards\">Auszeichnungen<\/li>\n                                                    <li data-value=\"bim\" data-label=\"BIM\">BIM<\/li>\n                                                    <li data-value=\"design-governance-processes\" data-label=\"Design governance processes\">Design-Governance-Prozesse<\/li>\n                                                    <li data-value=\"digitalisation\" data-label=\"Digitalisation\">Digitalisierung<\/li>\n                                                    <li data-value=\"edi\" data-label=\"Equality, diversity and inclusion - EDI\">Gleichstellung, Vielfalt und Inklusion \u2013 EDI<\/li>\n                                                    <li data-value=\"eu-funded-projects\" data-label=\"Eu funded projects\">Eu funded projects<\/li>\n                                                    <li data-value=\"eu-policies\" data-label=\"EU policies\">EU-Politik<\/li>\n                                                    <li data-value=\"export\" data-label=\"Export\">Ausfuhr<\/li>\n                                                    <li data-value=\"good-practices\" data-label=\"Good practices\">Bew\u00e4hrte Verfahren<\/li>\n                                                    <li data-value=\"gouvernance\" data-label=\"Gouvernance\">Regierung<\/li>\n                                                    <li data-value=\"high-quality-architecture\" data-label=\"High quality architecture\">Hochwertige Architektur<\/li>\n                                                    <li data-value=\"international-collaboration\" data-label=\"International collaboration\">Internationale Zusammenarbeit<\/li>\n                                                    <li data-value=\"legal-framework\" data-label=\"Legal framework\">Rechtlicher Rahmen<\/li>\n                                                    <li data-value=\"new-business-models\" data-label=\"New business models\">Neue Gesch\u00e4ftsmodelle<\/li>\n                                                    <li data-value=\"new-european-bauhaus\" data-label=\"New European Bauhaus\">Neues Europ\u00e4isches Bauhaus<\/li>\n                                                    <li data-value=\"public-procurement\" data-label=\"public procurement\">Vergabe \u00f6ffentlicher Auftr\u00e4ge<\/li>\n                                                    <li data-value=\"retrospective\" data-label=\"Retrospective\">R\u00fcckblick<\/li>\n                                                    <li data-value=\"sector-study\" data-label=\"Sector study\">Sektorstudie<\/li>\n                                                    <li data-value=\"sustainability\" data-label=\"Sustainability\">Nachhaltigkeit<\/li>\n                                                    <li data-value=\"values\" data-label=\"Value\">Wert<\/li>\n                                            <\/ul>\n                <\/li>\n                            <li data-value=\"thematic-scope\" data-label=\"Thematic Scope\">Thematischer Anwendungsbereich                    <ul>\n                                                    <li data-value=\"access-to-the-profession\" data-label=\"Access to the Profession\">Zugang zum Beruf<\/li>\n                                                    <li data-value=\"achieving-quality-in-architecture-baukultur\" data-label=\"Achieving quality in Architecture \/ Baukultur\">Qualit\u00e4t in Architektur \/ Baukultur erreichen<\/li>\n                                                    <li data-value=\"practice-of-the-profession\" data-label=\"Practice of the Profession\">Praxis des Berufes<\/li>\n                                                    <li data-value=\"research-development\" data-label=\"Research &amp; Development\">Forschung &amp; Entwicklung<\/li>\n                                            <\/ul>\n                <\/li>\n                            <li data-value=\"date\" data-label=\"Date\">Datum                    <ul>\n                                                    <li data-value=\"2026\" data-label=\"2026\">2026<\/li>\n                                                    <li data-value=\"2025\" data-label=\"2025\">2025<\/li>\n                                                    <li data-value=\"2024\" data-label=\"2024\">2024<\/li>\n                                                    <li data-value=\"2023\" data-label=\"2023\">2023<\/li>\n                                                    <li data-value=\"2022\" data-label=\"2022\">2022<\/li>\n                                                    <li data-value=\"2021\" data-label=\"2021\">2021<\/li>\n                                                    <li data-value=\"2020\" data-label=\"2020\">2020<\/li>\n                                                    <li data-value=\"2019\" data-label=\"2019\">2019<\/li>\n                                                    <li data-value=\"2018\" data-label=\"2018\">2018<\/li>\n                                            <\/ul>\n                <\/li>\n                    <\/ul>\n    <\/div>\n<\/div><\/header>\n<div class=\"ace-publications\">\n    <div class=\"ace-publications-list\" data-article=\"0\">\n                            \r\n<a href=\"https:\/\/ace-cae.eu\/de\/publication\/new-ace-publication-ace-2025-annual-report-2026-outlook\/\">\r\n            <img decoding=\"async\" src=\"https:\/\/ace-cae.eu\/wp-content\/uploads\/2026\/04\/Ace-AR-2026-Carousel-1-Post-1-466x593.png\" alt=\"\" \/>\r\n        <div class=\"ace-publication-info\">\r\n        <h3>ACE Publikationen<\/h3>\r\n        <h1>New ACE publication\u00a0: ACE 2025 annual report &amp; 2026 outlook<\/h1>\r\n        <p>On Friday 24 April 2026 at its General Assembly in Brussels, the Architects\u2019 Council of<\/p>\r\n        <p class=\"ace-meta-date\">\r\n            April 24, 2026                    <\/p>\r\n    <\/div>\r\n<\/a>                    \r\n<a href=\"https:\/\/ace-cae.eu\/de\/publication\/building-knowledge-20-years-of-ace-in-eu-funded-projects\/\">\r\n            <img decoding=\"async\" src=\"https:\/\/ace-cae.eu\/wp-content\/uploads\/2026\/01\/Building_on_Knowledge_FA1_Hyperlinks_V3_Spreads_Page_01-e1768214318262-466x398.jpg\" alt=\"\" \/>\r\n        <div class=\"ace-publication-info\">\r\n        <h3>ACE Publikationen<\/h3>\r\n        <h1>Building knowledge: 20 Years of ACE in EU-funded Projects<\/h1>\r\n        <p>ACE helps turn research into real-world impact.<\/p>\r\n        <p class=\"ace-meta-date\">\r\n            Januar 12, 2026                    <\/p>\r\n    <\/div>\r\n<\/a>                    \r\n<a href=\"https:\/\/ace-cae.eu\/de\/publication\/the-arch-e-white-paper\/\">\r\n            <img decoding=\"async\" src=\"https:\/\/ace-cae.eu\/wp-content\/uploads\/2025\/12\/Screenshot-2025-12-16-at-12.31.08-466x658.png\" alt=\"\" \/>\r\n        <div class=\"ace-publication-info\">\r\n        <h3>ACE Eu-funded project publication<\/h3>\r\n        <h1>The ARCH-E White Paper<\/h1>\r\n        <p>Recommendations for Quality-based Procurement Processes by Using Architectural Design Competitions.<\/p>\r\n        <p class=\"ace-meta-date\">\r\n            Dezember 16, 2025                            <span class=\"arch-e-tag\">ARCH-E<\/span>\r\n                    <\/p>\r\n    <\/div>\r\n<\/a>                    \r\n<a href=\"https:\/\/ace-cae.eu\/de\/publication\/the-arch-e-map-on-adcs\/\">\r\n            <img decoding=\"async\" src=\"https:\/\/ace-cae.eu\/wp-content\/uploads\/2025\/12\/Screenshot-2025-12-16-at-11.53.52-2-466x662.png\" alt=\"\" \/>\r\n        <div class=\"ace-publication-info\">\r\n        <h3>ACE Eu-funded project publication<\/h3>\r\n        <h1>The ARCH-E Map on ADCs<\/h1>\r\n        <p>The ARCH-E Map on ADCs\u00a0gives an extensive overview of ADC systems in Europe.<\/p>\r\n        <p class=\"ace-meta-date\">\r\n            Dezember 16, 2025                            <span class=\"arch-e-tag\">ARCH-E<\/span>\r\n                    <\/p>\r\n    <\/div>\r\n<\/a>                    <\/div>\n    <nav class=\"ace-publications-nav\">\n        <a href=\"#\" class=\"ace-nav-prev\"><\/a>\n        <a href=\"#\" class=\"ace-nav-next\"><\/a>\n    <\/nav>\n<\/div>\n            <div class=\"ace-section-actions\">\n                                                                <button\n                        class=\"ace-load-more\"\n                        data-page-count=\"11\"\n                        data-feed-type=\"publications\"\n                        data-showposts=\"4\"\n                        data-list-selector=\".ace-publications-list\"\n                    >\n                        LADEN SIE MEHR\n                    <\/button>\n                            \n                    <\/div>\n    <\/div>","protected":false},"excerpt":{"rendered":"<p>In conjunction with the entry into force of the EU\u2013Canada Mutual Recognition Agreement for Architects,&nbsp;DG<\/p>","protected":false},"author":4,"featured_media":1369,"parent":0,"menu_order":0,"comment_status":"closed","ping_status":"closed","template":"page-what-we-do-subpage.php","meta":{"inline_featured_image":false,"footnotes":""},"thematic-scope":[],"class_list":["post-1165","page","type-page","status-publish","has-post-thumbnail","hentry"],"yoast_head":"<!-- This site is optimized with the Yoast SEO Premium plugin v25.3 (Yoast SEO v27.4) - https:\/\/yoast.com\/product\/yoast-seo-premium-wordpress\/ -->\n<title>Internationalisation - Architects&#039; Council of Europe<\/title>\n<meta name=\"robots\" content=\"index, follow, max-snippet:-1, max-image-preview:large, max-video-preview:-1\" \/>\n<link rel=\"canonical\" href=\"https:\/\/ace-cae.eu\/de\/internationalisation-of-the-architectural-profession\/\" \/>\n<meta property=\"og:locale\" content=\"de_DE\" \/>\n<meta property=\"og:type\" content=\"article\" \/>\n<meta property=\"og:title\" content=\"Internationalisation\" \/>\n<meta property=\"og:description\" content=\"In conjunction with the entry into force of the EU\u2013Canada Mutual Recognition Agreement for Architects,&nbsp;DG\" \/>\n<meta property=\"og:url\" content=\"https:\/\/ace-cae.eu\/de\/internationalisation-of-the-architectural-profession\/\" \/>\n<meta property=\"og:site_name\" content=\"Architects&#039; Council of Europe\" \/>\n<meta property=\"article:publisher\" content=\"https:\/\/www.facebook.com\/ArchitectsEU\" \/>\n<meta property=\"article:modified_time\" content=\"2026-02-12T11:34:30+00:00\" \/>\n<meta property=\"og:image\" content=\"https:\/\/ace-cae.eu\/wp-content\/uploads\/2024\/12\/Internationalization-Belgium-Corentin-Haubruge-scaled.jpg\" \/>\n\t<meta property=\"og:image:width\" content=\"2560\" \/>\n\t<meta property=\"og:image:height\" content=\"1440\" \/>\n\t<meta property=\"og:image:type\" content=\"image\/jpeg\" \/>\n<meta name=\"twitter:card\" content=\"summary_large_image\" \/>\n<meta name=\"twitter:site\" content=\"@Ace_Cae\" \/>\n<meta name=\"twitter:label1\" content=\"Gesch\u00e4tzte Lesezeit\" \/>\n\t<meta name=\"twitter:data1\" content=\"6\u00a0Minuten\" \/>\n<script type=\"application\/ld+json\" class=\"yoast-schema-graph\">{\"@context\":\"https:\\\/\\\/schema.org\",\"@graph\":[{\"@type\":\"WebPage\",\"@id\":\"https:\\\/\\\/ace-cae.eu\\\/internationalisation-of-the-architectural-profession\\\/\",\"url\":\"https:\\\/\\\/ace-cae.eu\\\/internationalisation-of-the-architectural-profession\\\/\",\"name\":\"Internationalisation - Architects&#039; Council of Europe\",\"isPartOf\":{\"@id\":\"https:\\\/\\\/ace-cae.eu\\\/#website\"},\"primaryImageOfPage\":{\"@id\":\"https:\\\/\\\/ace-cae.eu\\\/internationalisation-of-the-architectural-profession\\\/#primaryimage\"},\"image\":{\"@id\":\"https:\\\/\\\/ace-cae.eu\\\/internationalisation-of-the-architectural-profession\\\/#primaryimage\"},\"thumbnailUrl\":\"https:\\\/\\\/ace-cae.eu\\\/wp-content\\\/uploads\\\/2024\\\/12\\\/Internationalization-Belgium-Corentin-Haubruge-scaled.jpg\",\"datePublished\":\"2024-12-06T07:47:23+00:00\",\"dateModified\":\"2026-02-12T11:34:30+00:00\",\"breadcrumb\":{\"@id\":\"https:\\\/\\\/ace-cae.eu\\\/internationalisation-of-the-architectural-profession\\\/#breadcrumb\"},\"inLanguage\":\"de\",\"potentialAction\":[{\"@type\":\"ReadAction\",\"target\":[\"https:\\\/\\\/ace-cae.eu\\\/internationalisation-of-the-architectural-profession\\\/\"]}]},{\"@type\":\"ImageObject\",\"inLanguage\":\"de\",\"@id\":\"https:\\\/\\\/ace-cae.eu\\\/internationalisation-of-the-architectural-profession\\\/#primaryimage\",\"url\":\"https:\\\/\\\/ace-cae.eu\\\/wp-content\\\/uploads\\\/2024\\\/12\\\/Internationalization-Belgium-Corentin-Haubruge-scaled.jpg\",\"contentUrl\":\"https:\\\/\\\/ace-cae.eu\\\/wp-content\\\/uploads\\\/2024\\\/12\\\/Internationalization-Belgium-Corentin-Haubruge-scaled.jpg\",\"width\":2560,\"height\":1440},{\"@type\":\"BreadcrumbList\",\"@id\":\"https:\\\/\\\/ace-cae.eu\\\/internationalisation-of-the-architectural-profession\\\/#breadcrumb\",\"itemListElement\":[{\"@type\":\"ListItem\",\"position\":1,\"name\":\"Home\",\"item\":\"https:\\\/\\\/ace-cae.eu\\\/\"},{\"@type\":\"ListItem\",\"position\":2,\"name\":\"Internationalisation\"}]},{\"@type\":\"WebSite\",\"@id\":\"https:\\\/\\\/ace-cae.eu\\\/#website\",\"url\":\"https:\\\/\\\/ace-cae.eu\\\/\",\"name\":\"Architects' Council of Europe\",\"description\":\"High-quality architecture and living environments for all.\",\"publisher\":{\"@id\":\"https:\\\/\\\/ace-cae.eu\\\/#organization\"},\"alternateName\":\"ACE-CAE\",\"potentialAction\":[{\"@type\":\"SearchAction\",\"target\":{\"@type\":\"EntryPoint\",\"urlTemplate\":\"https:\\\/\\\/ace-cae.eu\\\/?s={search_term_string}\"},\"query-input\":{\"@type\":\"PropertyValueSpecification\",\"valueRequired\":true,\"valueName\":\"search_term_string\"}}],\"inLanguage\":\"de\"},{\"@type\":\"Organization\",\"@id\":\"https:\\\/\\\/ace-cae.eu\\\/#organization\",\"name\":\"Architects' Council of Europe\",\"alternateName\":\"ACE-CAE\",\"url\":\"https:\\\/\\\/ace-cae.eu\\\/\",\"logo\":{\"@type\":\"ImageObject\",\"inLanguage\":\"de\",\"@id\":\"https:\\\/\\\/ace-cae.eu\\\/#\\\/schema\\\/logo\\\/image\\\/\",\"url\":\"https:\\\/\\\/ace-cae.eu\\\/wp-content\\\/uploads\\\/2024\\\/12\\\/logo.svg\",\"contentUrl\":\"https:\\\/\\\/ace-cae.eu\\\/wp-content\\\/uploads\\\/2024\\\/12\\\/logo.svg\",\"width\":136,\"height\":42,\"caption\":\"Architects' Council of Europe\"},\"image\":{\"@id\":\"https:\\\/\\\/ace-cae.eu\\\/#\\\/schema\\\/logo\\\/image\\\/\"},\"sameAs\":[\"https:\\\/\\\/www.facebook.com\\\/ArchitectsEU\",\"https:\\\/\\\/x.com\\\/Ace_Cae\",\"https:\\\/\\\/www.linkedin.com\\\/company\\\/architects-council-of-europe-ace-\",\"https:\\\/\\\/www.instagram.com\\\/ace.archi.eu\\\/\",\"https:\\\/\\\/www.youtube.com\\\/@architectscouncilofeurope-8375\"],\"description\":\"The Architects\u2019 Council of Europe (ACE) is the representative organisation for the architecture at European level. Its growing membership currently consists of 52 Member Organisations, which are the regulatory and professional representative bodies in all EU Member States, Accession Countries, the UK, Switzerland and Norway, and 6 Observers Members \u2013 Serbia, Kosovo, Ukraine, Montenegro, Macedonia and Moldova. Through them, for 30 years, the ACE represents the interests of over half a million architects from 36 countries in Europe.\",\"email\":\"info@ace-cae.eu\",\"telephone\":\"+32 2 543 11 40\",\"legalName\":\"Conseil des Architectes d\u2019Europe AISBL\",\"foundingDate\":\"1900-05-11\",\"vatID\":\"BE 0464 884 970\",\"ownershipFundingInfo\":\"https:\\\/\\\/ace-cae.eu\\\/imprint\\\/\"}]}<\/script>\n<!-- \/ Yoast SEO Premium plugin. -->","yoast_head_json":{"title":"Internationalisation - Architects&#039; Council of Europe","robots":{"index":"index","follow":"follow","max-snippet":"max-snippet:-1","max-image-preview":"max-image-preview:large","max-video-preview":"max-video-preview:-1"},"canonical":"https:\/\/ace-cae.eu\/de\/internationalisation-of-the-architectural-profession\/","og_locale":"de_DE","og_type":"article","og_title":"Internationalisation","og_description":"In conjunction with the entry into force of the EU\u2013Canada Mutual Recognition Agreement for Architects,&nbsp;DG","og_url":"https:\/\/ace-cae.eu\/de\/internationalisation-of-the-architectural-profession\/","og_site_name":"Architects&#039; Council of Europe","article_publisher":"https:\/\/www.facebook.com\/ArchitectsEU","article_modified_time":"2026-02-12T11:34:30+00:00","og_image":[{"width":2560,"height":1440,"url":"https:\/\/ace-cae.eu\/wp-content\/uploads\/2024\/12\/Internationalization-Belgium-Corentin-Haubruge-scaled.jpg","type":"image\/jpeg"}],"twitter_card":"summary_large_image","twitter_site":"@Ace_Cae","twitter_misc":{"Gesch\u00e4tzte Lesezeit":"6\u00a0Minuten"},"schema":{"@context":"https:\/\/schema.org","@graph":[{"@type":"WebPage","@id":"https:\/\/ace-cae.eu\/internationalisation-of-the-architectural-profession\/","url":"https:\/\/ace-cae.eu\/internationalisation-of-the-architectural-profession\/","name":"Internationalisation - Architects&#039; Council of Europe","isPartOf":{"@id":"https:\/\/ace-cae.eu\/#website"},"primaryImageOfPage":{"@id":"https:\/\/ace-cae.eu\/internationalisation-of-the-architectural-profession\/#primaryimage"},"image":{"@id":"https:\/\/ace-cae.eu\/internationalisation-of-the-architectural-profession\/#primaryimage"},"thumbnailUrl":"https:\/\/ace-cae.eu\/wp-content\/uploads\/2024\/12\/Internationalization-Belgium-Corentin-Haubruge-scaled.jpg","datePublished":"2024-12-06T07:47:23+00:00","dateModified":"2026-02-12T11:34:30+00:00","breadcrumb":{"@id":"https:\/\/ace-cae.eu\/internationalisation-of-the-architectural-profession\/#breadcrumb"},"inLanguage":"de","potentialAction":[{"@type":"ReadAction","target":["https:\/\/ace-cae.eu\/internationalisation-of-the-architectural-profession\/"]}]},{"@type":"ImageObject","inLanguage":"de","@id":"https:\/\/ace-cae.eu\/internationalisation-of-the-architectural-profession\/#primaryimage","url":"https:\/\/ace-cae.eu\/wp-content\/uploads\/2024\/12\/Internationalization-Belgium-Corentin-Haubruge-scaled.jpg","contentUrl":"https:\/\/ace-cae.eu\/wp-content\/uploads\/2024\/12\/Internationalization-Belgium-Corentin-Haubruge-scaled.jpg","width":2560,"height":1440},{"@type":"BreadcrumbList","@id":"https:\/\/ace-cae.eu\/internationalisation-of-the-architectural-profession\/#breadcrumb","itemListElement":[{"@type":"ListItem","position":1,"name":"Home","item":"https:\/\/ace-cae.eu\/"},{"@type":"ListItem","position":2,"name":"Internationalisation"}]},{"@type":"WebSite","@id":"https:\/\/ace-cae.eu\/#website","url":"https:\/\/ace-cae.eu\/","name":"Architects' Council of Europe","description":"High-quality architecture and living environments for all.","publisher":{"@id":"https:\/\/ace-cae.eu\/#organization"},"alternateName":"ACE-CAE","potentialAction":[{"@type":"SearchAction","target":{"@type":"EntryPoint","urlTemplate":"https:\/\/ace-cae.eu\/?s={search_term_string}"},"query-input":{"@type":"PropertyValueSpecification","valueRequired":true,"valueName":"search_term_string"}}],"inLanguage":"de"},{"@type":"Organization","@id":"https:\/\/ace-cae.eu\/#organization","name":"Architects' Council of Europe","alternateName":"ACE-CAE","url":"https:\/\/ace-cae.eu\/","logo":{"@type":"ImageObject","inLanguage":"de","@id":"https:\/\/ace-cae.eu\/#\/schema\/logo\/image\/","url":"https:\/\/ace-cae.eu\/wp-content\/uploads\/2024\/12\/logo.svg","contentUrl":"https:\/\/ace-cae.eu\/wp-content\/uploads\/2024\/12\/logo.svg","width":136,"height":42,"caption":"Architects' Council of Europe"},"image":{"@id":"https:\/\/ace-cae.eu\/#\/schema\/logo\/image\/"},"sameAs":["https:\/\/www.facebook.com\/ArchitectsEU","https:\/\/x.com\/Ace_Cae","https:\/\/www.linkedin.com\/company\/architects-council-of-europe-ace-","https:\/\/www.instagram.com\/ace.archi.eu\/","https:\/\/www.youtube.com\/@architectscouncilofeurope-8375"],"description":"The Architects\u2019 Council of Europe (ACE) is the representative organisation for the architecture at European level. Its growing membership currently consists of 52 Member Organisations, which are the regulatory and professional representative bodies in all EU Member States, Accession Countries, the UK, Switzerland and Norway, and 6 Observers Members \u2013 Serbia, Kosovo, Ukraine, Montenegro, Macedonia and Moldova. Through them, for 30 years, the ACE represents the interests of over half a million architects from 36 countries in Europe.","email":"info@ace-cae.eu","telephone":"+32 2 543 11 40","legalName":"Conseil des Architectes d\u2019Europe AISBL","foundingDate":"1900-05-11","vatID":"BE 0464 884 970","ownershipFundingInfo":"https:\/\/ace-cae.eu\/imprint\/"}]}},"_links":{"self":[{"href":"https:\/\/ace-cae.eu\/de\/wp-json\/wp\/v2\/pages\/1165","targetHints":{"allow":["GET"]}}],"collection":[{"href":"https:\/\/ace-cae.eu\/de\/wp-json\/wp\/v2\/pages"}],"about":[{"href":"https:\/\/ace-cae.eu\/de\/wp-json\/wp\/v2\/types\/page"}],"author":[{"embeddable":true,"href":"https:\/\/ace-cae.eu\/de\/wp-json\/wp\/v2\/users\/4"}],"replies":[{"embeddable":true,"href":"https:\/\/ace-cae.eu\/de\/wp-json\/wp\/v2\/comments?post=1165"}],"version-history":[{"count":0,"href":"https:\/\/ace-cae.eu\/de\/wp-json\/wp\/v2\/pages\/1165\/revisions"}],"wp:featuredmedia":[{"embeddable":true,"href":"https:\/\/ace-cae.eu\/de\/wp-json\/wp\/v2\/media\/1369"}],"wp:attachment":[{"href":"https:\/\/ace-cae.eu\/de\/wp-json\/wp\/v2\/media?parent=1165"}],"wp:term":[{"taxonomy":"thematic-scope","embeddable":true,"href":"https:\/\/ace-cae.eu\/de\/wp-json\/wp\/v2\/thematic-scope?post=1165"}],"curies":[{"name":"wp","href":"https:\/\/api.w.org\/{rel}","templated":true}]}}