{"id":1150,"date":"2024-12-05T14:06:46","date_gmt":"2024-12-05T14:06:46","guid":{"rendered":"https:\/\/ace-cae.eu\/?page_id=1150"},"modified":"2025-02-28T16:21:05","modified_gmt":"2025-02-28T15:21:05","slug":"education-cpd-traineeship","status":"publish","type":"page","link":"https:\/\/ace-cae.eu\/de\/education-cpd-traineeship\/","title":{"rendered":"Bildung, CPD, Praktikum"},"content":{"rendered":"<section class=\"ace-section ace-section-architects-in-europe ace-color-cream-light wp-block-ace-map-section\" data-map-type=\"cpd\">\n    <div\n        class=\"ace-map\"\n        data-show-popup=\"1\"\n        data-show-dropdown=\"1\"\n        data-popup-content=\"cpd\"\n        data-active-countries='[\"Cyprus\",\"Denmark\",\"Germany\",\"Ireland\",\"Lithuania\",\"Luxembourg\",\"Norway\",\"Serbia\",\"Slovakia\",\"Slovenia\",\"Sweden\"]'\n        data-questions='[]'\n        >\n        <div class=\"ace-map-viewport\"><\/div>\n                    <div class=\"ace-popup\">\n                <a href=\"#\" class=\"ace-popup-close\"><\/a>\n                <div class=\"ace-popup-inner\">\n                <\/div>\n                <div class=\"ace-popup-actions\">\n                                        <a href=\"#\" class=\"ace-button ace-go-to-country-button\">GEHEN SIE ZUM LAND<\/a>\n                <\/div>\n            <\/div>\n            <\/div>\n        <div class=\"ace-map-content\">\n        \n\n<h1 class=\"wp-block-heading is-style-atlas-type has-ace-secondary-color has-text-color has-link-color wp-elements-d3f5cc83cd107d677ca4b251a646a4a0\" id=\"h-access-to-the-profession\">Zugang zum Beruf<\/h1>\n\n\n\n<h1 class=\"wp-block-heading\" id=\"h-how-to-become-an-architect-in-europe\">Wie werde ich Architekt in Europa?<\/h1>\n\n\n\n<p>Laut der ACE-Sektorstudie 2022 hat 2022 mehr als jeder f\u00fcnfte Architekt in einem anderen Land studiert. Entdecken Sie die verschiedenen Wege, um sich als Architekt in Europa zu qualifizieren.<\/p>\n\n\n        \n                    <select>\n                <option value=\"\" selected disabled>Land ausw\u00e4hlen<\/option>\n                                    <option value=\"Cyprus\">Zypern<\/option>\n                                    <option value=\"Denmark\">D\u00e4nemark<\/option>\n                                    <option value=\"Germany\">Deutschland<\/option>\n                                    <option value=\"Ireland\">Irland<\/option>\n                                    <option value=\"Lithuania\">Litauen<\/option>\n                                    <option value=\"Luxembourg\">Luxemburg<\/option>\n                                    <option value=\"Norway\">Norwegen<\/option>\n                                    <option value=\"Serbia\">Serbien<\/option>\n                                    <option value=\"Slovakia\">Slowakei<\/option>\n                                    <option value=\"Slovenia\">Slowenien<\/option>\n                                    <option value=\"Sweden\">Schweden<\/option>\n                            <\/select>\n        \n            <\/div>\n    <\/section>\n\n\n<section class=\"ace-section ace-section-article ace-section-in-the-spotlight ace-color-green-dark ace-section-publications wp-block-ace-article\">\n    <a href=\"https:\/\/ace-cae.eu\/de\/publication\/ace-checklist-for-international-collaboration\/\">\n        <h1>\n            <span class=\"ace-font-outline ace-highlight\">Im Rampenlicht<\/span>\n            <br \/>Hervorgehobene Ver\u00f6ffentlichung        <\/h1>\n                    <img decoding=\"async\" class=\"ace-publication-thumb\" src=\"https:\/\/ace-cae.eu\/wp-content\/uploads\/2024\/10\/EPhjVEdXUA01Niw-466x657.jpg\" \/>\n                <h2>Internationale Zusammenarbeit zwischen Architekten Checkliste<\/h2>\n        <p>Die ACE hat eine Checkliste erstellt, um die internationale Zusammenarbeit zwischen Architekten zu erleichtern. Wenn Sie sich entschieden haben<\/p>\n        <p>23. Juni 2020<\/p>\n    <\/a>\n<\/section>\n\n\n<div class=\"wp-block-ace-section ace-section\">\n<div class=\"wp-block-columns is-layout-flex wp-container-core-columns-is-layout-9d6595d7 wp-block-columns-is-layout-flex\">\n<div class=\"wp-block-column is-layout-flow wp-block-column-is-layout-flow\">\n<h1 class=\"wp-block-heading is-style-atlas-type has-ace-secondary-color has-text-color has-link-color wp-elements-e18e53a70ded8acb28313cfbdec9baed\" id=\"h-continuing-professional-development-cpd\">Weiterbildung (CPD)<\/h1>\n\n\n\n<h1 class=\"wp-block-heading\" id=\"h-ensuring-the-upskilling-of-professionals\">Sicherstellung der Weiterbildung von Fachkr\u00e4ften<\/h1>\n\n\n\n<p>Lebenslanges Lernen ist fest in der professionellen Deontologie von Architekten verankert4, und die berufliche Weiterbildung (CPD) wird von Berufsverb\u00e4nden und Hochschuleinrichtungen, die in vielen L\u00e4ndern die wichtigsten Anbieter von CPD-Programmen sind, nachdr\u00fccklich gef\u00f6rdert und unterst\u00fctzt. <a href=\"https:\/\/ace-cae.eu\/wp-content\/uploads\/2025\/01\/CPD_Guidelines_EN.pdf\">Lesen Sie die ACE-Leitlinien zu CPD-Systemen.<\/a><\/p>\n<\/div>\n\n\n\n<div class=\"wp-block-column is-vertically-aligned-center is-layout-flow wp-block-column-is-layout-flow\">\n<figure class=\"wp-block-image size-large\"><img decoding=\"async\" width=\"1024\" height=\"536\" src=\"https:\/\/ace-cae.eu\/wp-content\/uploads\/2024\/09\/practice-and-jobs-1024x536.jpg\" alt=\"\" class=\"wp-image-45\" srcset=\"https:\/\/ace-cae.eu\/wp-content\/uploads\/2024\/09\/practice-and-jobs-1024x536.jpg 1024w, https:\/\/ace-cae.eu\/wp-content\/uploads\/2024\/09\/practice-and-jobs-300x157.jpg 300w, https:\/\/ace-cae.eu\/wp-content\/uploads\/2024\/09\/practice-and-jobs-768x402.jpg 768w, https:\/\/ace-cae.eu\/wp-content\/uploads\/2024\/09\/practice-and-jobs-1536x804.jpg 1536w, https:\/\/ace-cae.eu\/wp-content\/uploads\/2024\/09\/practice-and-jobs-2048x1072.jpg 2048w, https:\/\/ace-cae.eu\/wp-content\/uploads\/2024\/09\/practice-and-jobs-18x9.jpg 18w, https:\/\/ace-cae.eu\/wp-content\/uploads\/2024\/09\/practice-and-jobs-233x122.jpg 233w, https:\/\/ace-cae.eu\/wp-content\/uploads\/2024\/09\/practice-and-jobs-466x244.jpg 466w, https:\/\/ace-cae.eu\/wp-content\/uploads\/2024\/09\/practice-and-jobs-145x76.jpg 145w, https:\/\/ace-cae.eu\/wp-content\/uploads\/2024\/09\/practice-and-jobs-290x152.jpg 290w\" sizes=\"(max-width: 1024px) 100vw, 1024px\" \/><\/figure>\n<\/div>\n<\/div>\n<\/div>\n\n\n\n<div class=\"wp-block-ace-section ace-section is-style-cream-light\">\n<div class=\"wp-block-columns is-layout-flex wp-container-core-columns-is-layout-9d6595d7 wp-block-columns-is-layout-flex\">\n<div class=\"wp-block-column is-vertically-aligned-center is-layout-flow wp-block-column-is-layout-flow\">\n<figure class=\"wp-block-image size-large\"><img decoding=\"async\" width=\"1024\" height=\"536\" src=\"https:\/\/ace-cae.eu\/wp-content\/uploads\/2024\/09\/practice-and-jobs-1024x536.jpg\" alt=\"\" class=\"wp-image-45\" srcset=\"https:\/\/ace-cae.eu\/wp-content\/uploads\/2024\/09\/practice-and-jobs-1024x536.jpg 1024w, https:\/\/ace-cae.eu\/wp-content\/uploads\/2024\/09\/practice-and-jobs-300x157.jpg 300w, https:\/\/ace-cae.eu\/wp-content\/uploads\/2024\/09\/practice-and-jobs-768x402.jpg 768w, https:\/\/ace-cae.eu\/wp-content\/uploads\/2024\/09\/practice-and-jobs-1536x804.jpg 1536w, https:\/\/ace-cae.eu\/wp-content\/uploads\/2024\/09\/practice-and-jobs-2048x1072.jpg 2048w, https:\/\/ace-cae.eu\/wp-content\/uploads\/2024\/09\/practice-and-jobs-18x9.jpg 18w, https:\/\/ace-cae.eu\/wp-content\/uploads\/2024\/09\/practice-and-jobs-233x122.jpg 233w, https:\/\/ace-cae.eu\/wp-content\/uploads\/2024\/09\/practice-and-jobs-466x244.jpg 466w, https:\/\/ace-cae.eu\/wp-content\/uploads\/2024\/09\/practice-and-jobs-145x76.jpg 145w, https:\/\/ace-cae.eu\/wp-content\/uploads\/2024\/09\/practice-and-jobs-290x152.jpg 290w\" sizes=\"(max-width: 1024px) 100vw, 1024px\" \/><\/figure>\n<\/div>\n\n\n\n<div class=\"wp-block-column is-layout-flow wp-block-column-is-layout-flow\">\n<h1 class=\"wp-block-heading\" id=\"h-professional-traineeship\">Berufspraktikum<\/h1>\n\n\n\n<p>Berufspraktika erm\u00f6glichen es jungen Berufst\u00e4tigen, ihre F\u00e4higkeiten zu entwickeln, ihr Wissen zu vermitteln und ihre Chancen auf Besch\u00e4ftigung zu verbessern und Arbeitgebern die Nutzung neuer F\u00e4higkeiten und Kenntnisse zu erm\u00f6glichen.<\/p>\n<\/div>\n<\/div>\n<\/div>\n\n\n\n<div class=\"wp-block-ace-section ace-section\">\n<div class=\"wp-block-columns is-layout-flex wp-container-core-columns-is-layout-9d6595d7 wp-block-columns-is-layout-flex\">\n<div class=\"wp-block-column is-layout-flow wp-block-column-is-layout-flow\">\n<h1 class=\"wp-block-heading is-style-default\" id=\"h-driving-innovation-in-the-sector-through-research\">Innovationsf\u00f6rderung in der Branche durch Forschung<\/h1>\n\n\n\n<p>Forschungswissen kann es gro\u00dfen und kleinen Architekturb\u00fcros erm\u00f6glichen, ihre Rolle bei der Bew\u00e4ltigung der wichtigsten Herausforderungen unserer Zeit zu beweisen und zu zeigen, wie hochwertige Architektur zur Wertsch\u00f6pfung und zur Erreichung nachhaltiger Entwicklungsziele beitr\u00e4gt.<\/p>\n\n\n\n<p>Die Erhebung von Daten \u00fcber den Wert von Architektur, die durch Forschung generiert werden, ist von entscheidender Bedeutung, um die Position des Architekten als Kundenberater und Leiter von Projektteams zu sichern und die wirtschaftlichen Argumente f\u00fcr Investitionen in das Design zu st\u00e4rken.<\/p>\n<\/div>\n\n\n\n<div class=\"wp-block-column is-vertically-aligned-center is-layout-flow wp-block-column-is-layout-flow\">\n<figure class=\"wp-block-image size-large\"><img decoding=\"async\" width=\"1024\" height=\"536\" src=\"https:\/\/ace-cae.eu\/wp-content\/uploads\/2024\/09\/practice-and-jobs-1024x536.jpg\" alt=\"\" class=\"wp-image-45\" srcset=\"https:\/\/ace-cae.eu\/wp-content\/uploads\/2024\/09\/practice-and-jobs-1024x536.jpg 1024w, https:\/\/ace-cae.eu\/wp-content\/uploads\/2024\/09\/practice-and-jobs-300x157.jpg 300w, https:\/\/ace-cae.eu\/wp-content\/uploads\/2024\/09\/practice-and-jobs-768x402.jpg 768w, https:\/\/ace-cae.eu\/wp-content\/uploads\/2024\/09\/practice-and-jobs-1536x804.jpg 1536w, https:\/\/ace-cae.eu\/wp-content\/uploads\/2024\/09\/practice-and-jobs-2048x1072.jpg 2048w, https:\/\/ace-cae.eu\/wp-content\/uploads\/2024\/09\/practice-and-jobs-18x9.jpg 18w, https:\/\/ace-cae.eu\/wp-content\/uploads\/2024\/09\/practice-and-jobs-233x122.jpg 233w, https:\/\/ace-cae.eu\/wp-content\/uploads\/2024\/09\/practice-and-jobs-466x244.jpg 466w, https:\/\/ace-cae.eu\/wp-content\/uploads\/2024\/09\/practice-and-jobs-145x76.jpg 145w, https:\/\/ace-cae.eu\/wp-content\/uploads\/2024\/09\/practice-and-jobs-290x152.jpg 290w\" sizes=\"(max-width: 1024px) 100vw, 1024px\" \/><\/figure>\n<\/div>\n<\/div>\n<\/div>\n\n\n\n<div class=\"wp-block-ace-section ace-section is-style-cream-light\">\n<div class=\"wp-block-columns is-layout-flex wp-container-core-columns-is-layout-9d6595d7 wp-block-columns-is-layout-flex\">\n<div class=\"wp-block-column is-layout-flow wp-block-column-is-layout-flow\">\n<figure class=\"wp-block-image size-full is-resized\"><img decoding=\"async\" width=\"824\" height=\"234\" src=\"https:\/\/ace-cae.eu\/wp-content\/uploads\/2024\/12\/horizon-2020.png\" alt=\"\" class=\"wp-image-1154\" style=\"width:410px\" srcset=\"https:\/\/ace-cae.eu\/wp-content\/uploads\/2024\/12\/horizon-2020.png 824w, https:\/\/ace-cae.eu\/wp-content\/uploads\/2024\/12\/horizon-2020-300x85.png 300w, https:\/\/ace-cae.eu\/wp-content\/uploads\/2024\/12\/horizon-2020-768x218.png 768w, https:\/\/ace-cae.eu\/wp-content\/uploads\/2024\/12\/horizon-2020-18x5.png 18w, https:\/\/ace-cae.eu\/wp-content\/uploads\/2024\/12\/horizon-2020-233x66.png 233w, https:\/\/ace-cae.eu\/wp-content\/uploads\/2024\/12\/horizon-2020-466x132.png 466w, https:\/\/ace-cae.eu\/wp-content\/uploads\/2024\/12\/horizon-2020-205x58.png 205w, https:\/\/ace-cae.eu\/wp-content\/uploads\/2024\/12\/horizon-2020-410x116.png 410w\" sizes=\"(max-width: 824px) 100vw, 824px\" \/><\/figure>\n\n\n\n<p>Horizont Europa ist das ehrgeizige EU-Rahmenprogramm f\u00fcr Forschung und Innovation f\u00fcr den Zeitraum 2021-2027 mit einem Budget von 95,5 Mrd. EUR. Ihre \u00fcbergeordneten Ziele sind: St\u00e4rkung der wissenschaftlichen und technologischen Grundlagen der EU und des Europ\u00e4ischen Forschungsraums (EFR); F\u00f6rderung der Innovationskapazit\u00e4t, der Wettbewerbsf\u00e4higkeit und der Besch\u00e4ftigung in Europa; Verwirklichung der Priorit\u00e4ten der B\u00fcrger und Aufrechterhaltung unseres sozio\u00f6konomischen Modells und unserer Werte.<\/p>\n\n\n\n<p>mit besonderem Schwerpunkt auf der Schaffung von Wirkung oder dem europ\u00e4ischen Gr\u00fcnen Deal, dem digitalen Wandel und der Nachhaltigkeitswende sowie der Erholung von der Coronavirus-Krise.<\/p>\n\n\n\n<p>Weitere Informationen finden Sie auf der Website von Horizont Europa.<\/p>\n\n\n\n<div class=\"wp-block-buttons ace-buttons is-layout-flex wp-block-buttons-is-layout-flex\">\n<div class=\"wp-block-button\"><a class=\"wp-block-button__link wp-element-button\">Erfahren Sie mehr<\/a><\/div>\n<\/div>\n\n\n\n<figure class=\"wp-block-image size-full is-resized\"><img decoding=\"async\" width=\"440\" height=\"174\" src=\"https:\/\/ace-cae.eu\/wp-content\/uploads\/2024\/12\/erasmus.png\" alt=\"\" class=\"wp-image-1157\" style=\"width:220px\" srcset=\"https:\/\/ace-cae.eu\/wp-content\/uploads\/2024\/12\/erasmus.png 440w, https:\/\/ace-cae.eu\/wp-content\/uploads\/2024\/12\/erasmus-300x119.png 300w, https:\/\/ace-cae.eu\/wp-content\/uploads\/2024\/12\/erasmus-18x7.png 18w, https:\/\/ace-cae.eu\/wp-content\/uploads\/2024\/12\/erasmus-233x92.png 233w, https:\/\/ace-cae.eu\/wp-content\/uploads\/2024\/12\/erasmus-192x76.png 192w, https:\/\/ace-cae.eu\/wp-content\/uploads\/2024\/12\/erasmus-384x152.png 384w\" sizes=\"(max-width: 440px) 100vw, 440px\" \/><\/figure>\n\n\n\n<p>Seit 35 Jahren finanziert die EU das Erasmus-Programm, das es \u00fcber drei Millionen europ\u00e4ischen Studierenden erm\u00f6glicht hat, einen Teil ihres Studiums an einer anderen Hochschule oder bei einer Organisation in Europa zu verbringen.<br>Erasmus+ bietet solche M\u00f6glichkeiten f\u00fcr alle \u2013 Studierende, Mitarbeiter, Praktikanten, Lehrkr\u00e4fte, Freiwillige und mehr. Es geht nicht nur um Europa oder die Europ\u00e4er \u2013 mit Erasmus+ haben Menschen aus der ganzen Welt Zugang zu M\u00f6glichkeiten.<br>mit besonderem Schwerpunkt auf der Schaffung von Wirkung oder dem europ\u00e4ischen Gr\u00fcnen Deal, dem digitalen Wandel und der Nachhaltigkeitswende sowie der Erholung von der Coronavirus-Krise.<\/p>\n\n\n\n<p>Weitere Informationen finden Sie auf der Website von Horizont Europa.<\/p>\n\n\n\n<div class=\"wp-block-buttons ace-buttons is-layout-flex wp-block-buttons-is-layout-flex\">\n<div class=\"wp-block-button\"><a class=\"wp-block-button__link wp-element-button\">Erfahren Sie mehr<\/a><\/div>\n<\/div>\n<\/div>\n\n\n\n<div class=\"wp-block-column is-layout-flow wp-block-column-is-layout-flow\">\n<figure class=\"wp-block-image size-large is-resized\"><img decoding=\"async\" width=\"1024\" height=\"110\" src=\"https:\/\/ace-cae.eu\/wp-content\/uploads\/2024\/12\/LIFE-Climate-Change-Mitigation-Adaptation-1024x110.png\" alt=\"\" class=\"wp-image-1156\" style=\"width:416px;height:auto\" srcset=\"https:\/\/ace-cae.eu\/wp-content\/uploads\/2024\/12\/LIFE-Climate-Change-Mitigation-Adaptation-1024x110.png 1024w, https:\/\/ace-cae.eu\/wp-content\/uploads\/2024\/12\/LIFE-Climate-Change-Mitigation-Adaptation-300x32.png 300w, https:\/\/ace-cae.eu\/wp-content\/uploads\/2024\/12\/LIFE-Climate-Change-Mitigation-Adaptation-768x82.png 768w, https:\/\/ace-cae.eu\/wp-content\/uploads\/2024\/12\/LIFE-Climate-Change-Mitigation-Adaptation-18x2.png 18w, https:\/\/ace-cae.eu\/wp-content\/uploads\/2024\/12\/LIFE-Climate-Change-Mitigation-Adaptation-233x25.png 233w, https:\/\/ace-cae.eu\/wp-content\/uploads\/2024\/12\/LIFE-Climate-Change-Mitigation-Adaptation-466x50.png 466w, https:\/\/ace-cae.eu\/wp-content\/uploads\/2024\/12\/LIFE-Climate-Change-Mitigation-Adaptation-205x22.png 205w, https:\/\/ace-cae.eu\/wp-content\/uploads\/2024\/12\/LIFE-Climate-Change-Mitigation-Adaptation-410x44.png 410w, https:\/\/ace-cae.eu\/wp-content\/uploads\/2024\/12\/LIFE-Climate-Change-Mitigation-Adaptation.png 1120w\" sizes=\"(max-width: 1024px) 100vw, 1024px\" \/><\/figure>\n\n\n\n<p>Das LIFE-Programm ist das Finanzierungsinstrument der EU zur Unterst\u00fctzung von Umwelt-, Naturschutz- und Klimaschutzprojekten in der gesamten EU. Seit 1992 hat LIFE mehr als 4500 Projekte kofinanziert.<\/p>\n\n\n\n<div class=\"wp-block-buttons ace-buttons is-layout-flex wp-block-buttons-is-layout-flex\">\n<div class=\"wp-block-button\"><a class=\"wp-block-button__link wp-element-button\">Erfahren Sie mehr<\/a><\/div>\n<\/div>\n\n\n\n<figure class=\"wp-block-image size-full is-resized\"><img decoding=\"async\" width=\"590\" height=\"188\" src=\"https:\/\/ace-cae.eu\/wp-content\/uploads\/2024\/12\/creative-europe.png\" alt=\"\" class=\"wp-image-1155\" style=\"width:295px\" srcset=\"https:\/\/ace-cae.eu\/wp-content\/uploads\/2024\/12\/creative-europe.png 590w, https:\/\/ace-cae.eu\/wp-content\/uploads\/2024\/12\/creative-europe-300x96.png 300w, https:\/\/ace-cae.eu\/wp-content\/uploads\/2024\/12\/creative-europe-18x6.png 18w, https:\/\/ace-cae.eu\/wp-content\/uploads\/2024\/12\/creative-europe-233x74.png 233w, https:\/\/ace-cae.eu\/wp-content\/uploads\/2024\/12\/creative-europe-466x148.png 466w, https:\/\/ace-cae.eu\/wp-content\/uploads\/2024\/12\/creative-europe-205x65.png 205w, https:\/\/ace-cae.eu\/wp-content\/uploads\/2024\/12\/creative-europe-410x131.png 410w\" sizes=\"(max-width: 590px) 100vw, 590px\" \/><\/figure>\n\n\n\n<p>Kreatives Europa ist das Leitprogramm der Europ\u00e4ischen Kommission zur Unterst\u00fctzung des Kultur- und audiovisuellen Sektors.<br>Das Programm Kreatives Europa 2021-2027 verf\u00fcgt \u00fcber ein Budget von 2,44 Mrd. EUR gegen\u00fcber 1,47 Mrd. EUR des vorherigen Programms (2014-2020). Kreatives Europa investiert in Ma\u00dfnahmen, die die kulturelle Vielfalt st\u00e4rken und auf die Bed\u00fcrfnisse und Herausforderungen der Kultur- und Kreativbranche eingehen.<br>Die Hauptziele des Programms sind:<br>\u2022 Schutz, Entwicklung und F\u00f6rderung der kulturellen und sprachlichen Vielfalt und des kulturellen Erbes Europas<br>\u2022 Steigerung der Wettbewerbsf\u00e4higkeit und des wirtschaftlichen Potenzials der Kultur- und Kreativbranche, insbesondere des audiovisuellen Sektors<br>Die Neuheiten des Programms werden zur Erholung dieser Sektoren beitragen und ihre Bem\u00fchungen verst\u00e4rken, inklusiver, digitaler und \u00f6kologisch nachhaltiger zu werden.<\/p>\n\n\n\n<div class=\"wp-block-buttons ace-buttons is-layout-flex wp-block-buttons-is-layout-flex\">\n<div class=\"wp-block-button\"><a class=\"wp-block-button__link wp-element-button\">Erfahren Sie mehr<\/a><\/div>\n<\/div>\n<\/div>\n<\/div>\n<\/div>","protected":false},"excerpt":{"rendered":"","protected":false},"author":4,"featured_media":1370,"parent":0,"menu_order":0,"comment_status":"closed","ping_status":"closed","template":"","meta":{"inline_featured_image":false,"footnotes":""},"thematic-scope":[],"class_list":["post-1150","page","type-page","status-publish","has-post-thumbnail","hentry"],"yoast_head":"<!-- This site is optimized with the Yoast SEO Premium plugin v25.3 (Yoast SEO v27.4) - https:\/\/yoast.com\/product\/yoast-seo-premium-wordpress\/ -->\n<title>Education, CPD, traineeship - Architects&#039; Council of Europe<\/title>\n<meta name=\"robots\" content=\"index, follow, max-snippet:-1, max-image-preview:large, max-video-preview:-1\" \/>\n<link rel=\"canonical\" href=\"https:\/\/ace-cae.eu\/de\/education-cpd-traineeship\/\" \/>\n<meta property=\"og:locale\" content=\"de_DE\" \/>\n<meta property=\"og:type\" content=\"article\" \/>\n<meta property=\"og:title\" content=\"Education, CPD, traineeship\" \/>\n<meta property=\"og:url\" content=\"https:\/\/ace-cae.eu\/de\/education-cpd-traineeship\/\" \/>\n<meta property=\"og:site_name\" content=\"Architects&#039; Council of Europe\" \/>\n<meta property=\"article:publisher\" content=\"https:\/\/www.facebook.com\/ArchitectsEU\" \/>\n<meta property=\"article:modified_time\" content=\"2025-02-28T15:21:05+00:00\" \/>\n<meta property=\"og:image\" content=\"https:\/\/ace-cae.eu\/wp-content\/uploads\/2024\/12\/CPT-Peru-Eleazar-Cuadros-scaled.jpg\" \/>\n\t<meta property=\"og:image:width\" content=\"2560\" \/>\n\t<meta property=\"og:image:height\" content=\"1440\" \/>\n\t<meta property=\"og:image:type\" content=\"image\/jpeg\" \/>\n<meta name=\"twitter:card\" content=\"summary_large_image\" \/>\n<meta name=\"twitter:site\" content=\"@Ace_Cae\" \/>\n<meta name=\"twitter:label1\" content=\"Gesch\u00e4tzte Lesezeit\" \/>\n\t<meta name=\"twitter:data1\" content=\"5\u00a0Minuten\" \/>\n<script type=\"application\/ld+json\" class=\"yoast-schema-graph\">{\"@context\":\"https:\\\/\\\/schema.org\",\"@graph\":[{\"@type\":\"WebPage\",\"@id\":\"https:\\\/\\\/ace-cae.eu\\\/education-cpd-traineeship\\\/\",\"url\":\"https:\\\/\\\/ace-cae.eu\\\/education-cpd-traineeship\\\/\",\"name\":\"Education, CPD, traineeship - Architects&#039; Council of Europe\",\"isPartOf\":{\"@id\":\"https:\\\/\\\/ace-cae.eu\\\/#website\"},\"primaryImageOfPage\":{\"@id\":\"https:\\\/\\\/ace-cae.eu\\\/education-cpd-traineeship\\\/#primaryimage\"},\"image\":{\"@id\":\"https:\\\/\\\/ace-cae.eu\\\/education-cpd-traineeship\\\/#primaryimage\"},\"thumbnailUrl\":\"https:\\\/\\\/ace-cae.eu\\\/wp-content\\\/uploads\\\/2024\\\/12\\\/CPT-Peru-Eleazar-Cuadros-scaled.jpg\",\"datePublished\":\"2024-12-05T14:06:46+00:00\",\"dateModified\":\"2025-02-28T15:21:05+00:00\",\"breadcrumb\":{\"@id\":\"https:\\\/\\\/ace-cae.eu\\\/education-cpd-traineeship\\\/#breadcrumb\"},\"inLanguage\":\"de\",\"potentialAction\":[{\"@type\":\"ReadAction\",\"target\":[\"https:\\\/\\\/ace-cae.eu\\\/education-cpd-traineeship\\\/\"]}]},{\"@type\":\"ImageObject\",\"inLanguage\":\"de\",\"@id\":\"https:\\\/\\\/ace-cae.eu\\\/education-cpd-traineeship\\\/#primaryimage\",\"url\":\"https:\\\/\\\/ace-cae.eu\\\/wp-content\\\/uploads\\\/2024\\\/12\\\/CPT-Peru-Eleazar-Cuadros-scaled.jpg\",\"contentUrl\":\"https:\\\/\\\/ace-cae.eu\\\/wp-content\\\/uploads\\\/2024\\\/12\\\/CPT-Peru-Eleazar-Cuadros-scaled.jpg\",\"width\":2560,\"height\":1440},{\"@type\":\"BreadcrumbList\",\"@id\":\"https:\\\/\\\/ace-cae.eu\\\/education-cpd-traineeship\\\/#breadcrumb\",\"itemListElement\":[{\"@type\":\"ListItem\",\"position\":1,\"name\":\"Home\",\"item\":\"https:\\\/\\\/ace-cae.eu\\\/\"},{\"@type\":\"ListItem\",\"position\":2,\"name\":\"Education, CPD, traineeship\"}]},{\"@type\":\"WebSite\",\"@id\":\"https:\\\/\\\/ace-cae.eu\\\/#website\",\"url\":\"https:\\\/\\\/ace-cae.eu\\\/\",\"name\":\"Architects' Council of Europe\",\"description\":\"High-quality architecture and living environments for all.\",\"publisher\":{\"@id\":\"https:\\\/\\\/ace-cae.eu\\\/#organization\"},\"alternateName\":\"ACE-CAE\",\"potentialAction\":[{\"@type\":\"SearchAction\",\"target\":{\"@type\":\"EntryPoint\",\"urlTemplate\":\"https:\\\/\\\/ace-cae.eu\\\/?s={search_term_string}\"},\"query-input\":{\"@type\":\"PropertyValueSpecification\",\"valueRequired\":true,\"valueName\":\"search_term_string\"}}],\"inLanguage\":\"de\"},{\"@type\":\"Organization\",\"@id\":\"https:\\\/\\\/ace-cae.eu\\\/#organization\",\"name\":\"Architects' Council of Europe\",\"alternateName\":\"ACE-CAE\",\"url\":\"https:\\\/\\\/ace-cae.eu\\\/\",\"logo\":{\"@type\":\"ImageObject\",\"inLanguage\":\"de\",\"@id\":\"https:\\\/\\\/ace-cae.eu\\\/#\\\/schema\\\/logo\\\/image\\\/\",\"url\":\"https:\\\/\\\/ace-cae.eu\\\/wp-content\\\/uploads\\\/2024\\\/12\\\/logo.svg\",\"contentUrl\":\"https:\\\/\\\/ace-cae.eu\\\/wp-content\\\/uploads\\\/2024\\\/12\\\/logo.svg\",\"width\":136,\"height\":42,\"caption\":\"Architects' Council of Europe\"},\"image\":{\"@id\":\"https:\\\/\\\/ace-cae.eu\\\/#\\\/schema\\\/logo\\\/image\\\/\"},\"sameAs\":[\"https:\\\/\\\/www.facebook.com\\\/ArchitectsEU\",\"https:\\\/\\\/x.com\\\/Ace_Cae\",\"https:\\\/\\\/www.linkedin.com\\\/company\\\/architects-council-of-europe-ace-\",\"https:\\\/\\\/www.instagram.com\\\/ace.archi.eu\\\/\",\"https:\\\/\\\/www.youtube.com\\\/@architectscouncilofeurope-8375\"],\"description\":\"The Architects\u2019 Council of Europe (ACE) is the representative organisation for the architecture at European level. Its growing membership currently consists of 52 Member Organisations, which are the regulatory and professional representative bodies in all EU Member States, Accession Countries, the UK, Switzerland and Norway, and 6 Observers Members \u2013 Serbia, Kosovo, Ukraine, Montenegro, Macedonia and Moldova. Through them, for 30 years, the ACE represents the interests of over half a million architects from 36 countries in Europe.\",\"email\":\"info@ace-cae.eu\",\"telephone\":\"+32 2 543 11 40\",\"legalName\":\"Conseil des Architectes d\u2019Europe AISBL\",\"foundingDate\":\"1900-05-11\",\"vatID\":\"BE 0464 884 970\",\"ownershipFundingInfo\":\"https:\\\/\\\/ace-cae.eu\\\/imprint\\\/\"}]}<\/script>\n<!-- \/ Yoast SEO Premium plugin. -->","yoast_head_json":{"title":"Education, CPD, traineeship - Architects&#039; Council of Europe","robots":{"index":"index","follow":"follow","max-snippet":"max-snippet:-1","max-image-preview":"max-image-preview:large","max-video-preview":"max-video-preview:-1"},"canonical":"https:\/\/ace-cae.eu\/de\/education-cpd-traineeship\/","og_locale":"de_DE","og_type":"article","og_title":"Education, CPD, traineeship","og_url":"https:\/\/ace-cae.eu\/de\/education-cpd-traineeship\/","og_site_name":"Architects&#039; Council of Europe","article_publisher":"https:\/\/www.facebook.com\/ArchitectsEU","article_modified_time":"2025-02-28T15:21:05+00:00","og_image":[{"width":2560,"height":1440,"url":"https:\/\/ace-cae.eu\/wp-content\/uploads\/2024\/12\/CPT-Peru-Eleazar-Cuadros-scaled.jpg","type":"image\/jpeg"}],"twitter_card":"summary_large_image","twitter_site":"@Ace_Cae","twitter_misc":{"Gesch\u00e4tzte Lesezeit":"5\u00a0Minuten"},"schema":{"@context":"https:\/\/schema.org","@graph":[{"@type":"WebPage","@id":"https:\/\/ace-cae.eu\/education-cpd-traineeship\/","url":"https:\/\/ace-cae.eu\/education-cpd-traineeship\/","name":"Education, CPD, traineeship - Architects&#039; Council of Europe","isPartOf":{"@id":"https:\/\/ace-cae.eu\/#website"},"primaryImageOfPage":{"@id":"https:\/\/ace-cae.eu\/education-cpd-traineeship\/#primaryimage"},"image":{"@id":"https:\/\/ace-cae.eu\/education-cpd-traineeship\/#primaryimage"},"thumbnailUrl":"https:\/\/ace-cae.eu\/wp-content\/uploads\/2024\/12\/CPT-Peru-Eleazar-Cuadros-scaled.jpg","datePublished":"2024-12-05T14:06:46+00:00","dateModified":"2025-02-28T15:21:05+00:00","breadcrumb":{"@id":"https:\/\/ace-cae.eu\/education-cpd-traineeship\/#breadcrumb"},"inLanguage":"de","potentialAction":[{"@type":"ReadAction","target":["https:\/\/ace-cae.eu\/education-cpd-traineeship\/"]}]},{"@type":"ImageObject","inLanguage":"de","@id":"https:\/\/ace-cae.eu\/education-cpd-traineeship\/#primaryimage","url":"https:\/\/ace-cae.eu\/wp-content\/uploads\/2024\/12\/CPT-Peru-Eleazar-Cuadros-scaled.jpg","contentUrl":"https:\/\/ace-cae.eu\/wp-content\/uploads\/2024\/12\/CPT-Peru-Eleazar-Cuadros-scaled.jpg","width":2560,"height":1440},{"@type":"BreadcrumbList","@id":"https:\/\/ace-cae.eu\/education-cpd-traineeship\/#breadcrumb","itemListElement":[{"@type":"ListItem","position":1,"name":"Home","item":"https:\/\/ace-cae.eu\/"},{"@type":"ListItem","position":2,"name":"Education, CPD, traineeship"}]},{"@type":"WebSite","@id":"https:\/\/ace-cae.eu\/#website","url":"https:\/\/ace-cae.eu\/","name":"Architects' Council of Europe","description":"High-quality architecture and living environments for all.","publisher":{"@id":"https:\/\/ace-cae.eu\/#organization"},"alternateName":"ACE-CAE","potentialAction":[{"@type":"SearchAction","target":{"@type":"EntryPoint","urlTemplate":"https:\/\/ace-cae.eu\/?s={search_term_string}"},"query-input":{"@type":"PropertyValueSpecification","valueRequired":true,"valueName":"search_term_string"}}],"inLanguage":"de"},{"@type":"Organization","@id":"https:\/\/ace-cae.eu\/#organization","name":"Architects' Council of Europe","alternateName":"ACE-CAE","url":"https:\/\/ace-cae.eu\/","logo":{"@type":"ImageObject","inLanguage":"de","@id":"https:\/\/ace-cae.eu\/#\/schema\/logo\/image\/","url":"https:\/\/ace-cae.eu\/wp-content\/uploads\/2024\/12\/logo.svg","contentUrl":"https:\/\/ace-cae.eu\/wp-content\/uploads\/2024\/12\/logo.svg","width":136,"height":42,"caption":"Architects' Council of Europe"},"image":{"@id":"https:\/\/ace-cae.eu\/#\/schema\/logo\/image\/"},"sameAs":["https:\/\/www.facebook.com\/ArchitectsEU","https:\/\/x.com\/Ace_Cae","https:\/\/www.linkedin.com\/company\/architects-council-of-europe-ace-","https:\/\/www.instagram.com\/ace.archi.eu\/","https:\/\/www.youtube.com\/@architectscouncilofeurope-8375"],"description":"The Architects\u2019 Council of Europe (ACE) is the representative organisation for the architecture at European level. Its growing membership currently consists of 52 Member Organisations, which are the regulatory and professional representative bodies in all EU Member States, Accession Countries, the UK, Switzerland and Norway, and 6 Observers Members \u2013 Serbia, Kosovo, Ukraine, Montenegro, Macedonia and Moldova. Through them, for 30 years, the ACE represents the interests of over half a million architects from 36 countries in Europe.","email":"info@ace-cae.eu","telephone":"+32 2 543 11 40","legalName":"Conseil des Architectes d\u2019Europe AISBL","foundingDate":"1900-05-11","vatID":"BE 0464 884 970","ownershipFundingInfo":"https:\/\/ace-cae.eu\/imprint\/"}]}},"_links":{"self":[{"href":"https:\/\/ace-cae.eu\/de\/wp-json\/wp\/v2\/pages\/1150","targetHints":{"allow":["GET"]}}],"collection":[{"href":"https:\/\/ace-cae.eu\/de\/wp-json\/wp\/v2\/pages"}],"about":[{"href":"https:\/\/ace-cae.eu\/de\/wp-json\/wp\/v2\/types\/page"}],"author":[{"embeddable":true,"href":"https:\/\/ace-cae.eu\/de\/wp-json\/wp\/v2\/users\/4"}],"replies":[{"embeddable":true,"href":"https:\/\/ace-cae.eu\/de\/wp-json\/wp\/v2\/comments?post=1150"}],"version-history":[{"count":0,"href":"https:\/\/ace-cae.eu\/de\/wp-json\/wp\/v2\/pages\/1150\/revisions"}],"wp:featuredmedia":[{"embeddable":true,"href":"https:\/\/ace-cae.eu\/de\/wp-json\/wp\/v2\/media\/1370"}],"wp:attachment":[{"href":"https:\/\/ace-cae.eu\/de\/wp-json\/wp\/v2\/media?parent=1150"}],"wp:term":[{"taxonomy":"thematic-scope","embeddable":true,"href":"https:\/\/ace-cae.eu\/de\/wp-json\/wp\/v2\/thematic-scope?post=1150"}],"curies":[{"name":"wp","href":"https:\/\/api.w.org\/{rel}","templated":true}]}}