{"id":4091,"date":"2026-09-04T14:53:42","date_gmt":"2026-09-04T12:53:42","guid":{"rendered":"https:\/\/ace-cae.eu\/?post_type=ace-projects&#038;p=4091"},"modified":"2026-09-04T15:13:44","modified_gmt":"2026-09-04T13:13:44","slug":"regen4be","status":"publish","type":"ace-projects","link":"https:\/\/ace-cae.eu\/da\/projects\/regen4be\/","title":{"rendered":"REGEN4BE"},"content":{"rendered":"\n<p class=\"wp-block-paragraph\">_&nbsp;<strong>Duration&nbsp;<\/strong>2026 &#8211; 2030<\/p>\n\n\n\n<p class=\"wp-block-paragraph\">_&nbsp;<strong>Programme<\/strong> Horizon Europe<\/p>\n\n\n\n<p class=\"wp-block-paragraph\">_&nbsp;<strong>Call<\/strong>&nbsp;HORIZON-NEB-2025-01-REGEN-01<\/p>\n\n\n\n<p class=\"wp-block-paragraph\">_&nbsp;<strong>Total Project Budget&nbsp;<\/strong>\u20ac 7.715.328,63<\/p>\n\n\n\n<p class=\"wp-block-paragraph\">_&nbsp;<strong>Grant Agreement model<\/strong>&nbsp;Budget-Based<\/p>\n\n\n\n<h3 id=\"h-short-description\" class=\"wp-block-heading\">Short description<\/h3>\n\n\n\n<p class=\"wp-block-paragraph\"><\/p>\n\n\n\n<p class=\"wp-block-paragraph\">The REGENerative Design for the Built Environment aims to make regenerative design a practical, measurable, and scalable approach for construction and renovation across European neighbourhoods. Through five demonstration sites in Paris (FR), Sant Cugat del Vall\u00e8s (ES), Fribourg (CH), Prague (CZ), and Uhre (DK), plus three replication sites, the project will test AI-enabled digital tools, bio-based and recycled materials, and co-design approaches involving over 1,000 citizens and 500 professionals.<\/p>\n\n\n\n<h3 id=\"h-the-architects-council-of-europe-s-involvement\" class=\"wp-block-heading\">The Architects\u00b4 Council of Europe\u2019s involvement<\/h3>\n\n\n\n<p class=\"wp-block-paragraph\"><\/p>\n\n\n\n<p class=\"wp-block-paragraph\">The Architects&#8217; Council of Europe will participate mainly in the Policy guidance and mainstreaming of regenerative design practices Work Package led by E2ARC. The work will focus on the co-design of three Policy Packages on regenerative design: Procurement and finance, Regulatory and Standards, and Governance and Participation, and the development and delivery of capacity-building programmes on regenerative design principles, policy implementation, and collaborative governance. ACE will also contribute to the Dissemination and Communication Work Package.<\/p>\n\n\n\n<h3 id=\"h-expected-project-results\" class=\"wp-block-heading\">Expected project results<\/h3>\n\n\n\n<p class=\"wp-block-paragraph\"><\/p>\n\n\n\n<p class=\"wp-block-paragraph\">Key outputs include a Regenerative Evaluation Framework, the REDIP (the project\u00b4s digital platform), and three material innovations supporting nature-based solutions, heritage-compatible green roofs, and carbon capture. Other outputs include policy guidance, training programs, and open tools to accelerate regenerative transformation, creating more inclusive, climate-resilient, and inspiring neighbourhoods across Europe.<\/p>\n\n\n\n<h3 id=\"h-coordinator\" class=\"wp-block-heading\"><strong>Coordinator<\/strong><\/h3>\n\n\n\n<p class=\"wp-block-paragraph\"><\/p>\n\n\n\n<p class=\"wp-block-paragraph\">_&nbsp;<a href=\"https:\/\/www.cmcc.it\/it\">Fondazione Centro Euro-Mediterraneo sui Cambia<\/a> &#8211; Italy <\/p>\n\n\n\n<h3 id=\"h-project-partners\" class=\"wp-block-heading\"><strong>Project Partners<\/strong><\/h3>\n\n\n\n<p class=\"wp-block-paragraph\"><\/p>\n\n\n\n<p class=\"wp-block-paragraph\">_&nbsp;<a href=\"https:\/\/www.epfl.ch\/en\/\">\u00c9cole Polytechnique F\u00e9d\u00e9rale de Lausanne<\/a> &#8211; Switzerland<\/p>\n\n\n\n<p class=\"wp-block-paragraph\">_ <a href=\"https:\/\/www.cvut.cz\/\">Ceske Vysoke Uceni Technicke V Praze<\/a> &#8211; Czech Republic<\/p>\n\n\n\n<p class=\"wp-block-paragraph\">_ <a href=\"https:\/\/henninglarsen.com\/\">Henning Larsen Architects<\/a> &#8211; Denmark<\/p>\n\n\n\n<p class=\"wp-block-paragraph\">_ <a href=\"https:\/\/www.fcirce.es\/\">Fundaci\u00f3n Circe Centro de Investigaci\u00f3n de Recursos y Consumos Energ\u00e9ticos<\/a> &#8211; Spain<\/p>\n\n\n\n<p class=\"wp-block-paragraph\">_ <a href=\"https:\/\/www.polito.it\/\">Politecnico di Torino<\/a> &#8211; Italy<\/p>\n\n\n\n<p class=\"wp-block-paragraph\">_ <a href=\"https:\/\/plusvalue.org\/our-work\/\">Plusvalue<\/a> &#8211; United Kingdom<\/p>\n\n\n\n<p class=\"wp-block-paragraph\">_ <a href=\"https:\/\/www.us.es\/\">Universidad de Sevilla<\/a> &#8211; Spain<\/p>\n\n\n\n<p class=\"wp-block-paragraph\">_ <a href=\"https:\/\/www.upc.edu\/es\">Universitat Polit\u00e8cnica de Catalunya<\/a> &#8211; Spain<\/p>\n\n\n\n<p class=\"wp-block-paragraph\">_ <a href=\"https:\/\/www.roofscapes.studio\/\">Roofscapes Studio<\/a> &#8211; France<\/p>\n\n\n\n<p class=\"wp-block-paragraph\">_ <a href=\"https:\/\/www.e2arc.com\/\">E2ARC Architecture Research For Cities<\/a> &#8211; Belgium<\/p>\n\n\n\n<p class=\"wp-block-paragraph\">_ <a href=\"https:\/\/www.klimabuendnis.org\/\">Klima-B\u00fcndnis der europ\u00e4ischen St\u00e4dte mit Indige<\/a> &#8211; Germany<\/p>\n\n\n\n<p class=\"wp-block-paragraph\">_ <a href=\"https:\/\/abud.hu\/\">Abud Mernokiroda Kft<\/a> &#8211; Hungary<\/p>\n\n\n\n<p class=\"wp-block-paragraph\">_ <a href=\"https:\/\/taltech.ee\/\">Tallinna Tehnika\u00fclikool<\/a> &#8211; Estonia<\/p>\n\n\n\n<p class=\"wp-block-paragraph\">_ <a href=\"https:\/\/www.tuni.fi\/fi\">Tampereen Korkeakoulusaatio SR<\/a> &#8211; Finland<\/p>\n\n\n\n<p class=\"wp-block-paragraph\">_ <a href=\"https:\/\/ace-cae.eu\/\">Architects&#8217; Council of Europe<\/a> &#8211; Belgium <\/p>\n\n\n\n<p class=\"wp-block-paragraph\">_ <a href=\"https:\/\/www.arcadis.com\/it-it\">Arcadis Italia SRL<\/a> &#8211; Italy<\/p>\n\n\n\n<p class=\"wp-block-paragraph\"><\/p>\n\n\n\n<h3 id=\"h-for-more-information\" class=\"wp-block-heading\"><strong>For more information<\/strong><\/h3>\n\n\n\n<p class=\"wp-block-paragraph\">Project website | LinkedIn page | YouTube channel<\/p>\n\n\n\n<p class=\"wp-block-paragraph\"><\/p>\n\n\n\n<div class=\"wp-block-media-text is-stacked-on-mobile\" style=\"grid-template-columns:15% auto\"><figure class=\"wp-block-media-text__media\"><img decoding=\"async\" src=\"https:\/\/ace-cae.eu\/wp-content\/uploads\/2026\/09\/eu_flag.jpg\" alt=\"\" class=\"wp-image-4093 size-full\"\/><\/figure><div class=\"wp-block-media-text__content\">\n<p class=\"wp-block-paragraph\">This project is funded by the Horizon Europe Programme of the European Union under Grant Agreement No. 101308959.<\/p>\n<\/div><\/div>\n\n\n\n<p class=\"wp-block-paragraph\"><\/p>\n\n\n\n<p class=\"wp-block-paragraph\"><\/p>\n","protected":false},"excerpt":{"rendered":"<p>The REGENerative Design for the Built Environment aims to make regenerative design a practical, measurable, and scalable approach for construction and renovation across European neighbourhoods.<\/p>\n","protected":false},"featured_media":0,"template":"","meta":{"inline_featured_image":false},"projects-topics":[],"thematic-scope":[71],"class_list":["post-4091","ace-projects","type-ace-projects","status-publish","hentry"],"yoast_head":"<!-- This site is optimized with the Yoast SEO Premium plugin v25.3 (Yoast SEO v28.4) - https:\/\/yoast.com\/product\/yoast-seo-premium-wordpress\/ -->\n<title>REGEN4BE - Architects&#039; Council of Europe<\/title>\n<meta name=\"robots\" content=\"index, follow, max-snippet:-1, max-image-preview:large, max-video-preview:-1\" \/>\n<link rel=\"canonical\" href=\"https:\/\/ace-cae.eu\/da\/projects\/regen4be\/\" \/>\n<meta property=\"og:locale\" content=\"da_DK\" \/>\n<meta property=\"og:type\" content=\"article\" \/>\n<meta property=\"og:title\" content=\"REGEN4BE\" \/>\n<meta property=\"og:description\" content=\"The REGENerative Design for the Built Environment aims to make regenerative design a practical, measurable, and scalable approach for construction and renovation across European neighbourhoods.\" \/>\n<meta property=\"og:url\" content=\"https:\/\/ace-cae.eu\/da\/projects\/regen4be\/\" \/>\n<meta property=\"og:site_name\" content=\"Architects&#039; Council of Europe\" \/>\n<meta property=\"article:publisher\" content=\"https:\/\/www.facebook.com\/ArchitectsEU\" \/>\n<meta property=\"article:modified_time\" content=\"2026-09-04T13:13:44+00:00\" \/>\n<meta property=\"og:image\" content=\"https:\/\/ace-cae.eu\/wp-content\/uploads\/2024\/12\/ace-cae-sm.jpg\" \/>\n\t<meta property=\"og:image:width\" content=\"2667\" \/>\n\t<meta property=\"og:image:height\" content=\"1500\" \/>\n\t<meta property=\"og:image:type\" content=\"image\/jpeg\" \/>\n<meta name=\"twitter:card\" content=\"summary_large_image\" \/>\n<meta name=\"twitter:site\" content=\"@Ace_Cae\" \/>\n<meta name=\"twitter:label1\" content=\"Estimeret l\u00e6setid\" \/>\n\t<meta name=\"twitter:data1\" content=\"2 minutter\" \/>\n<script type=\"application\/ld+json\" class=\"yoast-schema-graph\">{\"@context\":\"https:\\\/\\\/schema.org\",\"@graph\":[{\"@type\":\"WebPage\",\"@id\":\"https:\\\/\\\/ace-cae.eu\\\/projects\\\/regen4be\\\/\",\"url\":\"https:\\\/\\\/ace-cae.eu\\\/projects\\\/regen4be\\\/\",\"name\":\"REGEN4BE - Architects&#039; Council of Europe\",\"isPartOf\":{\"@id\":\"https:\\\/\\\/ace-cae.eu\\\/#website\"},\"primaryImageOfPage\":{\"@id\":\"https:\\\/\\\/ace-cae.eu\\\/projects\\\/regen4be\\\/#primaryimage\"},\"image\":{\"@id\":\"https:\\\/\\\/ace-cae.eu\\\/projects\\\/regen4be\\\/#primaryimage\"},\"thumbnailUrl\":\"https:\\\/\\\/ace-cae.eu\\\/wp-content\\\/uploads\\\/2026\\\/09\\\/eu_flag.jpg\",\"datePublished\":\"2026-09-04T12:53:42+00:00\",\"dateModified\":\"2026-09-04T13:13:44+00:00\",\"breadcrumb\":{\"@id\":\"https:\\\/\\\/ace-cae.eu\\\/projects\\\/regen4be\\\/#breadcrumb\"},\"inLanguage\":\"da-DK\",\"potentialAction\":[{\"@type\":\"ReadAction\",\"target\":[\"https:\\\/\\\/ace-cae.eu\\\/projects\\\/regen4be\\\/\"]}]},{\"@type\":\"ImageObject\",\"inLanguage\":\"da-DK\",\"@id\":\"https:\\\/\\\/ace-cae.eu\\\/projects\\\/regen4be\\\/#primaryimage\",\"url\":\"https:\\\/\\\/ace-cae.eu\\\/wp-content\\\/uploads\\\/2026\\\/09\\\/eu_flag.jpg\",\"contentUrl\":\"https:\\\/\\\/ace-cae.eu\\\/wp-content\\\/uploads\\\/2026\\\/09\\\/eu_flag.jpg\"},{\"@type\":\"BreadcrumbList\",\"@id\":\"https:\\\/\\\/ace-cae.eu\\\/projects\\\/regen4be\\\/#breadcrumb\",\"itemListElement\":[{\"@type\":\"ListItem\",\"position\":1,\"name\":\"Home\",\"item\":\"https:\\\/\\\/ace-cae.eu\\\/\"},{\"@type\":\"ListItem\",\"position\":2,\"name\":\"Projects\",\"item\":\"https:\\\/\\\/ace-cae.eu\\\/projects\\\/\"},{\"@type\":\"ListItem\",\"position\":3,\"name\":\"REGEN4BE\"}]},{\"@type\":\"WebSite\",\"@id\":\"https:\\\/\\\/ace-cae.eu\\\/#website\",\"url\":\"https:\\\/\\\/ace-cae.eu\\\/\",\"name\":\"Architects' Council of Europe\",\"description\":\"High-quality architecture and living environments for all.\",\"publisher\":{\"@id\":\"https:\\\/\\\/ace-cae.eu\\\/#organization\"},\"alternateName\":\"ACE-CAE\",\"potentialAction\":[{\"@type\":\"SearchAction\",\"target\":{\"@type\":\"EntryPoint\",\"urlTemplate\":\"https:\\\/\\\/ace-cae.eu\\\/?s={search_term_string}\"},\"query-input\":{\"@type\":\"PropertyValueSpecification\",\"valueRequired\":true,\"valueName\":\"search_term_string\"}}],\"inLanguage\":\"da-DK\"},{\"@type\":\"Organization\",\"@id\":\"https:\\\/\\\/ace-cae.eu\\\/#organization\",\"name\":\"Architects' Council of Europe\",\"alternateName\":\"ACE-CAE\",\"url\":\"https:\\\/\\\/ace-cae.eu\\\/\",\"logo\":{\"@type\":\"ImageObject\",\"inLanguage\":\"da-DK\",\"@id\":\"https:\\\/\\\/ace-cae.eu\\\/#\\\/schema\\\/logo\\\/image\\\/\",\"url\":\"https:\\\/\\\/ace-cae.eu\\\/wp-content\\\/uploads\\\/2024\\\/12\\\/logo.svg\",\"contentUrl\":\"https:\\\/\\\/ace-cae.eu\\\/wp-content\\\/uploads\\\/2024\\\/12\\\/logo.svg\",\"width\":136,\"height\":42,\"caption\":\"Architects' Council of Europe\"},\"image\":{\"@id\":\"https:\\\/\\\/ace-cae.eu\\\/#\\\/schema\\\/logo\\\/image\\\/\"},\"sameAs\":[\"https:\\\/\\\/www.facebook.com\\\/ArchitectsEU\",\"https:\\\/\\\/x.com\\\/Ace_Cae\",\"https:\\\/\\\/www.linkedin.com\\\/company\\\/architects-council-of-europe-ace-\",\"https:\\\/\\\/www.instagram.com\\\/ace.archi.eu\\\/\",\"https:\\\/\\\/www.youtube.com\\\/@architectscouncilofeurope-8375\"],\"description\":\"The Architects\u2019 Council of Europe (ACE) is the representative organisation for the architecture at European level. Its growing membership currently consists of 52 Member Organisations, which are the regulatory and professional representative bodies in all EU Member States, Accession Countries, the UK, Switzerland and Norway, and 6 Observers Members \u2013 Serbia, Kosovo, Ukraine, Montenegro, Macedonia and Moldova. Through them, for 30 years, the ACE represents the interests of over half a million architects from 36 countries in Europe.\",\"email\":\"info@ace-cae.eu\",\"telephone\":\"+32 2 543 11 40\",\"legalName\":\"Conseil des Architectes d\u2019Europe AISBL\",\"foundingDate\":\"1900-05-11\",\"vatID\":\"BE 0464 884 970\",\"ownershipFundingInfo\":\"https:\\\/\\\/ace-cae.eu\\\/imprint\\\/\"}]}<\/script>\n<!-- \/ Yoast SEO Premium plugin. -->","yoast_head_json":{"title":"REGEN4BE - Architects&#039; Council of Europe","robots":{"index":"index","follow":"follow","max-snippet":"max-snippet:-1","max-image-preview":"max-image-preview:large","max-video-preview":"max-video-preview:-1"},"canonical":"https:\/\/ace-cae.eu\/da\/projects\/regen4be\/","og_locale":"da_DK","og_type":"article","og_title":"REGEN4BE","og_description":"The REGENerative Design for the Built Environment aims to make regenerative design a practical, measurable, and scalable approach for construction and renovation across European neighbourhoods.","og_url":"https:\/\/ace-cae.eu\/da\/projects\/regen4be\/","og_site_name":"Architects&#039; Council of Europe","article_publisher":"https:\/\/www.facebook.com\/ArchitectsEU","article_modified_time":"2026-09-04T13:13:44+00:00","og_image":[{"width":2667,"height":1500,"url":"https:\/\/ace-cae.eu\/wp-content\/uploads\/2024\/12\/ace-cae-sm.jpg","type":"image\/jpeg"}],"twitter_card":"summary_large_image","twitter_site":"@Ace_Cae","twitter_misc":{"Estimeret l\u00e6setid":"2 minutter"},"schema":{"@context":"https:\/\/schema.org","@graph":[{"@type":"WebPage","@id":"https:\/\/ace-cae.eu\/projects\/regen4be\/","url":"https:\/\/ace-cae.eu\/projects\/regen4be\/","name":"REGEN4BE - Architects&#039; Council of Europe","isPartOf":{"@id":"https:\/\/ace-cae.eu\/#website"},"primaryImageOfPage":{"@id":"https:\/\/ace-cae.eu\/projects\/regen4be\/#primaryimage"},"image":{"@id":"https:\/\/ace-cae.eu\/projects\/regen4be\/#primaryimage"},"thumbnailUrl":"https:\/\/ace-cae.eu\/wp-content\/uploads\/2026\/09\/eu_flag.jpg","datePublished":"2026-09-04T12:53:42+00:00","dateModified":"2026-09-04T13:13:44+00:00","breadcrumb":{"@id":"https:\/\/ace-cae.eu\/projects\/regen4be\/#breadcrumb"},"inLanguage":"da-DK","potentialAction":[{"@type":"ReadAction","target":["https:\/\/ace-cae.eu\/projects\/regen4be\/"]}]},{"@type":"ImageObject","inLanguage":"da-DK","@id":"https:\/\/ace-cae.eu\/projects\/regen4be\/#primaryimage","url":"https:\/\/ace-cae.eu\/wp-content\/uploads\/2026\/09\/eu_flag.jpg","contentUrl":"https:\/\/ace-cae.eu\/wp-content\/uploads\/2026\/09\/eu_flag.jpg"},{"@type":"BreadcrumbList","@id":"https:\/\/ace-cae.eu\/projects\/regen4be\/#breadcrumb","itemListElement":[{"@type":"ListItem","position":1,"name":"Home","item":"https:\/\/ace-cae.eu\/"},{"@type":"ListItem","position":2,"name":"Projects","item":"https:\/\/ace-cae.eu\/projects\/"},{"@type":"ListItem","position":3,"name":"REGEN4BE"}]},{"@type":"WebSite","@id":"https:\/\/ace-cae.eu\/#website","url":"https:\/\/ace-cae.eu\/","name":"Architects' Council of Europe","description":"High-quality architecture and living environments for all.","publisher":{"@id":"https:\/\/ace-cae.eu\/#organization"},"alternateName":"ACE-CAE","potentialAction":[{"@type":"SearchAction","target":{"@type":"EntryPoint","urlTemplate":"https:\/\/ace-cae.eu\/?s={search_term_string}"},"query-input":{"@type":"PropertyValueSpecification","valueRequired":true,"valueName":"search_term_string"}}],"inLanguage":"da-DK"},{"@type":"Organization","@id":"https:\/\/ace-cae.eu\/#organization","name":"Architects' Council of Europe","alternateName":"ACE-CAE","url":"https:\/\/ace-cae.eu\/","logo":{"@type":"ImageObject","inLanguage":"da-DK","@id":"https:\/\/ace-cae.eu\/#\/schema\/logo\/image\/","url":"https:\/\/ace-cae.eu\/wp-content\/uploads\/2024\/12\/logo.svg","contentUrl":"https:\/\/ace-cae.eu\/wp-content\/uploads\/2024\/12\/logo.svg","width":136,"height":42,"caption":"Architects' Council of Europe"},"image":{"@id":"https:\/\/ace-cae.eu\/#\/schema\/logo\/image\/"},"sameAs":["https:\/\/www.facebook.com\/ArchitectsEU","https:\/\/x.com\/Ace_Cae","https:\/\/www.linkedin.com\/company\/architects-council-of-europe-ace-","https:\/\/www.instagram.com\/ace.archi.eu\/","https:\/\/www.youtube.com\/@architectscouncilofeurope-8375"],"description":"The Architects\u2019 Council of Europe (ACE) is the representative organisation for the architecture at European level. Its growing membership currently consists of 52 Member Organisations, which are the regulatory and professional representative bodies in all EU Member States, Accession Countries, the UK, Switzerland and Norway, and 6 Observers Members \u2013 Serbia, Kosovo, Ukraine, Montenegro, Macedonia and Moldova. Through them, for 30 years, the ACE represents the interests of over half a million architects from 36 countries in Europe.","email":"info@ace-cae.eu","telephone":"+32 2 543 11 40","legalName":"Conseil des Architectes d\u2019Europe AISBL","foundingDate":"1900-05-11","vatID":"BE 0464 884 970","ownershipFundingInfo":"https:\/\/ace-cae.eu\/imprint\/"}]}},"_links":{"self":[{"href":"https:\/\/ace-cae.eu\/da\/wp-json\/wp\/v2\/ace-projects\/4091","targetHints":{"allow":["GET"]}}],"collection":[{"href":"https:\/\/ace-cae.eu\/da\/wp-json\/wp\/v2\/ace-projects"}],"about":[{"href":"https:\/\/ace-cae.eu\/da\/wp-json\/wp\/v2\/types\/ace-projects"}],"wp:attachment":[{"href":"https:\/\/ace-cae.eu\/da\/wp-json\/wp\/v2\/media?parent=4091"}],"wp:term":[{"taxonomy":"projects-topics","embeddable":true,"href":"https:\/\/ace-cae.eu\/da\/wp-json\/wp\/v2\/projects-topics?post=4091"},{"taxonomy":"thematic-scope","embeddable":true,"href":"https:\/\/ace-cae.eu\/da\/wp-json\/wp\/v2\/thematic-scope?post=4091"}],"curies":[{"name":"wp","href":"https:\/\/api.w.org\/{rel}","templated":true}]}}